{"id":245,"date":"2022-07-30T02:00:33","date_gmt":"2022-07-30T00:00:33","guid":{"rendered":"https:\/\/ffkaisersberg.at\/?page_id=245"},"modified":"2025-08-04T21:34:46","modified_gmt":"2025-08-04T19:34:46","slug":"chronik","status":"publish","type":"page","link":"https:\/\/ff-kaisersberg.at\/?page_id=245","title":{"rendered":"Chronik"},"content":{"rendered":"\n<p>1934 wurde die Freiw. Feuerwehr Kaisersberg gegr\u00fcndet. Bis dahin waren wir ein L\u00f6schzug mit der Freiw. Feuerwehr St. Stefan. Trotz schlechten wirtschaftlichen Verh\u00e4ltnissen und der hohen Arbeitslosigkeit haben sich B\u00fcrger von Kaisersberg entschlossen, diese Wehr zu gr\u00fcnden. Anl\u00e4sslich der am 16. Juni 1934 abends um 19.00 Uhr im Gasthaus Kolland in Kaisersberg stattgefundenen Dekorierung eines hier wohnhaften Mitgliedes der Freiw. Feuerwehr St. Stefan und zwar des Besitzers und Wagnermeisters Herrn Anton Melka, durch den orts\u00e4ltesten Besitzer und Zugf\u00fchrers der genannten Wehr, wurde nun endg\u00fcltig der Beschluss f\u00fcr die Losl\u00f6sung von der Freiwilligen Feuerwehr St. Stefan gefasst.<\/p>\n\n\n\n<figure class=\"wp-block-image size-full\"><img loading=\"lazy\" decoding=\"async\" width=\"355\" height=\"300\" src=\"https:\/\/ffkaisersberg.at\/wp-content\/uploads\/2022\/07\/ruesthaus1934.jpg\" alt=\"\" class=\"wp-image-246\" srcset=\"https:\/\/ff-kaisersberg.at\/wp-content\/uploads\/2022\/07\/ruesthaus1934.jpg 355w, https:\/\/ff-kaisersberg.at\/wp-content\/uploads\/2022\/07\/ruesthaus1934-300x254.jpg 300w\" sizes=\"auto, (max-width: 355px) 100vw, 355px\" \/><figcaption class=\"wp-element-caption\"> <\/figcaption><\/figure>\n\n\n\n<p><img decoding=\"async\" src=\"http:\/\/www.ff-kaisersberg.at\/images\/Chronik\/ruesthaus1934.jpg\" alt=\"\"><br><br>Zu dieser Beschlussfassung kommen folgende Herren in Betracht:<br>Martin Leitold, vulgo Jocklbauer, Besitzer in Kaisersberg<br>Anton Melka, Wagnermeister u. Besitzer in Kaisersberg<br>Lorenz Tschinkl, Werksangestellter i. R. in Kaisersberg<br>Josef Kolland, Besitzer und Gastwirt in Kaisersberg<br>Johann Pichler, Schmiedemeister u. Besitzer in Kaisersberg<br>Martin Maier, Besitzer in Kaisersberg<br>Johann Stoff, Werksangestellter in Kaisersberg<br>Felix Taberhofer, Werksangestellter in Kaisersberg<br>Karl Fuchsbichler, Besitzer und Gastwirt in Kaisersberg<br>Franz Aichberger, Besitzer in Kaisersberg<br>Ferdinand P\u00f6tzl, Gendarmerie-Rev.-Insp.i.R. in Kaisersberg<\/p>\n\n\n\n<p>Zum ersten Feuerwehrhauptmann wurde am 08.Dezember 1934 bei der Gr\u00fcndungsversammlung im Gasthaus Fuchsbichler, Herr Karl Fuchsbichler , Besitzer und Gastwirt in Kaisersberg, gew\u00e4hlt.<\/p>\n\n\n\n<figure class=\"wp-block-image size-full\"><img loading=\"lazy\" decoding=\"async\" width=\"200\" height=\"292\" src=\"https:\/\/ffkaisersberg.at\/wp-content\/uploads\/2022\/07\/Karl-Fuchsbichler.jpg\" alt=\"\" class=\"wp-image-247\"\/><\/figure>\n\n\n\n<p>Bei dieser Gr\u00fcndungsversammlung traten 32 M\u00e4nner von Kaisersberg und Pre\u00dfnitz der Feuerwehr bei. Es wurde beschlossen, dass nur Gemeinde-Insassen der linken Murseite in der hiesigen Wehr aufgenommen werden.<br><br>Die erste Wahl ergab folgendes Ergebnis:<br>Erster Hauptmann: Herr Karl Fuchsbichler, Besitzer und Gastwirt<br>Zweiter Hauptmann: Herr Martin Leitold vulgo Jocklbauer, Besitzer<br>Brandmeister: Herr Franz Tschinkl, Werksangestellter i. R.<br>dessen Stellvertr.: Herr Ferinand P\u00f6tzl, Gendarmerie-Rev.-Insp.i.R.<br>Zeugwart: Herr Johann Pichler, Schmiedemeister u. Besitzer<br>dessen Stellvertr.: Herr Josef Piller, Gastwirt<br>Oberl\u00f6schmeister: Herr Anton Melka, Wagnermeister und Besitzer<br>dessen Stellvertr.: Herr Josef Kolland, Besitzer und Gastwirt<br>Schriftf\u00fchrer u. Kassier: Herr Ing. Emil Emmerling, Werksangestellter<br>Schutzaufsicht: Herr Johann Stoff, Werksangestellter<br>dessen Stellvertr.: Herr Franz Aichberger, Besitzer<br>Es wurde noch beschlossen, einen Steigerturm zu bauen. Es folgten viele Streitereien wegen Bekleidung, Ausr\u00fcstungsgegenst\u00e4nden, Zust\u00e4ndigkeiten udgl. zwischen den beiden Wehren und auch der Gemeinde.<br><br><br><br>1. 9. 1935 Beginn des Baues eines Steigerturmes.<br>F\u00fcr diesen Bau haben wir Holzspenden, sowie von der Wechselseitigen Versicherung 50,- Schilling, der Ph\u00f6nix Versich. Gesellschaft 20,- Schilling und von der Baubezirksleitung Judenburg 20 Sack Zement erhalten.<br><br>13. 9. 1935 Es wurde die Vollendung des Steigerturmes dem Landes-Inspektorat mit der Bitte gemeldet, dass ehe m\u00f6glichst die beiden Hakenleitern und die versprochenen Bekleidungs- und Ausr\u00fcstungs Gegenst\u00e4nde anher vermittelt werden.<br>06. 10. 1935 Bei der Einweihung des Steigerturmes, durch Herrn Pfarrer Edelsbrunner aus St. Stefan, wurde ein Fest abgehalten bei dem trotzt schlechtem Wetter ein Reingewinn von 320,- Schilling erzielt wurde.<br><br><br>27. 12. 1936 Bei der ersten Jahreshauptversammlung im Gasthaus Kolland wurde auch eine Rettungs- bzw. Sanit\u00e4tsabteilung gegr\u00fcndet.<br>Es wurden ernannt: zum Leitmann, Kamerad Melka<br>zum Schriftf\u00fchrer, Kamerad Eisner<br>zum Kassier, Kamerad Spiegel<br>Herr Dr. Fred Orobko aus St. Michael wurde zum Wehrarzt ernannt.<br><br><br>29. 06. 1937 Es wurde ein gro\u00dfes Volksfest am Turnierplatz vor der Ruine Kaisersberg, gemeinsam mit dem Gesangsverein \u201eKohlr\u00f6serl\u201c aus St. Stefan durchgef\u00fchrt. Es wurde ca. 1500 Personen gesch\u00e4tzt. Es wurden 2200,- Schilling eingenommen, aber durch die Vorbereitung wie Wegherrichtung, Materialbringung usw. spricht man auch von 1800,- Schilling an Kosten.<br><br><br>21. 05. 1938, Den gr\u00f6\u00dften Einsatz vor dem Krieg, hatte die Wehr beim Hochwasser der Mur. Durch die gro\u00dfen Wassermassen st\u00fcrzte die neue Betonbr\u00fccke nach St. Stefan ein. In Kaisersberg war der Wasserstand so hoch, dass in den Gasth\u00e4usern Fuchsbichler und Walter (Zechner) das Wasser fast tischhoch war und beim Jocklbauer die K\u00fcchenfenster kaum zu sehen waren. In den Jahren danach zogen viele Kameraden in den Krieg und so wurden auch Frauen in den Feuerwehr &#8211; Dienst integriert.<br><br>24. 07. 1938 hier enden die Aufzeichnungen.<br><br>13. 03. 1949 Ab diesem Zeitpunkt gibt es wieder schriftliche Aufzeichnungen \u00fcber die T\u00e4tigkeiten in der Wehr.<\/p>\n\n\n\n<p>Bei der Jahreshauptversammlung legt Wehrhauptmann Taberhofer das Kommando zur\u00fcck, neuer Hauptmann wird Kamerad Josef Kolland und zum Stellvertreter Kamerad Pichler Johann.<\/p>\n\n\n\n<figure class=\"wp-block-image size-full\"><img loading=\"lazy\" decoding=\"async\" width=\"203\" height=\"250\" src=\"https:\/\/ffkaisersberg.at\/wp-content\/uploads\/2022\/07\/kolland.jpg\" alt=\"\" class=\"wp-image-248\"\/><\/figure>\n\n\n\n<p>Zu dieser Zeit hatte die Wehr nur einen TSA &#8211; Anh\u00e4nger mit einer Tragkraft Spritze TS 8 sowie dazugeh\u00f6rige Saug- und Druckschl\u00e4uche.<br>08. 10. 1949 wurde das erste Einsatzfahrzeug angeschafft. Das war ein Besatzungsfahrzeug der Engl\u00e4nder, ein Ford V8 amerikanische Ausf\u00fchrung und wurde von den Kameraden als Feuerwehrfahrzeug umgebaut.<br>Kaufpreis 2710.- Schilling und 1Ersatzreifen 350,- Schilling.<\/p>\n\n\n\n<figure class=\"wp-block-image size-full\"><img loading=\"lazy\" decoding=\"async\" width=\"500\" height=\"310\" src=\"https:\/\/ffkaisersberg.at\/wp-content\/uploads\/2022\/07\/erstesfahrzeug.jpg\" alt=\"\" class=\"wp-image-249\" srcset=\"https:\/\/ff-kaisersberg.at\/wp-content\/uploads\/2022\/07\/erstesfahrzeug.jpg 500w, https:\/\/ff-kaisersberg.at\/wp-content\/uploads\/2022\/07\/erstesfahrzeug-300x186.jpg 300w\" sizes=\"auto, (max-width: 500px) 100vw, 500px\" \/><\/figure>\n\n\n\n<p>10. 08. 1951 Hauptmann Kolland legt sein Amt zur\u00fcck und zum neuen Kommandanten wird am 09. 12. 1951 Pichler Johann und zum Stellvertreter Max Walter gew\u00e4hlt.<\/p>\n\n\n\n<figure class=\"wp-block-image size-full\"><img loading=\"lazy\" decoding=\"async\" width=\"138\" height=\"200\" src=\"https:\/\/ffkaisersberg.at\/wp-content\/uploads\/2022\/07\/pichler.jpg\" alt=\"\" class=\"wp-image-250\"\/><\/figure>\n\n\n\n<p>Juni 1954, es wird das alte R\u00fcsthaus abgetragen und mit dem Ausheben des Kellers f\u00fcr das neue R\u00fcsthaus begonnen. Es erfolgte dann der Bau unseres R\u00fcsthauses, mit einer Garage, einem kleinen Mannschaftsraum, sowie einer Wohnung im ersten Stock.<br>&nbsp;<br><br><br>11. 08. 1956, Hauptmann Johann Pichler stirbt mit 59 Jahren.<\/p>\n\n\n\n<p>11. 10. 1956, wurde der R\u00fcstwagen Ford V8 wegen totalen Motorschaden abgemeldet.<\/p>\n\n\n\n<p>15. 06. 1957, wird Max Walter bei der Jahreshauptversammlung zum neuen Hauptmann und Kressmaier Karl zum Stellvertreter gew\u00e4hlt.<\/p>\n\n\n\n<figure class=\"wp-block-image size-full\"><img loading=\"lazy\" decoding=\"async\" width=\"200\" height=\"285\" src=\"https:\/\/ffkaisersberg.at\/wp-content\/uploads\/2022\/07\/walter.jpg\" alt=\"\" class=\"wp-image-251\"\/><\/figure>\n\n\n\n<h3 class=\"wp-block-heading\">&nbsp;<\/h3>\n\n\n\n<p>7. 11. 1958, Schl\u00fcssel\u00fcbergabe des neuen R\u00fcsthauses, an den Kdt. Max Walter durch B\u00fcrgermeister Sannegger.<br><br>R\u00fcsthausneubau 1958<\/p>\n\n\n\n<figure class=\"wp-block-image size-full\"><img loading=\"lazy\" decoding=\"async\" width=\"350\" height=\"362\" src=\"https:\/\/ffkaisersberg.at\/wp-content\/uploads\/2022\/07\/ruesthaus1958-2.jpg\" alt=\"\" class=\"wp-image-256\" srcset=\"https:\/\/ff-kaisersberg.at\/wp-content\/uploads\/2022\/07\/ruesthaus1958-2.jpg 350w, https:\/\/ff-kaisersberg.at\/wp-content\/uploads\/2022\/07\/ruesthaus1958-2-290x300.jpg 290w\" sizes=\"auto, (max-width: 350px) 100vw, 350px\" \/><\/figure>\n\n\n\n<h3 class=\"wp-block-heading\">&nbsp;<\/h3>\n\n\n\n<p>1958 bekam die Feuerwehr das alte Feuerwehrauto von der Feuerwehr<br>St. Stefan, einen Mercedes SL 1500 mit Benzinmotor<br>Das Foto zeigt den Hauptmann Walter Max mit Mannschaft.<\/p>\n\n\n\n<figure class=\"wp-block-image size-full\"><img loading=\"lazy\" decoding=\"async\" width=\"500\" height=\"334\" src=\"https:\/\/ffkaisersberg.at\/wp-content\/uploads\/2022\/07\/automitmannschaft1958-1.jpg\" alt=\"\" class=\"wp-image-255\" srcset=\"https:\/\/ff-kaisersberg.at\/wp-content\/uploads\/2022\/07\/automitmannschaft1958-1.jpg 500w, https:\/\/ff-kaisersberg.at\/wp-content\/uploads\/2022\/07\/automitmannschaft1958-1-300x200.jpg 300w\" sizes=\"auto, (max-width: 500px) 100vw, 500px\" \/><\/figure>\n\n\n\n<h3 class=\"wp-block-heading\">&nbsp;<\/h3>\n\n\n\n<p>Feuerwehrjugend von 1961<\/p>\n\n\n\n<p>Oktober 1959 um 5.00 Uhr brannte der gesamte Stall der Fam. Florian Kressmaier (Weiglmoar) nieder.<br>20. 11. 1960 Hauptmann Walter Max \u00fcbersiedelt nach Graz und ersucht um Beurlaubung bis zu n\u00e4chsten Jahreshauptversammlung und \u00fcbergab die Vollmacht und Weiterf\u00fchrung der Wehr an seinen Stellvertreter Kressmaier Karl.<br><br>26. 02. 1961 wurde die erste \u00dcbung mit der neu gegr\u00fcndeten Feuerwehr- Jugend durchgef\u00fchrt.<br>Kniend: Schlager Hubert, Spanring Ludwig, Brandl August, Hochfellner Josef,<\/p>\n\n\n\n<p>Stehend: Kressmaier Manfred, Kaiser Siegmar, Emmersdorfer Gerhard<\/p>\n\n\n\n<figure class=\"wp-block-image size-full\"><img loading=\"lazy\" decoding=\"async\" width=\"450\" height=\"320\" src=\"https:\/\/ffkaisersberg.at\/wp-content\/uploads\/2022\/07\/erstejugend.jpg\" alt=\"\" class=\"wp-image-257\" srcset=\"https:\/\/ff-kaisersberg.at\/wp-content\/uploads\/2022\/07\/erstejugend.jpg 450w, https:\/\/ff-kaisersberg.at\/wp-content\/uploads\/2022\/07\/erstejugend-300x213.jpg 300w\" sizes=\"auto, (max-width: 450px) 100vw, 450px\" \/><\/figure>\n\n\n\n<h3 class=\"wp-block-heading\">&nbsp;<\/h3>\n\n\n\n<p>19. 03. 1961 Bei der Jahreshauptversammlung wurde Karl Kressmaier zum Hauptmann gew\u00e4hlt und Hammer Matth\u00e4us zu seinem Stellvertreter.<\/p>\n\n\n\n<figure class=\"wp-block-image size-full\"><img loading=\"lazy\" decoding=\"async\" width=\"200\" height=\"271\" src=\"https:\/\/ffkaisersberg.at\/wp-content\/uploads\/2022\/07\/kressmaier200.jpg\" alt=\"\" class=\"wp-image-258\"\/><\/figure>\n\n\n\n<p>24. 08. 1961 wurde ein \u201eFORD Transit\u201c mit Beihilfen vom Land angekauft. Dieser wurde von 7 Mann in Linz bei Firma Rosenbauer abgeholt und zugleich der alte Mercedes in Linz zur\u00fcckgegeben.<\/p>\n\n\n\n<p>03. 09. 1961 wurde der neue R\u00fcstwagen verbunden mit Fahrzeug und Br\u00fcckenweihe, der renovierten Holzbr\u00fccke, eingeweiht. Anschlie\u00dfend gro\u00dfes Waldfest im Murwald von St. Stefan.<\/p>\n\n\n\n<figure class=\"wp-block-image size-full\"><img loading=\"lazy\" decoding=\"async\" width=\"400\" height=\"244\" src=\"https:\/\/ffkaisersberg.at\/wp-content\/uploads\/2022\/07\/feuerwehrtransit.jpg\" alt=\"\" class=\"wp-image-259\" srcset=\"https:\/\/ff-kaisersberg.at\/wp-content\/uploads\/2022\/07\/feuerwehrtransit.jpg 400w, https:\/\/ff-kaisersberg.at\/wp-content\/uploads\/2022\/07\/feuerwehrtransit-300x183.jpg 300w\" sizes=\"auto, (max-width: 400px) 100vw, 400px\" \/><\/figure>\n\n\n\n<p>1962 wurde eine Tragkraftspritze VW TS12 von der Fa. Rosenbauer angekauft, die bis zum heutigen Tage immer noch Einsatzbereit ist.<\/p>\n\n\n\n<figure class=\"wp-block-image size-full\"><img loading=\"lazy\" decoding=\"async\" width=\"450\" height=\"303\" src=\"https:\/\/ffkaisersberg.at\/wp-content\/uploads\/2022\/07\/autolt35.jpg\" alt=\"\" class=\"wp-image-260\" srcset=\"https:\/\/ff-kaisersberg.at\/wp-content\/uploads\/2022\/07\/autolt35.jpg 450w, https:\/\/ff-kaisersberg.at\/wp-content\/uploads\/2022\/07\/autolt35-300x202.jpg 300w\" sizes=\"auto, (max-width: 450px) 100vw, 450px\" \/><\/figure>\n\n\n\n<p>1965 wurde Kaisersberg zweimal vom Hochwasser heimgesucht. Am 20.Mai wurde das Gasthaus Piller und die Schmiede von Herrn Pichler, von der Mur \u00fcberschwemmt. Um gr\u00f6\u00dfere Sch\u00e4den zu vermeiden musste die kleine Holzbr\u00fccke vor dem R\u00fcsthaus wegger\u00e4umt werden.<br>Am 01. 08. 1965 nach langen und starken Regenf\u00e4llen war die Mur \u00fcber die Ufer getreten. Dieser Einsatz dauerte samt Aufr\u00e4umarbeiten 6 Tage. Es mussten gro\u00dfen Mengen Treibholz von den Pfeilern der Holzbr\u00fccke gesprengt werden, beim Bauernhof Kressmaier mussten die K\u00fche vom \u00fcberschwemmten Stall in die Tenne gebracht werden. Die Bundesstrasse 17 musste beim R\u00fcsthaus mit Sands\u00e4cken gesichert werden, damit der Verkehr aufrecht bleiben konnte. In Pressnitz war ein gro\u00dfer Erdrutsch auf die Bundesstrasse 17, nieder gegangen.<\/p>\n\n\n\n<figure class=\"wp-block-image size-full\"><img loading=\"lazy\" decoding=\"async\" width=\"800\" height=\"478\" src=\"https:\/\/ffkaisersberg.at\/wp-content\/uploads\/2022\/07\/hochwasser1966gh.gaster-1.jpg\" alt=\"\" class=\"wp-image-262\" srcset=\"https:\/\/ff-kaisersberg.at\/wp-content\/uploads\/2022\/07\/hochwasser1966gh.gaster-1.jpg 800w, https:\/\/ff-kaisersberg.at\/wp-content\/uploads\/2022\/07\/hochwasser1966gh.gaster-1-300x179.jpg 300w, https:\/\/ff-kaisersberg.at\/wp-content\/uploads\/2022\/07\/hochwasser1966gh.gaster-1-768x459.jpg 768w\" sizes=\"auto, (max-width: 800px) 100vw, 800px\" \/><\/figure>\n\n\n\n<figure class=\"wp-block-image size-full\"><img loading=\"lazy\" decoding=\"async\" width=\"800\" height=\"507\" src=\"https:\/\/ffkaisersberg.at\/wp-content\/uploads\/2022\/07\/hochwasser1966ruesthaus.jpg\" alt=\"\" class=\"wp-image-263\" srcset=\"https:\/\/ff-kaisersberg.at\/wp-content\/uploads\/2022\/07\/hochwasser1966ruesthaus.jpg 800w, https:\/\/ff-kaisersberg.at\/wp-content\/uploads\/2022\/07\/hochwasser1966ruesthaus-300x190.jpg 300w, https:\/\/ff-kaisersberg.at\/wp-content\/uploads\/2022\/07\/hochwasser1966ruesthaus-768x487.jpg 768w\" sizes=\"auto, (max-width: 800px) 100vw, 800px\" \/><\/figure>\n\n\n\n<h3 class=\"wp-block-heading\">&nbsp;<\/h3>\n\n\n\n<figure class=\"wp-block-image size-full\"><img loading=\"lazy\" decoding=\"async\" width=\"730\" height=\"523\" src=\"https:\/\/ffkaisersberg.at\/wp-content\/uploads\/2022\/07\/hochwasser1966ruesthausfarbe.jpg\" alt=\"\" class=\"wp-image-264\" srcset=\"https:\/\/ff-kaisersberg.at\/wp-content\/uploads\/2022\/07\/hochwasser1966ruesthausfarbe.jpg 730w, https:\/\/ff-kaisersberg.at\/wp-content\/uploads\/2022\/07\/hochwasser1966ruesthausfarbe-300x215.jpg 300w\" sizes=\"auto, (max-width: 730px) 100vw, 730px\" \/><\/figure>\n\n\n\n<p>24. 06. 1966 auf der Weiglmoaralm wurde durch Pater Georg Kressmaier ein Gedenkkreuz eingeweiht, die Feuerwehr hat W\u00fcrstl und Getr\u00e4nke verkauft.<\/p>\n\n\n\n<figure class=\"wp-block-image size-full\"><img loading=\"lazy\" decoding=\"async\" width=\"500\" height=\"354\" src=\"https:\/\/ffkaisersberg.at\/wp-content\/uploads\/2022\/07\/mannschaft1966.jpg\" alt=\"\" class=\"wp-image-265\" srcset=\"https:\/\/ff-kaisersberg.at\/wp-content\/uploads\/2022\/07\/mannschaft1966.jpg 500w, https:\/\/ff-kaisersberg.at\/wp-content\/uploads\/2022\/07\/mannschaft1966-300x212.jpg 300w\" sizes=\"auto, (max-width: 500px) 100vw, 500px\" \/><\/figure>\n\n\n\n<h3 class=\"wp-block-heading\">&nbsp;<\/h3>\n\n\n\n<p>L\u00f6schwasserbeh\u00e4lter Kaisersberg, Gleichenfeier<\/p>\n\n\n\n<figure class=\"wp-block-image size-full\"><img loading=\"lazy\" decoding=\"async\" width=\"500\" height=\"494\" src=\"https:\/\/ffkaisersberg.at\/wp-content\/uploads\/2022\/07\/hochbehaelter.jpg\" alt=\"\" class=\"wp-image-266\" srcset=\"https:\/\/ff-kaisersberg.at\/wp-content\/uploads\/2022\/07\/hochbehaelter.jpg 500w, https:\/\/ff-kaisersberg.at\/wp-content\/uploads\/2022\/07\/hochbehaelter-300x296.jpg 300w\" sizes=\"auto, (max-width: 500px) 100vw, 500px\" \/><\/figure>\n\n\n\n<p>14. 08. 1966 Der L\u00f6schwasserbeh\u00e4lter in Kaisersberg, wurde verbunden mit einem Bezirksfeuerwehrtag, dem 30-j\u00e4hrigen Bestand der Feuerwehr feierlich eingeweiht. Anschlie\u00dfend Fest im Murwald.<\/p>\n\n\n\n<p>17. 08. bis 09. 09. 1966 die Mur war immer wieder aus den Ufern getreten, insgesamt 15 Hochwassereins\u00e4tze in diesem Zeitraum, es wurde auch der Festwald in St. Stefan vom Lobmingbach \u00fcberflutet.<\/p>\n\n\n\n<figure class=\"wp-block-image size-full\"><img loading=\"lazy\" decoding=\"async\" width=\"400\" height=\"315\" src=\"https:\/\/ffkaisersberg.at\/wp-content\/uploads\/2022\/07\/hochwasser1966festwald.jpg\" alt=\"\" class=\"wp-image-267\" srcset=\"https:\/\/ff-kaisersberg.at\/wp-content\/uploads\/2022\/07\/hochwasser1966festwald.jpg 400w, https:\/\/ff-kaisersberg.at\/wp-content\/uploads\/2022\/07\/hochwasser1966festwald-300x236.jpg 300w\" sizes=\"auto, (max-width: 400px) 100vw, 400px\" \/><\/figure>\n\n\n\n<p>25. 10. 1966 Gro\u00dfalarm, der Schichtautobus Kraubath &#8211; Donawitz wurde auf der Bahn\u00fcbersetzung in Pre\u00dfnitz, von einem Lastenzug erfasst und in den Stra\u00dfengraben geschleudert wo er zertr\u00fcmmert, mit den R\u00e4der nach oben liegen blieb. Es gab 8 Tote und 30 zu Teil schwer verletzte Schichtarbeiter.<\/p>\n\n\n\n<p>Juli 1967, Beim ersten Antreten bei einem Landesfeuerwehrwettkampf in Mureck erreichte unsere Gruppe, in Silber A, den 3. Rang.<br><strong>Wettkampfgruppe<\/strong><br><strong>Stehend: Max Reiter, Franz Hammer, Matth\u00e4us Hammer, Josef Rainer, Johann Schweiger, Georg Edlinger<br>Hockend: Heinz Karner, Sigmar Kaiser, Johann Wasserfall, Helmut Huber<\/strong><\/p>\n\n\n\n<figure class=\"wp-block-image size-full\"><img loading=\"lazy\" decoding=\"async\" width=\"400\" height=\"322\" src=\"https:\/\/ffkaisersberg.at\/wp-content\/uploads\/2022\/07\/wettbewerbsgruppe.jpg\" alt=\"\" class=\"wp-image-268\" srcset=\"https:\/\/ff-kaisersberg.at\/wp-content\/uploads\/2022\/07\/wettbewerbsgruppe.jpg 400w, https:\/\/ff-kaisersberg.at\/wp-content\/uploads\/2022\/07\/wettbewerbsgruppe-300x242.jpg 300w\" sizes=\"auto, (max-width: 400px) 100vw, 400px\" \/><\/figure>\n\n\n\n<p>Juli 1968, Beim Landesfeuerwehrtag in Leoben erreichte unsere Gruppe in Silber B, den 4. Rang und zugleich unsere Jugendgruppe, Landessieger in ihrer Klasse, wodurch unsere Jugendgruppe die Steiermark, in Deutschland, beim 1. Internationalen Jugendtreffen vertreten durfte. Bei 125 Gruppen aus 9 Nationen wurde der 11. Rang erreicht.<\/p>\n\n\n\n<p><br>Stehend von links: HammerMatth\u00e4us, Steiner Franz, Maier Karl, Schrempf Erich, W\u00f6lfler Sepp<br><br>Hockend von links: S\u00e4umel Hubert, P\u00f6tzl Walter, Holzmann Josef, Wachter Herwig, Wasserfall Rudolf<\/p>\n\n\n\n<figure class=\"wp-block-image size-full\"><img loading=\"lazy\" decoding=\"async\" width=\"450\" height=\"331\" src=\"https:\/\/ffkaisersberg.at\/wp-content\/uploads\/2022\/07\/jugendwettkampffarbe.jpg\" alt=\"\" class=\"wp-image-269\" srcset=\"https:\/\/ff-kaisersberg.at\/wp-content\/uploads\/2022\/07\/jugendwettkampffarbe.jpg 450w, https:\/\/ff-kaisersberg.at\/wp-content\/uploads\/2022\/07\/jugendwettkampffarbe-300x221.jpg 300w\" sizes=\"auto, (max-width: 450px) 100vw, 450px\" \/><\/figure>\n\n\n\n<p>07. 06. 1969, nach langen schweren Regenf\u00e4llen drohte das Wohnhaus von Herrn Kolland Enst in Pre\u00dfnitz, durch den Stra\u00dfenneubau der B17, abzurutschen. Der Bezirkshauptmann wurde geholt und dieser gab den Auftrag, das Haus zu evakuieren.<\/p>\n\n\n\n<p>03. 01. 1970, Jahreshauptversammlung mit Neuwahlen. Zum Hauptmann wurde Hammer Matth\u00e4us und Bm. Huber Helmut zu seinem Stellvertreter gew\u00e4hlt.<\/p>\n\n\n\n<figure class=\"wp-block-image size-full\"><img loading=\"lazy\" decoding=\"async\" width=\"145\" height=\"200\" src=\"https:\/\/ffkaisersberg.at\/wp-content\/uploads\/2022\/07\/hammer200.jpg\" alt=\"\" class=\"wp-image-270\"\/><\/figure>\n\n\n\n<p>Oktober 1970, Hauptmann Hammer \u00fcbersiedelt nach Leoben.<br>Hauptmannstellvertreter Huber \u00fcbernimmt bis zur au\u00dferordentlichen Jahreshauptversammlung das Kommando.<br><br>03. 04. 1971, au\u00dferordentliche Jahreshauptversammlung mit Neuwahl.<br>Zum Hauptmann wird Karl Kressmaier und zu seinem Stellvertreter Huber Helmut gew\u00e4hlt<br>1972, nach langen starken Regenf\u00e4llen, gab es Hochwasser in der Vorderlobming und an der Mur. Alle B\u00e4che aus dem Weitental, dem Kapellgraben und Tanzmeistergraben zerst\u00f6rten Wege und rissen Br\u00fccken mit. In der Vorderlobming gab es einen Toten und das ganze Lobmingtal wurde bis St. Stefan verw\u00fcstet. Auch die Lobmingbachbr\u00fccke in St. Stefan st\u00fcrzte ein.<br><br>02. 05. 1974, beim Hochfellner Stadel in Pre\u00dfnitz wurde w\u00e4hrend Dachdeckerarbeiten eine zweite Sirene montiert.<br><br>26. 03. 1975, die Feuerwehr bekommt von der Feuerwehr St. Stefan den Opel Blitz und den alten Ford Transit \u00fcbernimmt die Gemeinde St. Stefan.<br>05. 08. 1977, Gro\u00dfbrand beim Anwesen D\u00f6rflinger in Brunn, der gro\u00dfe Stall brannte gro\u00dfteils ab.<br>Funksirenensteuerung wird im Bezirk eingef\u00fchrt, Alarmierung durch Florian Leoben.<br><br>16. 10. 1978, Wirtschaftsgeb\u00e4udebrand bei Diebald Albert in Kaisersberg.&nbsp;<\/p>\n\n\n\n<p>15. 03. 1980, Jahreshauptversammlung, Hauptmann Kressmaier Karl legt das Kommando zur\u00fcck, bei der Neuwahl wird Bm. W\u00f6lfler zum Hauptmann gew\u00e4hlt. Zum Stellvertreter wurde wieder Huber Helmut gew\u00e4hlt. Karl Kressmaier wurde zum Ehrenhauptmann ernannt.<\/p>\n\n\n\n<figure class=\"wp-block-image size-full\"><img loading=\"lazy\" decoding=\"async\" width=\"123\" height=\"165\" src=\"https:\/\/ffkaisersberg.at\/wp-content\/uploads\/2022\/07\/Woelfler.jpg\" alt=\"\" class=\"wp-image-271\"\/><\/figure>\n\n\n\n<p>12. 07. 1981, R\u00fcstwagenweihe des neuen Kleinl\u00f6schfahrzeuges VW LT 35, der f\u00fcr den alten Opel Blitz<br>angekauft wurde, verbunden mit einem gro\u00dfen Fest im Murwald.<\/p>\n\n\n\n<figure class=\"wp-block-image size-full\"><img loading=\"lazy\" decoding=\"async\" width=\"470\" height=\"306\" src=\"https:\/\/ffkaisersberg.at\/wp-content\/uploads\/2022\/07\/mannschaft1983_470.jpg\" alt=\"\" class=\"wp-image-272\" srcset=\"https:\/\/ff-kaisersberg.at\/wp-content\/uploads\/2022\/07\/mannschaft1983_470.jpg 470w, https:\/\/ff-kaisersberg.at\/wp-content\/uploads\/2022\/07\/mannschaft1983_470-300x195.jpg 300w\" sizes=\"auto, (max-width: 470px) 100vw, 470px\" \/><\/figure>\n\n\n\n<p>Mannschaft 1983<\/p>\n\n\n\n<p>09. 02. 1986, wegen der gro\u00dfen Schneemassen, ca 1,2 m innerhalb eines Tages, musste unsere Wehr nach Bruck ausr\u00fccken um D\u00e4cher abzuschaufeln.<br><br>04. 10. 1986 Heustockbrand bei Familie Zechner, durch den Einsatz eines Heuwehrger\u00e4tes aus St. Peter \u2013 Freienstein konnte ein Brandausbruch verhindert werden.<br>13. 02. 1987, Saustallbrand bei Familie Zechner,<br>25. 03. 1989, Gro\u00dfbrand um 0.35 Uhr bei Familie Wechselberger, (Altenheim) in Pre\u00dfnitz, 3 Personen wurden durch Rauchgase get\u00f6tet.<br><br>05. bis 07. 07. 1989 durch das Hochwasser der Mur mussten beim Anwesen Kressmaier in Pre\u00dfnitz 30 K\u00fche gerettet werden, in Kaisersberg mussten viele Keller ausgepumt werden und die Br\u00fcckenpfeiler der Holzbr\u00fccke vier mal von Treibholz befreit werden.<br>22. 01. 1991 Begr\u00e4bnis unseres langj\u00e4hrigen Kameraden und Ehren &#8211; Hauptmannes Karl Kressmaier. 28. 07. 1991 zum ersten Mal musste die Weiglmoaralm Messe wegen Schlechtwetter verschoben und eine Woche sp\u00e4ter endg\u00fcltig abgesagt werden.<br><br>22. 01. 1992 Begr\u00e4bnis unseres Kameraden und langj\u00e4hrigen Kassiers Verwalter Leo Kressmaier. 07. 03. 1992, Jahreshauptversammlung, bei dieser gibt ObI Huber bekannt, dass er das Amt des Stellvertreters zur\u00fccklegt und daf\u00fcr die Kassenf\u00fchrung der Feuerwehr \u00fcbernehmen w\u00fcrde.<br>Bei der Erg\u00e4nzungswahl wurde Brandmeister Johann Achamer zum Stellvertreter gew\u00e4hlt.<br><br>29. 05. 1992 Wirtschaftsgeb\u00e4udebrand bei Familie Luchinetti in Pre\u00dfnitz. Es sollte abgerissen werden, so konnten wir das Geb\u00e4ude durch Sichern der Umgebung v\u00f6llig abbrennen lassen.<\/p>\n\n\n\n<p><br>15. 06. 1992, Stallgeb\u00e4udebrand bei Familie Maurer in Niederdorf.<\/p>\n\n\n\n<p><br>04. 08. 1993, Waldbrand am Seidinger Sattel<\/p>\n\n\n\n<p><br>12. 05. 1994, Begr\u00e4bnis unserer langj\u00e4hrigen Patin und G\u00f6nnerin Frau Maria Walter \u2013 Gaster.<\/p>\n\n\n\n<p><br>11. 03. 1995, Jahreshauptversammlung, B\u00fcrgermeister Peter Pechan sagt f\u00fcr die n\u00e4chste Zukunft einen Neubau unseres R\u00fcsthauses zu.<br>Kommandant W\u00f6lfler legt das Kommando zur\u00fcck.<br>Zum neuen Komandanten wird OBI Achamer Johann gew\u00e4hlt und zu seinem Stellvertreter BM Paulin Franz.<br>HBI W\u00f6lfler Josef wird zum Ehren Hauptbrandinspektor ernannt und B\u00fcrgermeister Pechan tritt der Feuerwehr bei.<\/p>\n\n\n\n<figure class=\"wp-block-image size-full\"><img loading=\"lazy\" decoding=\"async\" width=\"125\" height=\"165\" src=\"https:\/\/ffkaisersberg.at\/wp-content\/uploads\/2022\/07\/achamer.jpg\" alt=\"\" class=\"wp-image-273\"\/><\/figure>\n\n\n\n<h3 class=\"wp-block-heading\">&nbsp;<\/h3>\n\n\n\n<p>1996 konnte ein gebrauchtes L\u00f6schfahrzeug mit Bergeeinrichtung, LFB von der Feuerwehrschule in Lebring zu einen sehr g\u00fcnstigen Preis erworben werden.<\/p>\n\n\n\n<figure class=\"wp-block-image size-full\"><img loading=\"lazy\" decoding=\"async\" width=\"400\" height=\"251\" src=\"https:\/\/ffkaisersberg.at\/wp-content\/uploads\/2022\/07\/lfb400breit.jpg\" alt=\"\" class=\"wp-image-274\" srcset=\"https:\/\/ff-kaisersberg.at\/wp-content\/uploads\/2022\/07\/lfb400breit.jpg 400w, https:\/\/ff-kaisersberg.at\/wp-content\/uploads\/2022\/07\/lfb400breit-300x188.jpg 300w\" sizes=\"auto, (max-width: 400px) 100vw, 400px\" \/><\/figure>\n\n\n\n<p>Wir hatten nun zwei Fahrzeuge aber nur eine Garage. F\u00fcr den KLF wurde eine Garage aus Holz gebaut.<br>KLF und die &#8222;Garagenbauer&#8220;<\/p>\n\n\n\n<figure class=\"wp-block-image size-full\"><img loading=\"lazy\" decoding=\"async\" width=\"500\" height=\"247\" src=\"https:\/\/ffkaisersberg.at\/wp-content\/uploads\/2022\/07\/garagenbau1996.jpg\" alt=\"\" class=\"wp-image-275\" srcset=\"https:\/\/ff-kaisersberg.at\/wp-content\/uploads\/2022\/07\/garagenbau1996.jpg 500w, https:\/\/ff-kaisersberg.at\/wp-content\/uploads\/2022\/07\/garagenbau1996-300x148.jpg 300w\" sizes=\"auto, (max-width: 500px) 100vw, 500px\" \/><\/figure>\n\n\n\n<p>Es wird bereits der R\u00fcsthausneubau bzw. R\u00fcsthauszubau besprochen.<br>11.04.1997 R\u00fcsthauszubau wird von Frau Baumeister F\u00f6rster geplant.<br>Erste Gespr\u00e4che mit Frau Piller und Herrn Zechner wegen Grundabl\u00f6se wegen Stra\u00dfenverlegung.<br>11.04.1997, Bergr\u00e4bnis unseres EhrenHBI Max Walter.<br>30.09.1997 Bauplan vom R\u00fcsthauszubau wurde von Fa. F\u00f6rster vorgelegt,<br>17. 02. 1998 Begr\u00e4bnis von unserem Kameraden OLM Rainer Josef.<br>20. 01. 1998 Waldbrand am Seidinger Sattel.<br>07. 08. 1998 Brand am Lichtensteinerberg, die Pfarrer &#8211; Hube ist abgebrannt.<br>April 1998 Gemeinderatsbeschluss und Kommissionierung f\u00fcr den Zubau.<br>08. Mai 1998 Baubeginn des Zubaues. Stra\u00dfe vor dem R\u00fcsthaus muss verlegt werden, Zubau und die Fenster werden in diesem Jahr gemacht.<br>November 1998 Gleichenfeier im neuen Zubau.<br>Bis 31. 12. wurden von 452 Mann 2322 Stunden in den Zubau investiert.<br><br>28.10.1999 Wirtschaftsgeb\u00e4udebrand bei Fam. Schachner in Greith.<br>25.11.1999 Anh\u00e4ngerbrand auf der S 36,<br>1999 Innenausbau des R\u00fcsthauses und Fertigstellung mit Aussenanlagen.<br>28. 08. 1999 R\u00fcsthaus Segnung und offizielle Schl\u00fcssel\u00fcbergabe durch den B\u00fcrgermeister<br>Peter Pechan<br>Es wurden 3425 Arbeitsstunden von den Feuerwehrkameraden f\u00fcr den Um- und Zubau geleistet.<\/p>\n\n\n\n<figure class=\"wp-block-image size-full\"><img loading=\"lazy\" decoding=\"async\" width=\"589\" height=\"700\" src=\"https:\/\/ffkaisersberg.at\/wp-content\/uploads\/2022\/07\/ruesthausneubau1.jpg\" alt=\"\" class=\"wp-image-276\" srcset=\"https:\/\/ff-kaisersberg.at\/wp-content\/uploads\/2022\/07\/ruesthausneubau1.jpg 589w, https:\/\/ff-kaisersberg.at\/wp-content\/uploads\/2022\/07\/ruesthausneubau1-252x300.jpg 252w\" sizes=\"auto, (max-width: 589px) 100vw, 589px\" \/><\/figure>\n\n\n\n<figure class=\"wp-block-image size-full\"><img loading=\"lazy\" decoding=\"async\" width=\"750\" height=\"510\" src=\"https:\/\/ffkaisersberg.at\/wp-content\/uploads\/2022\/07\/ruesthausneubau2.jpg\" alt=\"\" class=\"wp-image-277\" srcset=\"https:\/\/ff-kaisersberg.at\/wp-content\/uploads\/2022\/07\/ruesthausneubau2.jpg 750w, https:\/\/ff-kaisersberg.at\/wp-content\/uploads\/2022\/07\/ruesthausneubau2-300x204.jpg 300w\" sizes=\"auto, (max-width: 750px) 100vw, 750px\" \/><\/figure>\n\n\n\n<figure class=\"wp-block-image size-full\"><img loading=\"lazy\" decoding=\"async\" width=\"750\" height=\"683\" src=\"https:\/\/ffkaisersberg.at\/wp-content\/uploads\/2022\/07\/ruesthausneubau4.jpg\" alt=\"\" class=\"wp-image-279\" srcset=\"https:\/\/ff-kaisersberg.at\/wp-content\/uploads\/2022\/07\/ruesthausneubau4.jpg 750w, https:\/\/ff-kaisersberg.at\/wp-content\/uploads\/2022\/07\/ruesthausneubau4-300x273.jpg 300w\" sizes=\"auto, (max-width: 750px) 100vw, 750px\" \/><\/figure>\n\n\n\n<figure class=\"wp-block-image size-full\"><img loading=\"lazy\" decoding=\"async\" width=\"750\" height=\"525\" src=\"https:\/\/ffkaisersberg.at\/wp-content\/uploads\/2022\/07\/ruesthausneubau5.jpg\" alt=\"\" class=\"wp-image-280\" srcset=\"https:\/\/ff-kaisersberg.at\/wp-content\/uploads\/2022\/07\/ruesthausneubau5.jpg 750w, https:\/\/ff-kaisersberg.at\/wp-content\/uploads\/2022\/07\/ruesthausneubau5-300x210.jpg 300w\" sizes=\"auto, (max-width: 750px) 100vw, 750px\" \/><\/figure>\n\n\n\n<figure class=\"wp-block-image size-full is-resized\"><img loading=\"lazy\" decoding=\"async\" width=\"250\" height=\"188\" src=\"https:\/\/ffkaisersberg.at\/wp-content\/uploads\/2022\/07\/ruesthaus2006.jpg\" alt=\"\" class=\"wp-image-281\" style=\"width:476px;height:358px\"\/><\/figure>\n\n\n\n<p>06. 02. 2000 Wohnhausbrand bei Fam. Kremser in Kaisersberg<br>25. 03. 2000 schwerer Traktorunfall in Chromwerk, ein Todesopfer<br>25. 05. 2000 Begr\u00e4bnis unseres Kameraden HFM Herbert Kupferer<br>19. 12. 2000 Brand bei Tischlerei Frie\u00df, St. Stefan<br><br>2001 erst Gespr\u00e4che mit dem Landesfeuerwehrkommando und der Gemeinde, wegen Ankauf eines neuen Einsatzfahrzeuges, da unsere Fahrzeuge bereits 22 Jahre alt sind, nicht mehr dem heutigen Stand entsprechen und schon sehr reparaturanf\u00e4llig sind.<br>02. 05. und 03. 05. 2001 Waldbr\u00e4nde im Pre\u00dfnitzgraben (Luchinetti)<br>20. 07. 2001 Hochwasser vom Windischbach bei Gasthaus Leitner und Frau Kaufmann<br>22. 12. 2001 schwerer Verkehrsunfall in Kaisersberg LKW mit PKW. Der LKW durchbricht die L\u00e4rmschutzwand und bleibt auf der Gemeindestrasse stehen, ein Schwerverletzer im PKW.<br><br>2002 nach weiteren Aussprachen mit dem Landesfeuerwehr Kommando und der Gemeinde bekommen wir ein LFB-A Einsatzfahrzeug, ca. 12 t<br>M\u00e4rz 2002, Mit Troger Bianca kommt zum ersten Mal ein M\u00e4dchen in die Feuerwehrjugend.<br>12. 04. 2002 OBI Paulin Franz legt sein Amt als Kommandant Stellvertreter zur\u00fcck und LM P\u00f6tzl Franz wird bei der Erg\u00e4nzungswahl einstimmig zu neuen Hauptmann &#8211; Stellvertreter gew\u00e4hlt.<br>08. 07. 2002 schwerer Traktorunfall auf der Weiglmoaralm,<br>28. 07. 2002 Brand bei Fam. Luber in St. Stefan<br><br>2003 schwerer Unfall auf der S 36 in Kaisersberg<br>2003 Wohnhausbrand in Kaisersberg<br><\/p>\n\n\n\n<p>06. 07. 2004 Rohbauabnahme und Einbaubesprechung bei Fa. Rosenbauer in Linz f\u00fcr unser neues Einsatzfahrzeug LFB-A. Liefertermin ist die letzte Juliwoche 2004.<\/p>\n\n\n\n<p><strong>26. 08. 2004 Die Patinen Sieglinde Simb\u00fcrger, Kathi Schlager, Maria Zechner und der Kommandant Johann Achamer anl\u00e4\u00dfl. der&nbsp;<\/strong>70 Jahrfeier und Autosegnung beim R\u00fcsthaus<\/p>\n\n\n\n<figure class=\"wp-block-gallery has-nested-images columns-default is-cropped wp-block-gallery-1 is-layout-flex wp-block-gallery-is-layout-flex\">\n<figure class=\"wp-block-image size-large\"><img loading=\"lazy\" decoding=\"async\" width=\"300\" height=\"213\" data-id=\"287\" src=\"https:\/\/ffkaisersberg.at\/wp-content\/uploads\/2022\/07\/70jahre1300-1.jpg\" alt=\"\" class=\"wp-image-287\"\/><\/figure>\n<\/figure>\n\n\n\n<figure class=\"wp-block-image size-full\"><img loading=\"lazy\" decoding=\"async\" width=\"300\" height=\"225\" src=\"https:\/\/ffkaisersberg.at\/wp-content\/uploads\/2022\/07\/70jahre2300-2.jpg\" alt=\"\" class=\"wp-image-288\"\/><\/figure>\n\n\n\n<figure class=\"wp-block-image size-full\"><img loading=\"lazy\" decoding=\"async\" width=\"300\" height=\"231\" src=\"https:\/\/ffkaisersberg.at\/wp-content\/uploads\/2022\/07\/70jahre3300-2.jpg\" alt=\"\" class=\"wp-image-289\"\/><\/figure>\n\n\n\n<p><\/p>\n\n\n\n<p><\/p>\n\n\n\n<p>Mannschaft, sowie Herr B\u00fcrgermeister F. Angerer und Herr Vizeb\u00fcrgermeister R. Schlager<br>mit neuem Auto, LFB &#8211; A , August 2004<\/p>\n\n\n\n<figure class=\"wp-block-image size-full\"><img loading=\"lazy\" decoding=\"async\" width=\"700\" height=\"469\" src=\"https:\/\/ffkaisersberg.at\/wp-content\/uploads\/2022\/07\/mannschaftmitneuemfahrzeug700jpg.jpg\" alt=\"\" class=\"wp-image-290\" srcset=\"https:\/\/ff-kaisersberg.at\/wp-content\/uploads\/2022\/07\/mannschaftmitneuemfahrzeug700jpg.jpg 700w, https:\/\/ff-kaisersberg.at\/wp-content\/uploads\/2022\/07\/mannschaftmitneuemfahrzeug700jpg-300x201.jpg 300w\" sizes=\"auto, (max-width: 700px) 100vw, 700px\" \/><\/figure>\n\n\n\n<p>01. 01. 2005 Wirtschaftsgeb\u00e4udebrand in St. Michael<br>07. 01. 2005 Brand in der Hinterlobming, Fam. Eisner<br>Sommer 2005 Es wurde nach R\u00fccksprache mit dem B\u00fcrgermeister Fritz Angerer, beschlossen, ein neues Mannschaftstransportfahrzeug VW Caravelle, aus den Eigenmittel der Feuerwehr auf Leasing Basis zu kaufen. Vom Landesfeuerwehrkommando wurde uns die Beihilfe von 17.000,- Euro zugesagt. Das Fahrzeug wurde am 28. 09. 2005 bei einem Autoh\u00e4ndler gekauft und die Um- und Einbauarbeiten wurden von Feuerwehrkameraden durchgef\u00fchrt, wodurch wir uns ca. 20.000,- Euro erspart haben. Fertig gestellt und einsatzbereit, sowie vom Landesfeuerwehrkommando \u00fcberpr\u00fcft, war unser MTF im Dezember 2005.<br>05. 10. und 06. 10. 2005 Hochwassereinsatz an der Mur und einige Keller auspumpen<\/p>\n\n\n\n<p>07. 05. 2006 Florianimesse und Fahrzeugsegnung unseres neuen Mannschaftstransportfahrzeuges<\/p>\n\n\n\n<figure class=\"wp-block-image size-full\"><img loading=\"lazy\" decoding=\"async\" width=\"700\" height=\"465\" src=\"https:\/\/ffkaisersberg.at\/wp-content\/uploads\/2022\/07\/florianitag2052.700.jpg\" alt=\"\" class=\"wp-image-291\" srcset=\"https:\/\/ff-kaisersberg.at\/wp-content\/uploads\/2022\/07\/florianitag2052.700.jpg 700w, https:\/\/ff-kaisersberg.at\/wp-content\/uploads\/2022\/07\/florianitag2052.700-300x199.jpg 300w\" sizes=\"auto, (max-width: 700px) 100vw, 700px\" \/><\/figure>\n\n\n\n<figure class=\"wp-block-image size-full\"><img loading=\"lazy\" decoding=\"async\" width=\"700\" height=\"465\" src=\"https:\/\/ffkaisersberg.at\/wp-content\/uploads\/2022\/07\/florianitag2079.700.jpg\" alt=\"\" class=\"wp-image-293\" srcset=\"https:\/\/ff-kaisersberg.at\/wp-content\/uploads\/2022\/07\/florianitag2079.700.jpg 700w, https:\/\/ff-kaisersberg.at\/wp-content\/uploads\/2022\/07\/florianitag2079.700-300x199.jpg 300w\" sizes=\"auto, (max-width: 700px) 100vw, 700px\" \/><\/figure>\n\n\n\n<figure class=\"wp-block-image size-full\"><img loading=\"lazy\" decoding=\"async\" width=\"700\" height=\"465\" src=\"https:\/\/ffkaisersberg.at\/wp-content\/uploads\/2022\/07\/florianitag2064.700.jpg\" alt=\"\" class=\"wp-image-294\" srcset=\"https:\/\/ff-kaisersberg.at\/wp-content\/uploads\/2022\/07\/florianitag2064.700.jpg 700w, https:\/\/ff-kaisersberg.at\/wp-content\/uploads\/2022\/07\/florianitag2064.700-300x199.jpg 300w\" sizes=\"auto, (max-width: 700px) 100vw, 700px\" \/><\/figure>\n\n\n\n<p>22.02.- 24.02.2007 Waldbrand in der Hinterlainsach, beim Gleinalmtunnel, sehr schwieriger Einsatz.<\/p>\n\n\n\n<figure class=\"wp-block-image size-full\"><img loading=\"lazy\" decoding=\"async\" width=\"500\" height=\"375\" src=\"https:\/\/ffkaisersberg.at\/wp-content\/uploads\/2022\/07\/wb22.02.07gr5.jpg\" alt=\"\" class=\"wp-image-295\" srcset=\"https:\/\/ff-kaisersberg.at\/wp-content\/uploads\/2022\/07\/wb22.02.07gr5.jpg 500w, https:\/\/ff-kaisersberg.at\/wp-content\/uploads\/2022\/07\/wb22.02.07gr5-300x225.jpg 300w\" sizes=\"auto, (max-width: 500px) 100vw, 500px\" \/><\/figure>\n\n\n\n<p>09.07.2007 schweres Gewitter mit Sturm in Kraubath, Dach mit Planen zudecken und Stra\u00dfen von umgest\u00fcrzten B\u00e4umen frei machen.<\/p>\n\n\n\n<p>24.07.2007 Unfall auf der S 36, Person aus PKW bergen und den PKW aus dem Stra\u00dfengraben holen.<\/p>\n\n\n\n<p>21.10.2007 Gro\u00dfbrand in St. Michael, Anwesen Edlinger vlg.<br>Lockmoar, Alarm um 02.10 Uhr. Nebengeb\u00e4ude brannte ab.<\/p>\n\n\n\n<figure class=\"wp-block-image size-full\"><img loading=\"lazy\" decoding=\"async\" width=\"500\" height=\"375\" src=\"https:\/\/ffkaisersberg.at\/wp-content\/uploads\/2022\/07\/img1478gr.jpg\" alt=\"\" class=\"wp-image-297\" srcset=\"https:\/\/ff-kaisersberg.at\/wp-content\/uploads\/2022\/07\/img1478gr.jpg 500w, https:\/\/ff-kaisersberg.at\/wp-content\/uploads\/2022\/07\/img1478gr-300x225.jpg 300w\" sizes=\"auto, (max-width: 500px) 100vw, 500px\" \/><\/figure>\n\n\n\n<p>18.11. und 02.12.2007 PKW Bergungen auf der Landesstra\u00dfe.<\/p>\n\n\n\n<p><br>Im Jahre 2007 hatten wir 24 Eins\u00e4tze \u00fcber Sirenenalarm.<br>Einen Mannschaftsstand von 36 Mann.<br>28 Aktive, 3 au\u00dfer Dienst und 5 Feuerwehrjugend.<br><br>27.01.2008 kaum von unserem FF. Ball zuhause, Sirenenalarm.<\/p>\n\n\n\n<p>Waldbrand in der Vorlobming, bei Peinsipp. Verursacht durch den Sturm Paula. Umst\u00fcrzende B\u00e4ume haben die Stromleitung zum Hameter niedergerissen, wodurch der Waldbrand entstand<\/p>\n\n\n\n<p><br>20.07.2008 schweres Gewitter am Abend, Hartlgrabenbach ging \u00fcber die Ufer, \u00fcberschwemmte die Stra\u00dfe bis Grafitwerk und auch bei Frau Fresner, Stra\u00dfe freimachen.<br>Insgesamt 15 Eins\u00e4tze.<\/p>\n\n\n\n<p>21.04.2009 Waldbrand am Helfenberg um ca. 14.00 Uhr. Es wurde Abschnittsalarm gegeben und noch 4 Tankl\u00f6schfahr-zeuge wurden angefordert.Durch den starken Wind breitete sich das Feuer rasch oben aus, es wurde ein Hubschrauber zum L\u00f6schen eingesetzt. Wasserleitung von der Mur.<\/p>\n\n\n\n<figure class=\"wp-block-image size-full\"><img loading=\"lazy\" decoding=\"async\" width=\"500\" height=\"375\" src=\"https:\/\/ffkaisersberg.at\/wp-content\/uploads\/2022\/07\/img1905gr.jpg\" alt=\"\" class=\"wp-image-298\" srcset=\"https:\/\/ff-kaisersberg.at\/wp-content\/uploads\/2022\/07\/img1905gr.jpg 500w, https:\/\/ff-kaisersberg.at\/wp-content\/uploads\/2022\/07\/img1905gr-300x225.jpg 300w\" sizes=\"auto, (max-width: 500px) 100vw, 500px\" \/><\/figure>\n\n\n\n<p><img decoding=\"async\" src=\"http:\/\/www.ff-kaisersberg.at\/images\/Chronik\/img1905gr.jpg\" alt=\"\"><br>22.04. Nachl\u00f6scharbeiten, sowie Ger\u00e4te und Schl\u00e4uche der Feuerwehren zusammenr\u00e4umen. Schl\u00e4uche waschen.<\/p>\n\n\n\n<p><br>09.05.2009 Florianitag mit hl. Messe im und vor dem R\u00fcsthaus in Kaisersberg, zu Beginn der Messe Sirenenalarm, Personen- bergung in Zm\u00f6llach, beim Einr\u00fccken ins R\u00fcsthaus gab es Alarm \u00fcber Funk, Kellerbrand am Lichtensteinerberg, Anwesen Schaffer, Atemschutzeinsatz gemeinsam mit FF St. Stefan. Anschlie\u00dfend an diese Eins\u00e4tze wurde der Florianitag gefeiert.<\/p>\n\n\n\n<p>25.06.2009 Hochwasser in Kraubath nach schwerem Gewitter,Es mussten einige Keller ausgepumpt werden.<\/p>\n\n\n\n<p>17.09.2009 Hochwasser in der Murwaldsiedlung.<\/p>\n\n\n\n<p>03.10.2009 Brand bei Entsorgungsfirma Mayer in St. Michael.<\/p>\n\n\n\n<p>Es wurden in diesem Jahr 25 Paar Einsatzstiefel, 1 Standfunk- ger\u00e4t, sowie eine Korbtrage gekauft.<br><\/p>\n\n\n\n<p>Das Jahr 2010 sollte das einsatzreichste Jahr unserer Wehr werden, mit 27 Eins\u00e4tzen 1.076 Einsatzstunden. 4 Unf\u00e4lle im Gleinalmtunnel<\/p>\n\n\n\n<p>15.07.2010 Hochwasser und Sturmsch\u00e4den in Pre\u00dfnitz und Hartlgraben in Kaisersberg.<\/p>\n\n\n\n<p>17.07.2010 nach dem Herrichten f\u00fcr die Almmesse auf der Weiglmoar Alm, ging ein schweres Gewitter mit Hagelschlag nieder.<br>Um 21.00 gingen dann schwere Unwetter \u00fcber Zm\u00f6llach und Pre\u00dfnitzgraben nieder. Die Feuerwehrwehr wurde alarmiert.<br>Der Hartlgrabenbach war fast vollst\u00e4ndig aus dem Bachbett getreten und die Stra\u00dfe vom Bergbau bis Schloss vollst\u00e4ndig zerst\u00f6rt. Das Wasser floss durch das Schloss vermurte eine<br>Wohnung, aus der 5 Personen geborgen werden mussten und teilte sich dann beim Transformator. Ein Teil des Baches bahnte sich seinen Weg \u00fcber den Knappenwirt Richtung Bahn-<br>Unterf\u00fchrung G\u00f6tschl und danach weiter durch das Dorf, wo fast alle Keller \u00fcberschwemmt waren, bis zum Anwesen Schlager. Der andere Teil floss geradeaus \u00fcber die Stra\u00dfe zur Unterf\u00fchrung bei Fam. Lukesch, bis zur Landesstra\u00dfe.<br>Der Windischbach verklauste sich bei der Eisenbahnunterf\u00fchrung, verlegte die Eisenbahn auf ca. 200 m, vermurte 3 H\u00e4user und staute sich in der Wiese nach dem GH. Leitner. Der Zugverkehr war bis 10.00 Uhr unterbrochen.<br>Auch der Pre\u00dfnitzbach verklauste sich, Teile der Stra\u00dfe im Graben wurden weggerissen und in Pre\u00dfnitz bei der Br\u00fccke, alte Steiner M\u00fchle abw\u00e4rts, wurde alles meterhoch vermurt.<br>Es wurde Abschnittsalarm gegeben und am fr\u00fchen Morgen wurde der 3. FuB Zug des Bezirkes angefordert.<br>Das R\u00fcsthaus diente in der Nacht zuerst als Sanit\u00e4tslager, dann als Einsatzleitung. In der Fahrzeughalle wurde die FeldK\u00fcche f\u00fcr die Kameraden aufgebaut.<br>Am Nachmittag wurde ein Hubschrauber angefordert um die lage zu sondieren und eine Gruppe von der Schafferalm zu bergen. Da sich die Aufr\u00e4umungs- und Auspumparbeiten sehr schwierig gestalteten wurde auch noch der 1. FuB Zug des Bezirkes angefordert. Von Samstag bis Dienstag standen insgesamt 232 Mann der Feuerwehren, rund 5000 Arbeits-<br>stunden im Einsatz.<br>Die Almmesse musste selbstverst\u00e4ndlich abgesagt werden.<\/p>\n\n\n\n<figure class=\"wp-block-image size-large\"><img loading=\"lazy\" decoding=\"async\" width=\"1024\" height=\"686\" src=\"https:\/\/ffkaisersberg.at\/wp-content\/uploads\/2022\/07\/dsc2428-1024x686.jpg\" alt=\"\" class=\"wp-image-299\" srcset=\"https:\/\/ff-kaisersberg.at\/wp-content\/uploads\/2022\/07\/dsc2428-1024x686.jpg 1024w, https:\/\/ff-kaisersberg.at\/wp-content\/uploads\/2022\/07\/dsc2428-300x201.jpg 300w, https:\/\/ff-kaisersberg.at\/wp-content\/uploads\/2022\/07\/dsc2428-768x514.jpg 768w, https:\/\/ff-kaisersberg.at\/wp-content\/uploads\/2022\/07\/dsc2428-1200x803.jpg 1200w, https:\/\/ff-kaisersberg.at\/wp-content\/uploads\/2022\/07\/dsc2428.jpg 1204w\" sizes=\"auto, (max-width: 1024px) 100vw, 1024px\" \/><\/figure>\n\n\n\n<figure class=\"wp-block-image size-large\"><img loading=\"lazy\" decoding=\"async\" width=\"1024\" height=\"768\" src=\"https:\/\/ffkaisersberg.at\/wp-content\/uploads\/2022\/07\/pict1123-1024x768.jpg\" alt=\"\" class=\"wp-image-300\" srcset=\"https:\/\/ff-kaisersberg.at\/wp-content\/uploads\/2022\/07\/pict1123-1024x768.jpg 1024w, https:\/\/ff-kaisersberg.at\/wp-content\/uploads\/2022\/07\/pict1123-300x225.jpg 300w, https:\/\/ff-kaisersberg.at\/wp-content\/uploads\/2022\/07\/pict1123-768x576.jpg 768w, https:\/\/ff-kaisersberg.at\/wp-content\/uploads\/2022\/07\/pict1123-1200x900.jpg 1200w, https:\/\/ff-kaisersberg.at\/wp-content\/uploads\/2022\/07\/pict1123.jpg 1204w\" sizes=\"auto, (max-width: 1024px) 100vw, 1024px\" \/><\/figure>\n\n\n\n<figure class=\"wp-block-image size-large\"><img loading=\"lazy\" decoding=\"async\" width=\"1024\" height=\"686\" src=\"https:\/\/ffkaisersberg.at\/wp-content\/uploads\/2022\/07\/dsc2446-1024x686.jpg\" alt=\"\" class=\"wp-image-301\" srcset=\"https:\/\/ff-kaisersberg.at\/wp-content\/uploads\/2022\/07\/dsc2446-1024x686.jpg 1024w, https:\/\/ff-kaisersberg.at\/wp-content\/uploads\/2022\/07\/dsc2446-300x201.jpg 300w, https:\/\/ff-kaisersberg.at\/wp-content\/uploads\/2022\/07\/dsc2446-768x514.jpg 768w, https:\/\/ff-kaisersberg.at\/wp-content\/uploads\/2022\/07\/dsc2446-1200x803.jpg 1200w, https:\/\/ff-kaisersberg.at\/wp-content\/uploads\/2022\/07\/dsc2446.jpg 1204w\" sizes=\"auto, (max-width: 1024px) 100vw, 1024px\" \/><\/figure>\n\n\n\n<figure class=\"wp-block-image size-large\"><img loading=\"lazy\" decoding=\"async\" width=\"1024\" height=\"686\" src=\"https:\/\/ffkaisersberg.at\/wp-content\/uploads\/2022\/07\/dsc2428-1-1024x686.jpg\" alt=\"\" class=\"wp-image-302\" srcset=\"https:\/\/ff-kaisersberg.at\/wp-content\/uploads\/2022\/07\/dsc2428-1-1024x686.jpg 1024w, https:\/\/ff-kaisersberg.at\/wp-content\/uploads\/2022\/07\/dsc2428-1-300x201.jpg 300w, https:\/\/ff-kaisersberg.at\/wp-content\/uploads\/2022\/07\/dsc2428-1-768x514.jpg 768w, https:\/\/ff-kaisersberg.at\/wp-content\/uploads\/2022\/07\/dsc2428-1-1200x803.jpg 1200w, https:\/\/ff-kaisersberg.at\/wp-content\/uploads\/2022\/07\/dsc2428-1.jpg 1204w\" sizes=\"auto, (max-width: 1024px) 100vw, 1024px\" \/><\/figure>\n\n\n\n<h3 class=\"wp-block-heading\">&nbsp;<\/h3>\n\n\n\n<p>16.11.2010 Wirtschaftsgeb\u00e4udebrand in Kraubath, Fam. Mang.<\/p>\n\n\n\n<figure class=\"wp-block-image size-large\"><img loading=\"lazy\" decoding=\"async\" width=\"1024\" height=\"768\" src=\"https:\/\/ffkaisersberg.at\/wp-content\/uploads\/2022\/07\/imgp0019-1024x768.jpg\" alt=\"\" class=\"wp-image-303\" srcset=\"https:\/\/ff-kaisersberg.at\/wp-content\/uploads\/2022\/07\/imgp0019-1024x768.jpg 1024w, https:\/\/ff-kaisersberg.at\/wp-content\/uploads\/2022\/07\/imgp0019-300x225.jpg 300w, https:\/\/ff-kaisersberg.at\/wp-content\/uploads\/2022\/07\/imgp0019-768x576.jpg 768w, https:\/\/ff-kaisersberg.at\/wp-content\/uploads\/2022\/07\/imgp0019-1200x900.jpg 1200w, https:\/\/ff-kaisersberg.at\/wp-content\/uploads\/2022\/07\/imgp0019.jpg 1204w\" sizes=\"auto, (max-width: 1024px) 100vw, 1024px\" \/><\/figure>\n\n\n\n<p>05.12.2010 K\u00fcchenbrand in Pre\u00dfnitz, Hoffelner Roland.<\/p>\n\n\n\n<figure class=\"wp-block-image size-large\"><img loading=\"lazy\" decoding=\"async\" width=\"1024\" height=\"768\" src=\"https:\/\/ffkaisersberg.at\/wp-content\/uploads\/2022\/07\/kuechenbrand2-1024x768.jpg\" alt=\"\" class=\"wp-image-304\" srcset=\"https:\/\/ff-kaisersberg.at\/wp-content\/uploads\/2022\/07\/kuechenbrand2-1024x768.jpg 1024w, https:\/\/ff-kaisersberg.at\/wp-content\/uploads\/2022\/07\/kuechenbrand2-300x225.jpg 300w, https:\/\/ff-kaisersberg.at\/wp-content\/uploads\/2022\/07\/kuechenbrand2-768x576.jpg 768w, https:\/\/ff-kaisersberg.at\/wp-content\/uploads\/2022\/07\/kuechenbrand2-1200x900.jpg 1200w, https:\/\/ff-kaisersberg.at\/wp-content\/uploads\/2022\/07\/kuechenbrand2.jpg 1204w\" sizes=\"auto, (max-width: 1024px) 100vw, 1024px\" \/><\/figure>\n\n\n\n<p><br><br>12.12. und 30.12.2010 PKW Bergungen im Pre\u00dfnitzgraben wegen starker Schneef\u00e4lle und Schneegl\u00e4tte.<\/p>\n\n\n\n<p>Anfang 2010 wurden von der Wehr neue 2-Teiler in blau gekauft und im September wurde unser MTF, welches ja ein Leasingfahrzeug war, um 8.100.-\u20ac von unserer Wehr gekauft und somit Eigentum der Gemeinde.<br>Diese hohen Eigenleistungen waren nur dadurch m\u00f6glich, da wir zu unseren traditionellen Feuerwehrb\u00e4llen auch immer um Spenden f\u00fcr die Feuerwehr bitten und die Bev\u00f6lkerung uns immer gro\u00dfz\u00fcgig unterst\u00fctzt. Danke!!<\/p>\n\n\n\n<p><br><br>Im Jahr 2011 wurde unsere Wehr wieder zu 15 Eins\u00e4tzen gerufen.<\/p>\n\n\n\n<p>Es waren 3 Eins\u00e4tze mit Autobergungen, die durch Eis und Schnee verursacht wurden.<br>Sowie 2 LKW-Unf\u00e4lle auf der S 36 und ein Lok-Brand auf den Gleisen der \u00d6BB in Kaisersberg.<br><\/p>\n\n\n\n<figure class=\"wp-block-image size-large\"><img loading=\"lazy\" decoding=\"async\" width=\"1024\" height=\"768\" src=\"https:\/\/ffkaisersberg.at\/wp-content\/uploads\/2022\/07\/imgp0050-1024x768.jpg\" alt=\"\" class=\"wp-image-305\" srcset=\"https:\/\/ff-kaisersberg.at\/wp-content\/uploads\/2022\/07\/imgp0050-1024x768.jpg 1024w, https:\/\/ff-kaisersberg.at\/wp-content\/uploads\/2022\/07\/imgp0050-300x225.jpg 300w, https:\/\/ff-kaisersberg.at\/wp-content\/uploads\/2022\/07\/imgp0050-768x576.jpg 768w, https:\/\/ff-kaisersberg.at\/wp-content\/uploads\/2022\/07\/imgp0050-1200x900.jpg 1200w, https:\/\/ff-kaisersberg.at\/wp-content\/uploads\/2022\/07\/imgp0050.jpg 1204w\" sizes=\"auto, (max-width: 1024px) 100vw, 1024px\" \/><\/figure>\n\n\n\n<figure class=\"wp-block-image size-large\"><img loading=\"lazy\" decoding=\"async\" width=\"1024\" height=\"768\" src=\"https:\/\/ffkaisersberg.at\/wp-content\/uploads\/2022\/07\/imgp03371-1024x768.jpg\" alt=\"\" class=\"wp-image-306\" srcset=\"https:\/\/ff-kaisersberg.at\/wp-content\/uploads\/2022\/07\/imgp03371-1024x768.jpg 1024w, https:\/\/ff-kaisersberg.at\/wp-content\/uploads\/2022\/07\/imgp03371-300x225.jpg 300w, https:\/\/ff-kaisersberg.at\/wp-content\/uploads\/2022\/07\/imgp03371-768x576.jpg 768w, https:\/\/ff-kaisersberg.at\/wp-content\/uploads\/2022\/07\/imgp03371-1200x900.jpg 1200w, https:\/\/ff-kaisersberg.at\/wp-content\/uploads\/2022\/07\/imgp03371.jpg 1204w\" sizes=\"auto, (max-width: 1024px) 100vw, 1024px\" \/><\/figure>\n\n\n\n<figure class=\"wp-block-image size-large\"><img loading=\"lazy\" decoding=\"async\" width=\"1024\" height=\"768\" src=\"https:\/\/ffkaisersberg.at\/wp-content\/uploads\/2022\/07\/imgp0131-1024x768.jpg\" alt=\"\" class=\"wp-image-307\" srcset=\"https:\/\/ff-kaisersberg.at\/wp-content\/uploads\/2022\/07\/imgp0131-1024x768.jpg 1024w, https:\/\/ff-kaisersberg.at\/wp-content\/uploads\/2022\/07\/imgp0131-300x225.jpg 300w, https:\/\/ff-kaisersberg.at\/wp-content\/uploads\/2022\/07\/imgp0131-768x576.jpg 768w, https:\/\/ff-kaisersberg.at\/wp-content\/uploads\/2022\/07\/imgp0131-1200x900.jpg 1200w, https:\/\/ff-kaisersberg.at\/wp-content\/uploads\/2022\/07\/imgp0131.jpg 1204w\" sizes=\"auto, (max-width: 1024px) 100vw, 1024px\" \/><\/figure>\n\n\n\n<figure class=\"wp-block-image size-large\"><img loading=\"lazy\" decoding=\"async\" width=\"1024\" height=\"768\" src=\"https:\/\/ffkaisersberg.at\/wp-content\/uploads\/2022\/07\/imgp0246-1024x768.jpg\" alt=\"\" class=\"wp-image-308\" srcset=\"https:\/\/ff-kaisersberg.at\/wp-content\/uploads\/2022\/07\/imgp0246-1024x768.jpg 1024w, https:\/\/ff-kaisersberg.at\/wp-content\/uploads\/2022\/07\/imgp0246-300x225.jpg 300w, https:\/\/ff-kaisersberg.at\/wp-content\/uploads\/2022\/07\/imgp0246-768x576.jpg 768w, https:\/\/ff-kaisersberg.at\/wp-content\/uploads\/2022\/07\/imgp0246-1200x900.jpg 1200w, https:\/\/ff-kaisersberg.at\/wp-content\/uploads\/2022\/07\/imgp0246.jpg 1204w\" sizes=\"auto, (max-width: 1024px) 100vw, 1024px\" \/><\/figure>\n\n\n\n<figure class=\"wp-block-image size-large\"><img loading=\"lazy\" decoding=\"async\" width=\"1024\" height=\"768\" src=\"https:\/\/ffkaisersberg.at\/wp-content\/uploads\/2022\/07\/imgp0032-1024x768.jpg\" alt=\"\" class=\"wp-image-309\" srcset=\"https:\/\/ff-kaisersberg.at\/wp-content\/uploads\/2022\/07\/imgp0032-1024x768.jpg 1024w, https:\/\/ff-kaisersberg.at\/wp-content\/uploads\/2022\/07\/imgp0032-300x225.jpg 300w, https:\/\/ff-kaisersberg.at\/wp-content\/uploads\/2022\/07\/imgp0032-768x576.jpg 768w, https:\/\/ff-kaisersberg.at\/wp-content\/uploads\/2022\/07\/imgp0032-1200x900.jpg 1200w, https:\/\/ff-kaisersberg.at\/wp-content\/uploads\/2022\/07\/imgp0032.jpg 1204w\" sizes=\"auto, (max-width: 1024px) 100vw, 1024px\" \/><\/figure>\n\n\n\n<p>Da auch ein starkes Wespenjahr war mussten auch einige Wespenkr\u00fcge entfernt werden.<\/p>\n\n\n\n<p>Insgesamt wurden f\u00fcr Eins\u00e4tze, \u00dcbungen, Veranstaltungen, Reparatur, Wartungsarbeiten sowie Verwaltungsaufwand von HBI, OBI, Kassier und Schriftf\u00fchrer, 640 Stunden aufgewandt. Weiters wurden noch 12 Plan\u00fcbungen, 11 Monatssitzungen, sowie unser Ball durchgef\u00fchrt. Die Almmesse musste auch diesmal wegen Regen und K\u00e4lte, auf der Weiglmoaralm hatte es nur +3 Grad, abgesagt werden.<\/p>\n\n\n\n<p>Es wurden in diesem Jahr 20 Einsatz-Overals angekauft, wobei 10 St\u00fcck aus der FF-Kasse bezahlt wurden. Weiters wurde f\u00fcr den Schulungsraum eine Beamer und eine autom. Leinwand angekauft und montiert.<\/p>\n\n\n\n<p><br><br>Das Jahr 2012:<br><\/p>\n\n\n\n<p>Das Jahr 2012 war f\u00fcr unsere Wehr wieder ziemlich einsatzintensiv.<br>Wir wurden zu 26 Eins\u00e4tzen gerufen, bei denen rund 800 Stunden von den Kameraden geleistet wurden.<br>Es waren 7 Eins\u00e4tze durch Verkehrsunf\u00e4lle auf der S 36 und der Landesstrasse, wobei bei 2 Unf\u00e4llen die Fahrer nurmehr tot geborgen werden konnten.<\/p>\n\n\n\n<figure class=\"wp-block-image size-large\"><img loading=\"lazy\" decoding=\"async\" width=\"1024\" height=\"768\" src=\"https:\/\/ffkaisersberg.at\/wp-content\/uploads\/2022\/07\/imgp03561-1024x768.jpg\" alt=\"\" class=\"wp-image-311\" srcset=\"https:\/\/ff-kaisersberg.at\/wp-content\/uploads\/2022\/07\/imgp03561-1024x768.jpg 1024w, https:\/\/ff-kaisersberg.at\/wp-content\/uploads\/2022\/07\/imgp03561-300x225.jpg 300w, https:\/\/ff-kaisersberg.at\/wp-content\/uploads\/2022\/07\/imgp03561-768x576.jpg 768w, https:\/\/ff-kaisersberg.at\/wp-content\/uploads\/2022\/07\/imgp03561-1200x900.jpg 1200w, https:\/\/ff-kaisersberg.at\/wp-content\/uploads\/2022\/07\/imgp03561.jpg 1204w\" sizes=\"auto, (max-width: 1024px) 100vw, 1024px\" \/><\/figure>\n\n\n\n<figure class=\"wp-block-image size-large\"><img loading=\"lazy\" decoding=\"async\" width=\"1024\" height=\"768\" src=\"https:\/\/ffkaisersberg.at\/wp-content\/uploads\/2022\/07\/imgp0376-1-1024x768.jpg\" alt=\"\" class=\"wp-image-312\" srcset=\"https:\/\/ff-kaisersberg.at\/wp-content\/uploads\/2022\/07\/imgp0376-1-1024x768.jpg 1024w, https:\/\/ff-kaisersberg.at\/wp-content\/uploads\/2022\/07\/imgp0376-1-300x225.jpg 300w, https:\/\/ff-kaisersberg.at\/wp-content\/uploads\/2022\/07\/imgp0376-1-768x576.jpg 768w, https:\/\/ff-kaisersberg.at\/wp-content\/uploads\/2022\/07\/imgp0376-1-1200x900.jpg 1200w, https:\/\/ff-kaisersberg.at\/wp-content\/uploads\/2022\/07\/imgp0376-1.jpg 1204w\" sizes=\"auto, (max-width: 1024px) 100vw, 1024px\" \/><\/figure>\n\n\n\n<p>In der Zeit vom 17. bis 26. Juli waren wir durch das Hochwasser der Mur und dem Hartlgrabenbach besonders gefordert.<br>Sogar der Tankraum der Feuerwehr stand unter Wasser. Es wurden<br>von 120 Mann rund 500 Stunden f\u00fcr Verlegung von Sands\u00e4cken, Keller<br>auspumpen und reinigen, sowie Pelletsheizungen absichern, geleistet.<br>Im Murwald brannte der Wagon vollst\u00e4ndig ab, ein Paragleiter musste mittels einem Hubsteiger von einem Baum geborgen werden.<br><\/p>\n\n\n\n<figure class=\"wp-block-image size-large\"><img loading=\"lazy\" decoding=\"async\" width=\"1024\" height=\"768\" src=\"https:\/\/ffkaisersberg.at\/wp-content\/uploads\/2022\/07\/paragl6-1024x768.jpg\" alt=\"\" class=\"wp-image-313\" srcset=\"https:\/\/ff-kaisersberg.at\/wp-content\/uploads\/2022\/07\/paragl6-1024x768.jpg 1024w, https:\/\/ff-kaisersberg.at\/wp-content\/uploads\/2022\/07\/paragl6-300x225.jpg 300w, https:\/\/ff-kaisersberg.at\/wp-content\/uploads\/2022\/07\/paragl6-768x576.jpg 768w, https:\/\/ff-kaisersberg.at\/wp-content\/uploads\/2022\/07\/paragl6-1200x900.jpg 1200w, https:\/\/ff-kaisersberg.at\/wp-content\/uploads\/2022\/07\/paragl6.jpg 1204w\" sizes=\"auto, (max-width: 1024px) 100vw, 1024px\" \/><\/figure>\n\n\n\n<figure class=\"wp-block-image size-large\"><img loading=\"lazy\" decoding=\"async\" width=\"1024\" height=\"768\" src=\"https:\/\/ffkaisersberg.at\/wp-content\/uploads\/2022\/07\/paragl3-1024x768.jpg\" alt=\"\" class=\"wp-image-314\" srcset=\"https:\/\/ff-kaisersberg.at\/wp-content\/uploads\/2022\/07\/paragl3-1024x768.jpg 1024w, https:\/\/ff-kaisersberg.at\/wp-content\/uploads\/2022\/07\/paragl3-300x225.jpg 300w, https:\/\/ff-kaisersberg.at\/wp-content\/uploads\/2022\/07\/paragl3-768x576.jpg 768w, https:\/\/ff-kaisersberg.at\/wp-content\/uploads\/2022\/07\/paragl3-1200x900.jpg 1200w, https:\/\/ff-kaisersberg.at\/wp-content\/uploads\/2022\/07\/paragl3.jpg 1204w\" sizes=\"auto, (max-width: 1024px) 100vw, 1024px\" \/><\/figure>\n\n\n\n<p>Insgesamt wurden f\u00fcr Eins\u00e4tze, \u00dcbungen, Veranstaltungen, Reparatur und Wartungsarbeiten sowie Verwaltungsaufwand von HBI, OBI, Kassier und Schriftf\u00fchrer, 2640 Stunden aufgewandt. Weiters wurden noch 12 Plan\u00fcbungen, 11 Monatssitzungen, sowie unser Ball, mit der schon traditionellen Mitternachtseinlage, durchgef\u00fchrt. Die Almmesse musste diesmal wegen Regen und Hochwasser der Mur, um eine Woche verschoben werden und konnte noch im Juli durchgef\u00fchrt werden. Ein starkes Gewitter beendete diese aber bereits um 14.00 Uhr. Beim Faschingsumzug der Vereinsgemeinschaft nahmen wir als Clown`s teil.<br>Unsere Frauen n\u00e4hten f\u00fcr 30 Personen die Gew\u00e4nder. Der Florianitag, der THPL-Bewerb, das Spangerlschie\u00dfen des Abschnittes beim Gasthof Simb\u00fcrger, die Abschnitts\u00fcbung beim Anwesen Jantscher, sowie die Schluss\u00fcbung der beiden Wehren wurde ebenfalls von uns ausgerichtet.<\/p>\n\n\n\n<figure class=\"wp-block-image size-large\"><img loading=\"lazy\" decoding=\"async\" width=\"1024\" height=\"678\" src=\"https:\/\/ffkaisersberg.at\/wp-content\/uploads\/2022\/07\/dsc0152-1-1024x678.jpg\" alt=\"\" class=\"wp-image-316\" srcset=\"https:\/\/ff-kaisersberg.at\/wp-content\/uploads\/2022\/07\/dsc0152-1-1024x678.jpg 1024w, https:\/\/ff-kaisersberg.at\/wp-content\/uploads\/2022\/07\/dsc0152-1-300x199.jpg 300w, https:\/\/ff-kaisersberg.at\/wp-content\/uploads\/2022\/07\/dsc0152-1-768x508.jpg 768w, https:\/\/ff-kaisersberg.at\/wp-content\/uploads\/2022\/07\/dsc0152-1-1200x794.jpg 1200w, https:\/\/ff-kaisersberg.at\/wp-content\/uploads\/2022\/07\/dsc0152-1.jpg 1204w\" sizes=\"auto, (max-width: 1024px) 100vw, 1024px\" \/><\/figure>\n\n\n\n<figure class=\"wp-block-image size-large\"><img loading=\"lazy\" decoding=\"async\" width=\"1024\" height=\"678\" src=\"https:\/\/ffkaisersberg.at\/wp-content\/uploads\/2022\/07\/dsc0062-1024x678.jpg\" alt=\"\" class=\"wp-image-317\" srcset=\"https:\/\/ff-kaisersberg.at\/wp-content\/uploads\/2022\/07\/dsc0062-1024x678.jpg 1024w, https:\/\/ff-kaisersberg.at\/wp-content\/uploads\/2022\/07\/dsc0062-300x199.jpg 300w, https:\/\/ff-kaisersberg.at\/wp-content\/uploads\/2022\/07\/dsc0062-768x508.jpg 768w, https:\/\/ff-kaisersberg.at\/wp-content\/uploads\/2022\/07\/dsc0062-1200x794.jpg 1200w, https:\/\/ff-kaisersberg.at\/wp-content\/uploads\/2022\/07\/dsc0062.jpg 1204w\" sizes=\"auto, (max-width: 1024px) 100vw, 1024px\" \/><\/figure>\n\n\n\n<p>Die Kameraden Hochfellner Anton und Pichler Josef feierten ihren 80. Geburtstag. Im R\u00fcsthaus wurde ein Pissoir eingebaut und das Stiegenhaus von den Kameraden selbst ausgemalt.<br>Der gesamte Arbeitsaufwand der Kameraden in diesem Jahr betrug somit 4.323 Stunden. Als Probefeuerwehrmann wurde Kamerad Lorenzoni Martin aufgenommen. Ausgetreten ist FM. Hopf Benjamin.<br>Angekauft wurde ein Mast-Tauchpumpenset.<\/p>\n\n\n\n<p><br><br><strong>Das Jahr 2013:<\/strong><\/p>\n\n\n\n<p>Im Jahr 2013 wurde unsere Wehr zu 22 Eins\u00e4tzen gerufen, bei denen rund 320 Stunden von den Kameraden geleistet wurden.<br>Wir wurden zu 3 Verkehrsunf\u00e4lle auf der S 36 und der Landesstrasse, gerufen. Besonders arg waren diesmal die Sturmsch\u00e4den im Mai, September und Oktober im Pre\u00dfnitzgraben, Zm\u00f6llach und Windischbach Graben. Aufgrund dieser vermehrten Eins\u00e4tze, beschlossen wir 2. Motors\u00e4ge mit Zubeh\u00f6r ( 2 Sappel, Hacke, Schnittschutzhose usw.) zu kaufen.<\/p>\n\n\n\n<p>Weiters wurden wir zu 4 Brandeins\u00e4tzen gerufen. F\u00fcr Eins\u00e4tze, \u00dcbungen, Veranstaltungen, Reparatur- und Wartungsarbeiten sowie Verwaltungsaufwand von HBI, OBI, Kassier und Schriftf\u00fchrer, wurden 3210 Stunden aufgewandt. Weiters wurden noch 18 Plan- \u00fcbungen , 12 Monatssitzungen durchgef\u00fchrt. Unser traditioneller Feuerwehrball konnte nicht mehr durchgef\u00fchrt werden, da mit 31.12. 2012 das Gasthaus Zechner (Hofwirt) f\u00fcr immer geschlossen wurde. Dadurch wurde die Speisensegnung am Ostersamstag, das erste Mal in der Fahrzeughalle des R\u00fcsthauses durchgef\u00fchrt.<\/p>\n\n\n\n<figure class=\"wp-block-image size-large\"><img loading=\"lazy\" decoding=\"async\" width=\"1024\" height=\"768\" src=\"https:\/\/ffkaisersberg.at\/wp-content\/uploads\/2022\/07\/unwetter29720136-1024x768.jpg\" alt=\"\" class=\"wp-image-318\" srcset=\"https:\/\/ff-kaisersberg.at\/wp-content\/uploads\/2022\/07\/unwetter29720136-1024x768.jpg 1024w, https:\/\/ff-kaisersberg.at\/wp-content\/uploads\/2022\/07\/unwetter29720136-300x225.jpg 300w, https:\/\/ff-kaisersberg.at\/wp-content\/uploads\/2022\/07\/unwetter29720136-768x576.jpg 768w, https:\/\/ff-kaisersberg.at\/wp-content\/uploads\/2022\/07\/unwetter29720136-1200x900.jpg 1200w, https:\/\/ff-kaisersberg.at\/wp-content\/uploads\/2022\/07\/unwetter29720136.jpg 1204w\" sizes=\"auto, (max-width: 1024px) 100vw, 1024px\" \/><\/figure>\n\n\n\n<figure class=\"wp-block-image size-large\"><img loading=\"lazy\" decoding=\"async\" width=\"1024\" height=\"768\" src=\"https:\/\/ffkaisersberg.at\/wp-content\/uploads\/2022\/07\/unwetter19520134-1024x768.jpg\" alt=\"\" class=\"wp-image-319\" srcset=\"https:\/\/ff-kaisersberg.at\/wp-content\/uploads\/2022\/07\/unwetter19520134-1024x768.jpg 1024w, https:\/\/ff-kaisersberg.at\/wp-content\/uploads\/2022\/07\/unwetter19520134-300x225.jpg 300w, https:\/\/ff-kaisersberg.at\/wp-content\/uploads\/2022\/07\/unwetter19520134-768x576.jpg 768w, https:\/\/ff-kaisersberg.at\/wp-content\/uploads\/2022\/07\/unwetter19520134-1200x900.jpg 1200w, https:\/\/ff-kaisersberg.at\/wp-content\/uploads\/2022\/07\/unwetter19520134.jpg 1204w\" sizes=\"auto, (max-width: 1024px) 100vw, 1024px\" \/><\/figure>\n\n\n\n<figure class=\"wp-block-image size-large\"><img loading=\"lazy\" decoding=\"async\" width=\"765\" height=\"1024\" src=\"https:\/\/ffkaisersberg.at\/wp-content\/uploads\/2022\/07\/sturmschaden2972013-765x1024.jpg\" alt=\"\" class=\"wp-image-320\" srcset=\"https:\/\/ff-kaisersberg.at\/wp-content\/uploads\/2022\/07\/sturmschaden2972013-765x1024.jpg 765w, https:\/\/ff-kaisersberg.at\/wp-content\/uploads\/2022\/07\/sturmschaden2972013-224x300.jpg 224w, https:\/\/ff-kaisersberg.at\/wp-content\/uploads\/2022\/07\/sturmschaden2972013-768x1029.jpg 768w, https:\/\/ff-kaisersberg.at\/wp-content\/uploads\/2022\/07\/sturmschaden2972013.jpg 899w\" sizes=\"auto, (max-width: 765px) 100vw, 765px\" \/><\/figure>\n\n\n\n<p>Die Almmesse war endlich, nach 3 Jahren, wieder ein sch\u00f6ner Erfolg. Es war ein herrliches Wetter ganz ohne Gewitter. Im September probierten wir zu 1. Mal ein Herbstfest bei freiem Eintritt, in und vor dem R\u00fcsthaus, als Ersatz f\u00fcr den Ball.<br>Es wurde ein toller Erfolg und wird auch in diesem Jahr veranstaltet.<\/p>\n\n\n\n<figure class=\"wp-block-image size-large\"><img loading=\"lazy\" decoding=\"async\" width=\"1024\" height=\"768\" src=\"https:\/\/ffkaisersberg.at\/wp-content\/uploads\/2022\/07\/almmesse1336-1024x768.jpg\" alt=\"\" class=\"wp-image-321\" srcset=\"https:\/\/ff-kaisersberg.at\/wp-content\/uploads\/2022\/07\/almmesse1336-1024x768.jpg 1024w, https:\/\/ff-kaisersberg.at\/wp-content\/uploads\/2022\/07\/almmesse1336-300x225.jpg 300w, https:\/\/ff-kaisersberg.at\/wp-content\/uploads\/2022\/07\/almmesse1336-768x576.jpg 768w, https:\/\/ff-kaisersberg.at\/wp-content\/uploads\/2022\/07\/almmesse1336-1200x900.jpg 1200w, https:\/\/ff-kaisersberg.at\/wp-content\/uploads\/2022\/07\/almmesse1336.jpg 1204w\" sizes=\"auto, (max-width: 1024px) 100vw, 1024px\" \/><\/figure>\n\n\n\n<p><br>In der Fahrzeughalle wurde eine neues rostfreies Waschbecken und neue K\u00e4sten montiert, der Mannschaftsraum wurde von Kamerad P\u00f6tzl Franz ausgemalen und neu gestaltet. Der Mannschaftstand betrug 36 Mann, davon 6 Mann au\u00dfer Dienst und ein Jugendlicher. Kamerad Lorenzoni wurde angelobt, Wimberger Markus und Magritzer Patrick neu aufgenommen. Weiters wurde noch eine Mast-Tauchpumpe im Wert von 1.800,- \u20ac angekauft. Die Kameraden P\u00f6tzl Franz und Helmut Huber feierten ihren 50. bzw. 70. Geburtstag mit den Feuerwehrkameraden und Frauen im R\u00fcsthaus. Der gesamte Arbeitsaufwand der Kameraden in diesem Jahr betrug somit 4.349 Stunden.<br>Einen herzlichen Dank an alle Spender, die unsere Kameraden bei der<br>Haussammlung spendenfreudig empfangen haben.<\/p>\n\n\n\n<p><strong><br>Das Jahr 2014:<\/strong><\/p>\n\n\n\n<p>Das Jahr 2014 war im R\u00fcckblick, ein Jahr mit etwas weniger Eins\u00e4tzen.<br>Wir wurden zu 14 Eins\u00e4tzen, mit insgesamt 214 Stunden gerufen. Davon waren 5 Brandeins\u00e4tze, 3 Autounf\u00e4lle auf der S 36 und 2 Fahrzeugbergungen.<br>F\u00fcr Eins\u00e4tze,16 \u00dcbungen, Veranstaltungen, Reparatur- und Wartungsarbeiten, Kursbesuche, 14 Sitzungen, sowie der Verwaltungs- aufwand von HBI, OBI, Kassier und Schriftf\u00fchrer wurden von den Kameraden insgesamt 4278 Stunden aufgewandt.<br>Der Mannschaftsstand betr\u00e4gt zur Zeit 37 Mann, davon 30 Kameraden im Aktivstand, 6 Mann au\u00dfer Dienst (\u00fcber 65 Jahre) und 1 Mann Jugend Waldsam Stefanie und Fresner Sandra sind ausgetreten und 3 junge Kameraden konnten f\u00fcr die Wehr gewonnen werden. Es sind dies PFM Wolfgang Hofbauer, PFM Thomas Pretterhofer und PFM Stefan Richter,alle wohnhaft in der Kaisersbergerstra\u00dfe. Bei der Aus- und Weiterbildung waren die Kameraden OLM Lechner Joachim, LM Lirsch Andreas, LM Kisslinger Christoph und OLM Rainer Josef in Bruck bei einer Brand-Container\u00fcbung. LM Kramberger Wolfgang bei einer Digital-Funkschulung, OLM Lechner Christian beim Kommandantenlehrgang mit Pr\u00fcfung und Lorenzoni Martin Erst Hilfe Ausbildung, in der Feuerwehrschule Lebring.<\/p>\n\n\n\n<p>Die Speisensegnung zu Ostern und das Osterfeuer wurden im und beim R\u00fcsthaus gemacht.<\/p>\n\n\n\n<p>Die 40. Almmesse und das Herbstfest konnten bei sch\u00f6nen Wetter durchgef\u00fchrt werden und waren ein sch\u00f6ner Erfolg. In der Fahrzeughalle wurde von uns ein L\u00fcfter eingebaut und die Heizung inklusiv \u00d6lkeller musste repariert werden. Kamerad Steiner Josef feierte mit uns und den Frauen, seinen 70. Geburtstag im R\u00fcsthaus.<\/p>\n\n\n\n<figure class=\"wp-block-image size-large\"><img loading=\"lazy\" decoding=\"async\" width=\"1024\" height=\"683\" src=\"https:\/\/ffkaisersberg.at\/wp-content\/uploads\/2022\/07\/almmesse20144-1024x683.jpg\" alt=\"\" class=\"wp-image-322\" srcset=\"https:\/\/ff-kaisersberg.at\/wp-content\/uploads\/2022\/07\/almmesse20144-1024x683.jpg 1024w, https:\/\/ff-kaisersberg.at\/wp-content\/uploads\/2022\/07\/almmesse20144-300x200.jpg 300w, https:\/\/ff-kaisersberg.at\/wp-content\/uploads\/2022\/07\/almmesse20144-768x512.jpg 768w, https:\/\/ff-kaisersberg.at\/wp-content\/uploads\/2022\/07\/almmesse20144-1200x800.jpg 1200w, https:\/\/ff-kaisersberg.at\/wp-content\/uploads\/2022\/07\/almmesse20144.jpg 1204w\" sizes=\"auto, (max-width: 1024px) 100vw, 1024px\" \/><\/figure>\n\n\n\n<p>Unserer j\u00e4hrliche 4 t\u00e4gige Bergwanderung f\u00fchrte uns diesmal in das \u00d6tztal zur Breslauer H\u00fctte (2844m). Bei st\u00fcrmischem Wetter wurde der zweith\u00f6chste Berg \u00d6sterreichs, die Wildspitze 3770 m, bestiegen<\/p>\n\n\n\n<figure class=\"wp-block-image size-full\"><img loading=\"lazy\" decoding=\"async\" width=\"600\" height=\"800\" src=\"https:\/\/ffkaisersberg.at\/wp-content\/uploads\/2022\/07\/wandern2014foto11.jpg\" alt=\"\" class=\"wp-image-323\" srcset=\"https:\/\/ff-kaisersberg.at\/wp-content\/uploads\/2022\/07\/wandern2014foto11.jpg 600w, https:\/\/ff-kaisersberg.at\/wp-content\/uploads\/2022\/07\/wandern2014foto11-225x300.jpg 225w\" sizes=\"auto, (max-width: 600px) 100vw, 600px\" \/><\/figure>\n\n\n\n<p>Im September feierten wir im Zuge unseres 2. Herbstfestes unser 80-j\u00e4hriges Bestandsjubil\u00e4um.<\/p>\n\n\n\n<figure class=\"wp-block-image size-large\"><img loading=\"lazy\" decoding=\"async\" width=\"1024\" height=\"768\" src=\"https:\/\/ffkaisersberg.at\/wp-content\/uploads\/2022\/07\/herbstfest20148-1024x768.jpg\" alt=\"\" class=\"wp-image-324\" srcset=\"https:\/\/ff-kaisersberg.at\/wp-content\/uploads\/2022\/07\/herbstfest20148-1024x768.jpg 1024w, https:\/\/ff-kaisersberg.at\/wp-content\/uploads\/2022\/07\/herbstfest20148-300x225.jpg 300w, https:\/\/ff-kaisersberg.at\/wp-content\/uploads\/2022\/07\/herbstfest20148-768x576.jpg 768w, https:\/\/ff-kaisersberg.at\/wp-content\/uploads\/2022\/07\/herbstfest20148-1200x900.jpg 1200w, https:\/\/ff-kaisersberg.at\/wp-content\/uploads\/2022\/07\/herbstfest20148.jpg 1204w\" sizes=\"auto, (max-width: 1024px) 100vw, 1024px\" \/><\/figure>\n\n\n\n<p>Die Schluss\u00fcbung wurde gemeinsam mit der FF St. Stefan bei der Fa. Gabat durchgef\u00fchrt.<\/p>\n\n\n\n<figure class=\"wp-block-image size-large\"><img loading=\"lazy\" decoding=\"async\" width=\"1024\" height=\"768\" src=\"https:\/\/ffkaisersberg.at\/wp-content\/uploads\/2022\/07\/schlussuebung201425-1024x768.jpg\" alt=\"\" class=\"wp-image-325\" srcset=\"https:\/\/ff-kaisersberg.at\/wp-content\/uploads\/2022\/07\/schlussuebung201425-1024x768.jpg 1024w, https:\/\/ff-kaisersberg.at\/wp-content\/uploads\/2022\/07\/schlussuebung201425-300x225.jpg 300w, https:\/\/ff-kaisersberg.at\/wp-content\/uploads\/2022\/07\/schlussuebung201425-768x576.jpg 768w, https:\/\/ff-kaisersberg.at\/wp-content\/uploads\/2022\/07\/schlussuebung201425-1200x900.jpg 1200w, https:\/\/ff-kaisersberg.at\/wp-content\/uploads\/2022\/07\/schlussuebung201425.jpg 1204w\" sizes=\"auto, (max-width: 1024px) 100vw, 1024px\" \/><\/figure>\n\n\n\n<p>Es wurden auch wieder Ausr\u00fcstungsgegenst\u00e4nde und Bekleidung f\u00fcr unsere Kameraden neu gekauft.<br>Einen herzlichen Dank an alle Spender, die unsere Kameraden bei der Haussammlung spendenfreudig empfangen haben.<\/p>\n\n\n\n<p><strong>Das Jahr 2015<\/strong><\/p>\n\n\n\n<p>Das neue Jahr begann gleich mit den Vorbereitungen f\u00fcr den Faschings-Umzug am 14.02.2015. Es wurde geplant, Stoffe wurden bestellt und unser Frauen begannen sofort mit dem N\u00e4hen und wir machten einen Wagen. Wir gingen als Mexikaner.<\/p>\n\n\n\n<figure class=\"wp-block-image size-large\"><img loading=\"lazy\" decoding=\"async\" width=\"1024\" height=\"768\" src=\"https:\/\/ffkaisersberg.at\/wp-content\/uploads\/2022\/07\/fasching201524-1024x768.jpg\" alt=\"\" class=\"wp-image-326\" srcset=\"https:\/\/ff-kaisersberg.at\/wp-content\/uploads\/2022\/07\/fasching201524-1024x768.jpg 1024w, https:\/\/ff-kaisersberg.at\/wp-content\/uploads\/2022\/07\/fasching201524-300x225.jpg 300w, https:\/\/ff-kaisersberg.at\/wp-content\/uploads\/2022\/07\/fasching201524-768x576.jpg 768w, https:\/\/ff-kaisersberg.at\/wp-content\/uploads\/2022\/07\/fasching201524-1200x900.jpg 1200w, https:\/\/ff-kaisersberg.at\/wp-content\/uploads\/2022\/07\/fasching201524.jpg 1204w\" sizes=\"auto, (max-width: 1024px) 100vw, 1024px\" \/><\/figure>\n\n\n\n<p>Im M\u00e4rz bei der Jahreshauptversammlung musste ein neues Kommando gew\u00e4hlt werden, weil HBI Achamer aus Altersgr\u00fcnden zur\u00fccktreten musste. Es wurde OBI P\u00f6tzl Franz bei 26 Wahlberechtigten mit 25 Stimmen gew\u00e4hlt. Zu seinen Stellvertreter wurde OLM. Lirsch Andreas vorgeschlagen und mit 23 von 25 wahlberechtigten Kameraden gew\u00e4hlt. Beide nahmen die Wahl an. Wir danken unseren Kameraden, dass sie die Verantwortung f\u00fcr unsere Wehr \u00fcbernommen haben.<\/p>\n\n\n\n<div class=\"wp-block-columns is-layout-flex wp-container-core-columns-is-layout-9d6595d7 wp-block-columns-is-layout-flex\">\n<div class=\"wp-block-column is-layout-flow wp-block-column-is-layout-flow\">\n<figure class=\"wp-block-image size-large is-resized\"><img loading=\"lazy\" decoding=\"async\" width=\"579\" height=\"1024\" src=\"https:\/\/ffkaisersberg.at\/wp-content\/uploads\/2022\/07\/imag0835-579x1024.jpg\" alt=\"\" class=\"wp-image-327\" style=\"width:175px;height:310px\" srcset=\"https:\/\/ff-kaisersberg.at\/wp-content\/uploads\/2022\/07\/imag0835-579x1024.jpg 579w, https:\/\/ff-kaisersberg.at\/wp-content\/uploads\/2022\/07\/imag0835-170x300.jpg 170w, https:\/\/ff-kaisersberg.at\/wp-content\/uploads\/2022\/07\/imag0835.jpg 681w\" sizes=\"auto, (max-width: 579px) 100vw, 579px\" \/><figcaption class=\"wp-element-caption\"><strong>HBI Franz P\u00f6tzl&nbsp;<\/strong><\/figcaption><\/figure>\n<\/div>\n\n\n\n<div class=\"wp-block-column is-layout-flow wp-block-column-is-layout-flow\">\n<figure class=\"wp-block-image size-large is-resized\"><img loading=\"lazy\" decoding=\"async\" width=\"579\" height=\"1024\" src=\"https:\/\/ffkaisersberg.at\/wp-content\/uploads\/2022\/07\/imag0851-579x1024.jpg\" alt=\"\" class=\"wp-image-328\" style=\"width:176px;height:311px\" srcset=\"https:\/\/ff-kaisersberg.at\/wp-content\/uploads\/2022\/07\/imag0851-579x1024.jpg 579w, https:\/\/ff-kaisersberg.at\/wp-content\/uploads\/2022\/07\/imag0851-170x300.jpg 170w, https:\/\/ff-kaisersberg.at\/wp-content\/uploads\/2022\/07\/imag0851.jpg 681w\" sizes=\"auto, (max-width: 579px) 100vw, 579px\" \/><figcaption class=\"wp-element-caption\"><strong>OBI Andreas Lirsch<\/strong><br><\/figcaption><\/figure>\n<\/div>\n<\/div>\n\n\n\n<h1 class=\"wp-block-heading\">Mannschaft der FF-Kaisersberg 7. M\u00e4rz 2015<\/h1>\n\n\n\n<figure class=\"wp-block-image size-full\"><img loading=\"lazy\" decoding=\"async\" width=\"470\" height=\"311\" src=\"https:\/\/ffkaisersberg.at\/wp-content\/uploads\/2022\/07\/mannschaft2015_470.jpg\" alt=\"\" class=\"wp-image-329\" srcset=\"https:\/\/ff-kaisersberg.at\/wp-content\/uploads\/2022\/07\/mannschaft2015_470.jpg 470w, https:\/\/ff-kaisersberg.at\/wp-content\/uploads\/2022\/07\/mannschaft2015_470-300x199.jpg 300w\" sizes=\"auto, (max-width: 470px) 100vw, 470px\" \/><\/figure>\n\n\n\n<h3 class=\"wp-block-heading\">&nbsp;<\/h3>\n\n\n\n<p>Es konnten 5 Jungfeuerwehrm\u00e4nner f\u00fcr die Feuerwehr begeistert werden. Es sind dies Jansenberger Fabian, Lirsch Dominik, Neissl Jon, Lechner Daniel und Tschinkel Christopher und haben nun eine Mannschaftsst\u00e4rke von 39 Mann.<\/p>\n\n\n\n<figure class=\"wp-block-image size-large\"><img loading=\"lazy\" decoding=\"async\" width=\"1024\" height=\"683\" src=\"https:\/\/ffkaisersberg.at\/wp-content\/uploads\/2022\/07\/ffjugend2015-1024x683.jpg\" alt=\"\" class=\"wp-image-330\" srcset=\"https:\/\/ff-kaisersberg.at\/wp-content\/uploads\/2022\/07\/ffjugend2015-1024x683.jpg 1024w, https:\/\/ff-kaisersberg.at\/wp-content\/uploads\/2022\/07\/ffjugend2015-300x200.jpg 300w, https:\/\/ff-kaisersberg.at\/wp-content\/uploads\/2022\/07\/ffjugend2015-768x512.jpg 768w, https:\/\/ff-kaisersberg.at\/wp-content\/uploads\/2022\/07\/ffjugend2015-1200x800.jpg 1200w, https:\/\/ff-kaisersberg.at\/wp-content\/uploads\/2022\/07\/ffjugend2015.jpg 1204w\" sizes=\"auto, (max-width: 1024px) 100vw, 1024px\" \/><\/figure>\n\n\n\n<p>29 aktive Kameraden, 5 Mann au\u00dfer Dienst und 5 Mann Jugend.<br>Kamerad P\u00f6tzl Steve ist aus privaten Gr\u00fcnden ausgetreten. Leider ist unser langj\u00e4hriger Kamerad Josef Pichler im 84 Lebensjahr verstorben, mit ihm verlieren wir einen wertvollen und beliebten Kameraden.<br>17 Kameraden haben bei Aus-und Weiterbildung die verschiedensten Kurse in der Feuerwehrschule Lebring besucht, GAB I, GAB II, Erste Hilfe Kurse, sowie Lehrg\u00e4nge f\u00fcr Sanit\u00e4ter, Technik I, Atemschutz und<br>Feuerwehrkassier. In diesem Jahr wurden wir von gr\u00f6\u00dferen Eins\u00e4tzen verschont. So hatten wir 15 Eins\u00e4tze, wie Autobergung, einige Wind- w\u00fcrfe, 1 Forstunfall, Kanal Freimachung, Wasserrohrbr\u00fcche, Verkehr Regelung und 18 Wespennester zu entfernen.<\/p>\n\n\n\n<p>Weiters wurden f\u00fcr die Haussammlung im Ortsgebiet, Faschingsumzug, Osterfeuer und Speisensegnung im R\u00fcsthaus, Florianitag, Almmesse, Herbstfest, sowie Verwaltungsaufwand von HBI, OBI, Kassier und Schriftf\u00fchrer 2570 Stunden aufgewandt. Es wurden 14 Sitzungen abgehalten und Plan\u00fcbungen, Atemschutz-Funk- und Allgemein\u00fcbungen mit 865 Stunden durchgef\u00fchrt.<\/p>\n\n\n\n<p>Am 20.05.2015 hatten wir die traurige Pflicht unseren langj\u00e4hrigen Kameraden&nbsp;<strong>HLM Pichler Josef<\/strong>&nbsp;das letzte Geleit zu erweisen. Kamerad Pichler Josef war am 16.05.2015 nach schwerer Krankheit verstorben. Wir werden unseren Sepp stets als hilfsbereiten, flei\u00dfigen und bescheidenen Kameraden in Erinnerung behalten.<\/p>\n\n\n\n<p>Mit Stolz konnten wir in diesem Jahr wieder eine Wettkampfgruppe stellen,<br>die beim Bereichsfeuerwehrtag in Vordernberg erfolgreich teilnehmen hat.<\/p>\n\n\n\n<figure class=\"wp-block-image size-full\"><img loading=\"lazy\" decoding=\"async\" width=\"470\" height=\"265\" src=\"https:\/\/ffkaisersberg.at\/wp-content\/uploads\/2022\/07\/imag1014_470.jpg\" alt=\"\" class=\"wp-image-331\" srcset=\"https:\/\/ff-kaisersberg.at\/wp-content\/uploads\/2022\/07\/imag1014_470.jpg 470w, https:\/\/ff-kaisersberg.at\/wp-content\/uploads\/2022\/07\/imag1014_470-300x169.jpg 300w\" sizes=\"auto, (max-width: 470px) 100vw, 470px\" \/><\/figure>\n\n\n\n<p>Der Stunden Gesamtaufwand f\u00fcr alle T\u00e4tigkeiten in der Feuerwehr betrug 5085 Stunden. In diesem Jahr wurde der Digital-Funk im ganzen Land eingef\u00fchrt. Die Fahrzeugfunkger\u00e4te und 2 Handfunkger\u00e4te wurden bezahlt. Den Einbau in die Fahrzeuge, sowie ein weiteres Funkger\u00e4t mussten wir selbst bezahlen. Weiters wurden 16 Einsatz Hosen und 2 Funkger\u00e4te f\u00fcr die Atemschutz Tr\u00e4ger ben\u00f6tigt, sowie die Ausr\u00fcstung unsere Feuerwehr Jugend, welche wir aus unserer Feuerwehrkasse mit einem Betrag von 8.200.- \u20ac selbst bezahlt haben. Darum nochmals herzlichen Dank an alle unsere G\u00f6nner und Spendern bei der Haus Sammlung, man sieht auch, dass dieses Spendengeld gut angelegt ist.<\/p>\n\n\n\n<p><br>Unsere traditionelle 4-Tages Bergtour f\u00fchrte uns diesmal nach Sulden in S\u00fcdtirol, ins Ortlergebiet, wo wir von der Schaubachh\u00fctte aus, einige 3000 besteigen konnten.<\/p>\n\n\n\n<figure class=\"wp-block-image size-full\"><img loading=\"lazy\" decoding=\"async\" width=\"470\" height=\"352\" src=\"https:\/\/ffkaisersberg.at\/wp-content\/uploads\/2022\/07\/wandern201523_470.jpg\" alt=\"\" class=\"wp-image-332\" srcset=\"https:\/\/ff-kaisersberg.at\/wp-content\/uploads\/2022\/07\/wandern201523_470.jpg 470w, https:\/\/ff-kaisersberg.at\/wp-content\/uploads\/2022\/07\/wandern201523_470-300x225.jpg 300w\" sizes=\"auto, (max-width: 470px) 100vw, 470px\" \/><\/figure>\n\n\n\n<p>Die allj\u00e4hrliche Silvesterwanderung auf die Weiglmoar Alm beendete das Jahr 2015.<\/p>\n\n\n\n<hr class=\"wp-block-separator has-alpha-channel-opacity\"\/>\n\n\n\n<p>Chronik, 2016<\/p>\n\n\n\n<p>Im Mai fand der Florianitag in der Hinterlobming statt. Viele Kameraden<\/p>\n\n\n\n<p>waren bei sch\u00f6nem Wetter zusammengekommen, um den heiligen Florian f\u00fcr das abgelaufene Jahr zu danken. Im Zuge der Ehrungen wurden zwei Kameraden unserer Wehr besonders geehrt und mit Urkunden und Ehrengeschenken bedacht.<\/p>\n\n\n\n<p>EHBI Achamer Johann wurde f\u00fcrs eine 20-j\u00e4hrigeT\u00e4tigkeit als<\/p>\n\n\n\n<p>Kommandant der Feuerwehr, in dessen \u00c4ra im Besonderen der<\/p>\n\n\n\n<p>R\u00fcsthausumbau und die Neuanschaffung zweier Feuerwehr Fahrzeuge<\/p>\n\n\n\n<p>f\u00e4llt, geehrt.<\/p>\n\n\n\n<p>EHBM Huber Helmut wurde f\u00fcr seine langj\u00e4hrige T\u00e4tigkeit als OBI und<\/p>\n\n\n\n<p>24-j\u00e4hrige T\u00e4tigkeit als Kassier und auch f\u00fcr sein Jahrzehntelanges<\/p>\n\n\n\n<p>Wirken im Ausschuss zum Wohle der Kameraden geehrt.<\/p>\n\n\n\n<figure class=\"wp-block-image size-large\"><img loading=\"lazy\" decoding=\"async\" width=\"1024\" height=\"683\" src=\"https:\/\/ffkaisersberg.at\/wp-content\/uploads\/2022\/07\/DSC00849-1024x683.jpg\" alt=\"\" class=\"wp-image-335\" srcset=\"https:\/\/ff-kaisersberg.at\/wp-content\/uploads\/2022\/07\/DSC00849-1024x683.jpg 1024w, https:\/\/ff-kaisersberg.at\/wp-content\/uploads\/2022\/07\/DSC00849-300x200.jpg 300w, https:\/\/ff-kaisersberg.at\/wp-content\/uploads\/2022\/07\/DSC00849-768x512.jpg 768w, https:\/\/ff-kaisersberg.at\/wp-content\/uploads\/2022\/07\/DSC00849-1200x800.jpg 1200w, https:\/\/ff-kaisersberg.at\/wp-content\/uploads\/2022\/07\/DSC00849.jpg 1500w\" sizes=\"auto, (max-width: 1024px) 100vw, 1024px\" \/><\/figure>\n\n\n\n<figure class=\"wp-block-image size-large\"><img loading=\"lazy\" decoding=\"async\" width=\"1024\" height=\"683\" src=\"https:\/\/ffkaisersberg.at\/wp-content\/uploads\/2022\/07\/DSC00856-1024x683.jpg\" alt=\"\" class=\"wp-image-334\" srcset=\"https:\/\/ff-kaisersberg.at\/wp-content\/uploads\/2022\/07\/DSC00856-1024x683.jpg 1024w, https:\/\/ff-kaisersberg.at\/wp-content\/uploads\/2022\/07\/DSC00856-300x200.jpg 300w, https:\/\/ff-kaisersberg.at\/wp-content\/uploads\/2022\/07\/DSC00856-768x512.jpg 768w, https:\/\/ff-kaisersberg.at\/wp-content\/uploads\/2022\/07\/DSC00856-1200x800.jpg 1200w, https:\/\/ff-kaisersberg.at\/wp-content\/uploads\/2022\/07\/DSC00856.jpg 1500w\" sizes=\"auto, (max-width: 1024px) 100vw, 1024px\" \/><\/figure>\n\n\n\n<figure class=\"wp-block-image size-large\"><img loading=\"lazy\" decoding=\"async\" width=\"1024\" height=\"683\" src=\"https:\/\/ffkaisersberg.at\/wp-content\/uploads\/2022\/07\/DSC00861-1024x683.jpg\" alt=\"\" class=\"wp-image-333\" srcset=\"https:\/\/ff-kaisersberg.at\/wp-content\/uploads\/2022\/07\/DSC00861-1024x683.jpg 1024w, https:\/\/ff-kaisersberg.at\/wp-content\/uploads\/2022\/07\/DSC00861-300x200.jpg 300w, https:\/\/ff-kaisersberg.at\/wp-content\/uploads\/2022\/07\/DSC00861-768x512.jpg 768w, https:\/\/ff-kaisersberg.at\/wp-content\/uploads\/2022\/07\/DSC00861-1200x800.jpg 1200w, https:\/\/ff-kaisersberg.at\/wp-content\/uploads\/2022\/07\/DSC00861.jpg 1500w\" sizes=\"auto, (max-width: 1024px) 100vw, 1024px\" \/><\/figure>\n\n\n\n<p>&nbsp;Beide Kameraden z\u00e4hlen aber noch lange nicht zum alten Eisen und<\/p>\n\n\n\n<p>sind noch immer eine St\u00fctze unserer Wehr.<\/p>\n\n\n\n<p>&nbsp;Am 16.04. fand die Abschnitts\u00fcbung in Kaisersberg statt. Beim Anwesen<\/p>\n\n\n\n<p>Fresner Franz und Christa auf der Zm\u00f6llach waren die Feuerwehren des<\/p>\n\n\n\n<p>Abschnittes St. Michael eingesetzt. Schon bei der Anfahrt \u00fcber die Ruine<\/p>\n\n\n\n<p>musste ein umgest\u00fcrzter Baum entfernt werden. Am Geh\u00f6ft<\/p>\n\n\n\n<p>angekommen, musste eine L\u00f6schleitung vom unteren Fischteich zum<\/p>\n\n\n\n<p>Wohnhaus gelegt werden. In der Zwischenzeit wurde eine H\u00f6henrettung<\/p>\n\n\n\n<p>vom Ger\u00e4teschuppen durchgef\u00fchrt. Auch schwerer Atemschutz war<\/p>\n\n\n\n<p>eingesetzt.<\/p>\n\n\n\n<p>&nbsp;Im Juli war unsere traditionelle Weiglmoar Alm Messe, trotz starker<\/p>\n\n\n\n<p>Bew\u00f6lkung, wieder ein voller Erfolg.<\/p>\n\n\n\n<figure class=\"wp-block-image size-large\"><img loading=\"lazy\" decoding=\"async\" width=\"1024\" height=\"768\" src=\"https:\/\/ffkaisersberg.at\/wp-content\/uploads\/2022\/07\/P7174240-1024x768.jpg\" alt=\"\" class=\"wp-image-337\" srcset=\"https:\/\/ff-kaisersberg.at\/wp-content\/uploads\/2022\/07\/P7174240-1024x768.jpg 1024w, https:\/\/ff-kaisersberg.at\/wp-content\/uploads\/2022\/07\/P7174240-300x225.jpg 300w, https:\/\/ff-kaisersberg.at\/wp-content\/uploads\/2022\/07\/P7174240-768x576.jpg 768w, https:\/\/ff-kaisersberg.at\/wp-content\/uploads\/2022\/07\/P7174240-1536x1152.jpg 1536w, https:\/\/ff-kaisersberg.at\/wp-content\/uploads\/2022\/07\/P7174240-2048x1536.jpg 2048w, https:\/\/ff-kaisersberg.at\/wp-content\/uploads\/2022\/07\/P7174240-1200x900.jpg 1200w, https:\/\/ff-kaisersberg.at\/wp-content\/uploads\/2022\/07\/P7174240-1980x1485.jpg 1980w\" sizes=\"auto, (max-width: 1024px) 100vw, 1024px\" \/><figcaption class=\"wp-element-caption\">OLYMPUS DIGITAL CAMERA<\/figcaption><\/figure>\n\n\n\n<figure class=\"wp-block-image size-large\"><img loading=\"lazy\" decoding=\"async\" width=\"1024\" height=\"768\" src=\"https:\/\/ffkaisersberg.at\/wp-content\/uploads\/2022\/07\/P7174243-1024x768.jpg\" alt=\"\" class=\"wp-image-336\" srcset=\"https:\/\/ff-kaisersberg.at\/wp-content\/uploads\/2022\/07\/P7174243-1024x768.jpg 1024w, https:\/\/ff-kaisersberg.at\/wp-content\/uploads\/2022\/07\/P7174243-300x225.jpg 300w, https:\/\/ff-kaisersberg.at\/wp-content\/uploads\/2022\/07\/P7174243-768x576.jpg 768w, https:\/\/ff-kaisersberg.at\/wp-content\/uploads\/2022\/07\/P7174243-1536x1152.jpg 1536w, https:\/\/ff-kaisersberg.at\/wp-content\/uploads\/2022\/07\/P7174243-2048x1536.jpg 2048w, https:\/\/ff-kaisersberg.at\/wp-content\/uploads\/2022\/07\/P7174243-1200x900.jpg 1200w, https:\/\/ff-kaisersberg.at\/wp-content\/uploads\/2022\/07\/P7174243-1980x1485.jpg 1980w\" sizes=\"auto, (max-width: 1024px) 100vw, 1024px\" \/><figcaption class=\"wp-element-caption\">OLYMPUS DIGITAL CAMERA<\/figcaption><\/figure>\n\n\n\n<p>Im Juli kamen zwei Quereinsteiger zur Feuerwehr, Scherer Fritz und<\/p>\n\n\n\n<p>Lirsch J\u00fcrgen, sie wurden mit Freude von den Kameraden<\/p>\n\n\n\n<p>aufgenommen.<\/p>\n\n\n\n<p>Im August f\u00fchrte uns unserer allj\u00e4hrlicher Bergausflug, auf die Tauplitz<\/p>\n\n\n\n<p>Alm, zum Kirchenwirt. Von hier aus konnten wir eine sch\u00f6ne Klettertour<\/p>\n\n\n\n<p>und einige Wanderungen rund um die Bergseen und auf den Traweng<\/p>\n\n\n\n<p>unternehmen<\/p>\n\n\n\n<figure class=\"wp-block-image size-large\"><img loading=\"lazy\" decoding=\"async\" width=\"1024\" height=\"768\" src=\"https:\/\/ffkaisersberg.at\/wp-content\/uploads\/2022\/07\/P8194440-1024x768.jpg\" alt=\"\" class=\"wp-image-338\" srcset=\"https:\/\/ff-kaisersberg.at\/wp-content\/uploads\/2022\/07\/P8194440-1024x768.jpg 1024w, https:\/\/ff-kaisersberg.at\/wp-content\/uploads\/2022\/07\/P8194440-300x225.jpg 300w, https:\/\/ff-kaisersberg.at\/wp-content\/uploads\/2022\/07\/P8194440-768x576.jpg 768w, https:\/\/ff-kaisersberg.at\/wp-content\/uploads\/2022\/07\/P8194440-1536x1152.jpg 1536w, https:\/\/ff-kaisersberg.at\/wp-content\/uploads\/2022\/07\/P8194440-2048x1536.jpg 2048w, https:\/\/ff-kaisersberg.at\/wp-content\/uploads\/2022\/07\/P8194440-1200x900.jpg 1200w, https:\/\/ff-kaisersberg.at\/wp-content\/uploads\/2022\/07\/P8194440-1980x1485.jpg 1980w\" sizes=\"auto, (max-width: 1024px) 100vw, 1024px\" \/><figcaption class=\"wp-element-caption\">OLYMPUS DIGITAL CAMERA<\/figcaption><\/figure>\n\n\n\n<figure class=\"wp-block-image size-large\"><img loading=\"lazy\" decoding=\"async\" width=\"1024\" height=\"768\" src=\"https:\/\/ffkaisersberg.at\/wp-content\/uploads\/2022\/07\/P8194422-1024x768.jpg\" alt=\"\" class=\"wp-image-339\" srcset=\"https:\/\/ff-kaisersberg.at\/wp-content\/uploads\/2022\/07\/P8194422-1024x768.jpg 1024w, https:\/\/ff-kaisersberg.at\/wp-content\/uploads\/2022\/07\/P8194422-300x225.jpg 300w, https:\/\/ff-kaisersberg.at\/wp-content\/uploads\/2022\/07\/P8194422-768x576.jpg 768w, https:\/\/ff-kaisersberg.at\/wp-content\/uploads\/2022\/07\/P8194422-1536x1152.jpg 1536w, https:\/\/ff-kaisersberg.at\/wp-content\/uploads\/2022\/07\/P8194422-2048x1536.jpg 2048w, https:\/\/ff-kaisersberg.at\/wp-content\/uploads\/2022\/07\/P8194422-1200x900.jpg 1200w, https:\/\/ff-kaisersberg.at\/wp-content\/uploads\/2022\/07\/P8194422-1980x1485.jpg 1980w\" sizes=\"auto, (max-width: 1024px) 100vw, 1024px\" \/><figcaption class=\"wp-element-caption\">OLYMPUS DIGITAL CAMERA<\/figcaption><\/figure>\n\n\n\n<p>Im September hatten wir, im und vor dem R\u00fcsthaus, unser Herbstfest mit<\/p>\n\n\n\n<p>Sturm und Maroni, bei freiem Eintritt.<\/p>\n\n\n\n<p>Viele waren gekommen, um die neue Kaisersberger Feuerwehr Suppe in<\/p>\n\n\n\n<p>Brotsch\u00fcsserl zu probieren und waren begeistert.<\/p>\n\n\n\n<p>Zum Jahresabschluss wanderten wir zu Silvester, bei herrlichem Wetter<\/p>\n\n\n\n<p>zur Weiglmoaralm, Busslh\u00fctte und weiter zu Fam. Fresner.<\/p>\n\n\n\n<figure class=\"wp-block-image size-large\"><img loading=\"lazy\" decoding=\"async\" width=\"1024\" height=\"768\" src=\"https:\/\/ffkaisersberg.at\/wp-content\/uploads\/2022\/07\/PC315010-1024x768.jpg\" alt=\"\" class=\"wp-image-340\" srcset=\"https:\/\/ff-kaisersberg.at\/wp-content\/uploads\/2022\/07\/PC315010-1024x768.jpg 1024w, https:\/\/ff-kaisersberg.at\/wp-content\/uploads\/2022\/07\/PC315010-300x225.jpg 300w, https:\/\/ff-kaisersberg.at\/wp-content\/uploads\/2022\/07\/PC315010-768x576.jpg 768w, https:\/\/ff-kaisersberg.at\/wp-content\/uploads\/2022\/07\/PC315010-1536x1152.jpg 1536w, https:\/\/ff-kaisersberg.at\/wp-content\/uploads\/2022\/07\/PC315010-2048x1536.jpg 2048w, https:\/\/ff-kaisersberg.at\/wp-content\/uploads\/2022\/07\/PC315010-1200x900.jpg 1200w, https:\/\/ff-kaisersberg.at\/wp-content\/uploads\/2022\/07\/PC315010-1980x1485.jpg 1980w\" sizes=\"auto, (max-width: 1024px) 100vw, 1024px\" \/><figcaption class=\"wp-element-caption\">OLYMPUS DIGITAL CAMERA<\/figcaption><\/figure>\n\n\n\n<figure class=\"wp-block-image size-large\"><img loading=\"lazy\" decoding=\"async\" width=\"1024\" height=\"768\" src=\"https:\/\/ffkaisersberg.at\/wp-content\/uploads\/2022\/07\/PC315007-1024x768.jpg\" alt=\"\" class=\"wp-image-341\" srcset=\"https:\/\/ff-kaisersberg.at\/wp-content\/uploads\/2022\/07\/PC315007-1024x768.jpg 1024w, https:\/\/ff-kaisersberg.at\/wp-content\/uploads\/2022\/07\/PC315007-300x225.jpg 300w, https:\/\/ff-kaisersberg.at\/wp-content\/uploads\/2022\/07\/PC315007-768x576.jpg 768w, https:\/\/ff-kaisersberg.at\/wp-content\/uploads\/2022\/07\/PC315007-1536x1152.jpg 1536w, https:\/\/ff-kaisersberg.at\/wp-content\/uploads\/2022\/07\/PC315007-2048x1536.jpg 2048w, https:\/\/ff-kaisersberg.at\/wp-content\/uploads\/2022\/07\/PC315007-1200x900.jpg 1200w, https:\/\/ff-kaisersberg.at\/wp-content\/uploads\/2022\/07\/PC315007-1980x1485.jpg 1980w\" sizes=\"auto, (max-width: 1024px) 100vw, 1024px\" \/><figcaption class=\"wp-element-caption\">OLYMPUS DIGITAL CAMERA<\/figcaption><\/figure>\n\n\n\n<hr class=\"wp-block-separator has-alpha-channel-opacity\"\/>\n\n\n\n<p><strong>Das Jahr 2017:<\/strong><\/p>\n\n\n\n<p>Im Februar 2017 durfte unser Kommandant zwei neue Mitglieder begr\u00fc\u00dfen:<br>Tatschl Sebastian und G\u00f6tschl Florian entschieden sich der FF Kaisersberg beizutreten und wurden einstimmig als Probefeuerwehrm\u00e4nner aufgenommen.<\/p>\n\n\n\n<p>Die Wehrversammlung 2017 brachte Neuwahlen mit sich:&nbsp;<strong>HBI P\u00f6tzl Franz<\/strong>&nbsp;wurde einstimmig in seinem Amt best\u00e4tigt,&nbsp;<strong>OBI Lirsch Andreas<\/strong>&nbsp;wurde mehrheitlich wiedergew\u00e4hlt.<\/p>\n\n\n\n<p>&nbsp;Wir wurden zu 27 Eins\u00e4tzen gerufen. Davon waren 24 technische und Eins\u00e4tze und 3 Brandeins\u00e4tze<\/p>\n\n\n\n<p>Mit Stolz wurde die FF Kaisersberg beim Bereichsfeuerwehrleistungsbewerb in St.Michael am 27.05.2017 durch eine Wettkampftruppe vertreten.<br>Die monatelangen \u00dcbungen wurden letztendlich durch den Sieg in Bronze B belohnt.<\/p>\n\n\n\n<p>Die erfolgreiche Truppe:<\/p>\n\n\n\n<figure class=\"wp-block-image size-large\"><img loading=\"lazy\" decoding=\"async\" width=\"1024\" height=\"576\" src=\"https:\/\/ffkaisersberg.at\/wp-content\/uploads\/2022\/07\/WhatsApp-Image-2017-06-02-at-23.19.48-16-1024x576.jpg\" alt=\"\" class=\"wp-image-342\" srcset=\"https:\/\/ff-kaisersberg.at\/wp-content\/uploads\/2022\/07\/WhatsApp-Image-2017-06-02-at-23.19.48-16-1024x576.jpg 1024w, https:\/\/ff-kaisersberg.at\/wp-content\/uploads\/2022\/07\/WhatsApp-Image-2017-06-02-at-23.19.48-16-300x169.jpg 300w, https:\/\/ff-kaisersberg.at\/wp-content\/uploads\/2022\/07\/WhatsApp-Image-2017-06-02-at-23.19.48-16-768x432.jpg 768w, https:\/\/ff-kaisersberg.at\/wp-content\/uploads\/2022\/07\/WhatsApp-Image-2017-06-02-at-23.19.48-16-1536x864.jpg 1536w, https:\/\/ff-kaisersberg.at\/wp-content\/uploads\/2022\/07\/WhatsApp-Image-2017-06-02-at-23.19.48-16-1200x675.jpg 1200w, https:\/\/ff-kaisersberg.at\/wp-content\/uploads\/2022\/07\/WhatsApp-Image-2017-06-02-at-23.19.48-16.jpg 1599w\" sizes=\"auto, (max-width: 1024px) 100vw, 1024px\" \/><\/figure>\n\n\n\n<p>Hinten stehend, v.l.: OLM Rainer Josef, BM Lechner Christian, FM Scherer Fritz, OFM Saiger Dominik<\/p>\n\n\n\n<p>Vorne hockend, v.l.: PFM G\u00f6tschl Florian, FM Lorenzoni Martin, OFM Omer Christopher, FM Lirsch J\u00fcrgen, FM Hofbauer Wolfgang<\/p>\n\n\n\n<hr class=\"wp-block-separator has-alpha-channel-opacity\"\/>\n\n\n\n<p>Besonders intensiv waren Unwettersch\u00e4den im August, wo der Hartlbach<\/p>\n\n\n\n<p>Aus dem Ufer trat und die Eisenbahnunterf\u00fchrung, sowie den Durchgang<\/p>\n\n\n\n<p>Der S 36 \u00fcberflutete. Mehrere Keller mussten ausgepumpt werden und<\/p>\n\n\n\n<p>viele Stra\u00dfen und Durchl\u00e4sse gereinigt werden. Sturmsch\u00e4den wurden beseitigt und mehrere Fahrzeuge geborgen.<\/p>\n\n\n\n<figure class=\"wp-block-image size-large\"><img loading=\"lazy\" decoding=\"async\" width=\"1024\" height=\"576\" src=\"https:\/\/ffkaisersberg.at\/wp-content\/uploads\/2022\/07\/unwetter_hartlbach_2019-1024x576.jpg\" alt=\"\" class=\"wp-image-343\" srcset=\"https:\/\/ff-kaisersberg.at\/wp-content\/uploads\/2022\/07\/unwetter_hartlbach_2019-1024x576.jpg 1024w, https:\/\/ff-kaisersberg.at\/wp-content\/uploads\/2022\/07\/unwetter_hartlbach_2019-300x169.jpg 300w, https:\/\/ff-kaisersberg.at\/wp-content\/uploads\/2022\/07\/unwetter_hartlbach_2019-768x432.jpg 768w, https:\/\/ff-kaisersberg.at\/wp-content\/uploads\/2022\/07\/unwetter_hartlbach_2019-1536x864.jpg 1536w, https:\/\/ff-kaisersberg.at\/wp-content\/uploads\/2022\/07\/unwetter_hartlbach_2019-2048x1152.jpg 2048w, https:\/\/ff-kaisersberg.at\/wp-content\/uploads\/2022\/07\/unwetter_hartlbach_2019-1200x675.jpg 1200w, https:\/\/ff-kaisersberg.at\/wp-content\/uploads\/2022\/07\/unwetter_hartlbach_2019-1980x1114.jpg 1980w\" sizes=\"auto, (max-width: 1024px) 100vw, 1024px\" \/><\/figure>\n\n\n\n<hr class=\"wp-block-separator has-alpha-channel-opacity\"\/>\n\n\n\n<p>Es wurden 18 Plan\u00fcbungen durchgef\u00fchrt. Davon waren 5 Atemschutz<\/p>\n\n\n\n<p>\u00dcbungen, 8 techn. \u00dcbungen, 4 Gesamt\u00fcbungen, eine Begehung der Stollen im Grafitbergbau sowie eine Alarm\u00fcbung im Gleinalmtunnel. ES wurde noch eine gemeinsame \u00dcbung mit der FF St. Stefan und der<\/p>\n\n\n\n<p>Bergrettung in der Hinterlobming durchgef\u00fchrt<\/p>\n\n\n\n<hr class=\"wp-block-separator has-alpha-channel-opacity\"\/>\n\n\n\n<p>Weiters wurden 11 Monatssitzungen und 3 Ausschusssitzungen abge-<\/p>\n\n\n\n<p>halten. Die Almmesse im Juli war rekordverd\u00e4chtig. So viele Besucher<\/p>\n\n\n\n<p>Konnten wir noch nie auf der Weiglmoar Alm begr\u00fc\u00dfen.<\/p>\n\n\n\n<p>Auch unser Herbstfest im September ist zufriedenstellend verlaufen.<\/p>\n\n\n\n<p>Die 4-Tage Wanderung f\u00fchrte uns diesmal nach Mallnitz ins Ankogel<\/p>\n\n\n\n<p>Gebiet, zum Hannoverhaus auf 2565 m. Bei herrlichem Wetter konnte auch ein 3000er bestiegen werden.<\/p>\n\n\n\n<figure class=\"wp-block-image size-large\"><img loading=\"lazy\" decoding=\"async\" width=\"768\" height=\"1024\" src=\"https:\/\/ffkaisersberg.at\/wp-content\/uploads\/2022\/07\/wanderausflug_2017-768x1024.jpg\" alt=\"\" class=\"wp-image-345\" srcset=\"https:\/\/ff-kaisersberg.at\/wp-content\/uploads\/2022\/07\/wanderausflug_2017-768x1024.jpg 768w, https:\/\/ff-kaisersberg.at\/wp-content\/uploads\/2022\/07\/wanderausflug_2017-225x300.jpg 225w, https:\/\/ff-kaisersberg.at\/wp-content\/uploads\/2022\/07\/wanderausflug_2017-1152x1536.jpg 1152w, https:\/\/ff-kaisersberg.at\/wp-content\/uploads\/2022\/07\/wanderausflug_2017.jpg 1200w\" sizes=\"auto, (max-width: 768px) 100vw, 768px\" \/><\/figure>\n\n\n\n<hr class=\"wp-block-separator has-alpha-channel-opacity\"\/>\n\n\n\n<p>Gemeinsam mit unseren Frauen f\u00fchrten wir zu Pfingsten eine Wanderung durch und beschlossen das Jahr mit der traditionellen Sylvester Wanderung.<\/p>\n\n\n\n<figure class=\"wp-block-image size-large\"><img loading=\"lazy\" decoding=\"async\" width=\"1024\" height=\"576\" src=\"https:\/\/ffkaisersberg.at\/wp-content\/uploads\/2022\/07\/familienwanderung_2017-1024x576.jpg\" alt=\"\" class=\"wp-image-344\" srcset=\"https:\/\/ff-kaisersberg.at\/wp-content\/uploads\/2022\/07\/familienwanderung_2017-1024x576.jpg 1024w, https:\/\/ff-kaisersberg.at\/wp-content\/uploads\/2022\/07\/familienwanderung_2017-300x169.jpg 300w, https:\/\/ff-kaisersberg.at\/wp-content\/uploads\/2022\/07\/familienwanderung_2017-768x432.jpg 768w, https:\/\/ff-kaisersberg.at\/wp-content\/uploads\/2022\/07\/familienwanderung_2017-1536x864.jpg 1536w, https:\/\/ff-kaisersberg.at\/wp-content\/uploads\/2022\/07\/familienwanderung_2017-1200x675.jpg 1200w, https:\/\/ff-kaisersberg.at\/wp-content\/uploads\/2022\/07\/familienwanderung_2017.jpg 1599w\" sizes=\"auto, (max-width: 1024px) 100vw, 1024px\" \/><\/figure>\n\n\n\n<hr class=\"wp-block-separator has-alpha-channel-opacity\"\/>\n\n\n\n<p>9 Kameraden besuchten verschiedene Lehrg\u00e4nge in der Feuerwehr<\/p>\n\n\n\n<p>Schule, wie Erste-Hilfe-Kurse, Funkgrundlehrgang, Maschinisten- lehrgang, Ger\u00e4temeister Lehrgang und Atemschutzger\u00e4tetr\u00e4ger.<\/p>\n\n\n\n<hr class=\"wp-block-separator has-alpha-channel-opacity\"\/>\n\n\n\n<p>Ein gro\u00dfes Ereignis war sicherlich der Lagerraumzubau, den wir schon<\/p>\n\n\n\n<p>dringend ben\u00f6tigten. Die Vorbereitung zur Aufstellung des vollkommen<\/p>\n\n\n\n<p>fertigen Lagerraumes, wie Grabarbeiten, Schalung- und Betonierarbeiten<\/p>\n\n\n\n<p>f\u00fcr das Fundament, sowie die Fertigstellung wurden von den Kameraden durchgef\u00fchrt.<\/p>\n\n\n\n<figure class=\"wp-block-image size-large\"><img loading=\"lazy\" decoding=\"async\" width=\"1024\" height=\"575\" src=\"https:\/\/ffkaisersberg.at\/wp-content\/uploads\/2022\/07\/WhatsApp_Image_2017-11-24_at_091823-1024x575.jpg\" alt=\"\" class=\"wp-image-347\" srcset=\"https:\/\/ff-kaisersberg.at\/wp-content\/uploads\/2022\/07\/WhatsApp_Image_2017-11-24_at_091823-1024x575.jpg 1024w, https:\/\/ff-kaisersberg.at\/wp-content\/uploads\/2022\/07\/WhatsApp_Image_2017-11-24_at_091823-300x168.jpg 300w, https:\/\/ff-kaisersberg.at\/wp-content\/uploads\/2022\/07\/WhatsApp_Image_2017-11-24_at_091823-768x431.jpg 768w, https:\/\/ff-kaisersberg.at\/wp-content\/uploads\/2022\/07\/WhatsApp_Image_2017-11-24_at_091823-1536x862.jpg 1536w, https:\/\/ff-kaisersberg.at\/wp-content\/uploads\/2022\/07\/WhatsApp_Image_2017-11-24_at_091823-1200x674.jpg 1200w, https:\/\/ff-kaisersberg.at\/wp-content\/uploads\/2022\/07\/WhatsApp_Image_2017-11-24_at_091823.jpg 1600w\" sizes=\"auto, (max-width: 1024px) 100vw, 1024px\" \/><\/figure>\n\n\n\n<figure class=\"wp-block-image size-large\"><img loading=\"lazy\" decoding=\"async\" width=\"1024\" height=\"575\" src=\"https:\/\/ffkaisersberg.at\/wp-content\/uploads\/2022\/07\/WhatsApp_Image_2017-11-24_at_091824-1024x575.jpg\" alt=\"\" class=\"wp-image-346\" srcset=\"https:\/\/ff-kaisersberg.at\/wp-content\/uploads\/2022\/07\/WhatsApp_Image_2017-11-24_at_091824-1024x575.jpg 1024w, https:\/\/ff-kaisersberg.at\/wp-content\/uploads\/2022\/07\/WhatsApp_Image_2017-11-24_at_091824-300x168.jpg 300w, https:\/\/ff-kaisersberg.at\/wp-content\/uploads\/2022\/07\/WhatsApp_Image_2017-11-24_at_091824-768x431.jpg 768w, https:\/\/ff-kaisersberg.at\/wp-content\/uploads\/2022\/07\/WhatsApp_Image_2017-11-24_at_091824-1536x862.jpg 1536w, https:\/\/ff-kaisersberg.at\/wp-content\/uploads\/2022\/07\/WhatsApp_Image_2017-11-24_at_091824-1200x674.jpg 1200w, https:\/\/ff-kaisersberg.at\/wp-content\/uploads\/2022\/07\/WhatsApp_Image_2017-11-24_at_091824.jpg 1600w\" sizes=\"auto, (max-width: 1024px) 100vw, 1024px\" \/><\/figure>\n\n\n\n<hr class=\"wp-block-separator has-alpha-channel-opacity\"\/>\n\n\n\n<p>Der gesamte Stundenaufwand betrug in diesem Jahr 6584 Stunden.<\/p>\n\n\n\n<hr class=\"wp-block-separator has-alpha-channel-opacity\"\/>\n\n\n\n<p><strong>Chronik 2018<\/strong>&nbsp;<\/p>\n\n\n\n<p>In diesem Jahr wurden wir zu 27 Eins\u00e4tzen gerufen.<\/p>\n\n\n\n<p>Es waren 21 technische Eins\u00e4tze, 4 Brandeins\u00e4tze und 2 Sicherungs-<\/p>\n\n\n\n<p>Dienste. Von schweren Unwettern und dadurch auftretenden Sch\u00e4den<\/p>\n\n\n\n<p>wurden wir verschont. Daf\u00fcr&nbsp;mussten wir 6 Mal zu Unf\u00e4llen auf die Schnellstra\u00dfe ausr\u00fccken.<\/p>\n\n\n\n<p>Zu den gr\u00f6\u00dften Eins\u00e4tzen z\u00e4hlte der Wirtschaftsgeb\u00e4ude Brand, bei<\/p>\n\n\n\n<p>Familie Schindlbacher in St. Stefan<\/p>\n\n\n\n<figure class=\"wp-block-image size-large\"><img loading=\"lazy\" decoding=\"async\" width=\"1024\" height=\"768\" src=\"https:\/\/ffkaisersberg.at\/wp-content\/uploads\/2022\/07\/brand_schindelbacher_5_2019-1024x768.jpg\" alt=\"\" class=\"wp-image-348\" srcset=\"https:\/\/ff-kaisersberg.at\/wp-content\/uploads\/2022\/07\/brand_schindelbacher_5_2019-1024x768.jpg 1024w, https:\/\/ff-kaisersberg.at\/wp-content\/uploads\/2022\/07\/brand_schindelbacher_5_2019-300x225.jpg 300w, https:\/\/ff-kaisersberg.at\/wp-content\/uploads\/2022\/07\/brand_schindelbacher_5_2019-768x576.jpg 768w, https:\/\/ff-kaisersberg.at\/wp-content\/uploads\/2022\/07\/brand_schindelbacher_5_2019-1536x1152.jpg 1536w, https:\/\/ff-kaisersberg.at\/wp-content\/uploads\/2022\/07\/brand_schindelbacher_5_2019-1200x900.jpg 1200w, https:\/\/ff-kaisersberg.at\/wp-content\/uploads\/2022\/07\/brand_schindelbacher_5_2019.jpg 1600w\" sizes=\"auto, (max-width: 1024px) 100vw, 1024px\" \/><\/figure>\n\n\n\n<p>Der Industriegeb\u00e4ude Brand bei der Firma Mayer in St. Michael<\/p>\n\n\n\n<figure class=\"wp-block-image size-large\"><img loading=\"lazy\" decoding=\"async\" width=\"1024\" height=\"768\" src=\"https:\/\/ffkaisersberg.at\/wp-content\/uploads\/2022\/07\/industriebrand_mayer_1-1024x768.jpg\" alt=\"\" class=\"wp-image-349\" srcset=\"https:\/\/ff-kaisersberg.at\/wp-content\/uploads\/2022\/07\/industriebrand_mayer_1-1024x768.jpg 1024w, https:\/\/ff-kaisersberg.at\/wp-content\/uploads\/2022\/07\/industriebrand_mayer_1-300x225.jpg 300w, https:\/\/ff-kaisersberg.at\/wp-content\/uploads\/2022\/07\/industriebrand_mayer_1-768x576.jpg 768w, https:\/\/ff-kaisersberg.at\/wp-content\/uploads\/2022\/07\/industriebrand_mayer_1-1536x1153.jpg 1536w, https:\/\/ff-kaisersberg.at\/wp-content\/uploads\/2022\/07\/industriebrand_mayer_1-1200x901.jpg 1200w, https:\/\/ff-kaisersberg.at\/wp-content\/uploads\/2022\/07\/industriebrand_mayer_1.jpg 1599w\" sizes=\"auto, (max-width: 1024px) 100vw, 1024px\" \/><\/figure>\n\n\n\n<figure class=\"wp-block-image size-large\"><img loading=\"lazy\" decoding=\"async\" width=\"1024\" height=\"768\" src=\"https:\/\/ffkaisersberg.at\/wp-content\/uploads\/2022\/07\/industriebrand_mayer_11-1024x768.jpg\" alt=\"\" class=\"wp-image-351\" srcset=\"https:\/\/ff-kaisersberg.at\/wp-content\/uploads\/2022\/07\/industriebrand_mayer_11-1024x768.jpg 1024w, https:\/\/ff-kaisersberg.at\/wp-content\/uploads\/2022\/07\/industriebrand_mayer_11-300x225.jpg 300w, https:\/\/ff-kaisersberg.at\/wp-content\/uploads\/2022\/07\/industriebrand_mayer_11-768x576.jpg 768w, https:\/\/ff-kaisersberg.at\/wp-content\/uploads\/2022\/07\/industriebrand_mayer_11-1536x1153.jpg 1536w, https:\/\/ff-kaisersberg.at\/wp-content\/uploads\/2022\/07\/industriebrand_mayer_11-1200x901.jpg 1200w, https:\/\/ff-kaisersberg.at\/wp-content\/uploads\/2022\/07\/industriebrand_mayer_11.jpg 1599w\" sizes=\"auto, (max-width: 1024px) 100vw, 1024px\" \/><\/figure>\n\n\n\n<figure class=\"wp-block-image size-large\"><img loading=\"lazy\" decoding=\"async\" width=\"1024\" height=\"768\" src=\"https:\/\/ffkaisersberg.at\/wp-content\/uploads\/2022\/07\/industriebrand_mayer_10-1024x768.jpg\" alt=\"\" class=\"wp-image-350\" srcset=\"https:\/\/ff-kaisersberg.at\/wp-content\/uploads\/2022\/07\/industriebrand_mayer_10-1024x768.jpg 1024w, https:\/\/ff-kaisersberg.at\/wp-content\/uploads\/2022\/07\/industriebrand_mayer_10-300x225.jpg 300w, https:\/\/ff-kaisersberg.at\/wp-content\/uploads\/2022\/07\/industriebrand_mayer_10-768x576.jpg 768w, https:\/\/ff-kaisersberg.at\/wp-content\/uploads\/2022\/07\/industriebrand_mayer_10-1536x1153.jpg 1536w, https:\/\/ff-kaisersberg.at\/wp-content\/uploads\/2022\/07\/industriebrand_mayer_10-1200x901.jpg 1200w, https:\/\/ff-kaisersberg.at\/wp-content\/uploads\/2022\/07\/industriebrand_mayer_10.jpg 1599w\" sizes=\"auto, (max-width: 1024px) 100vw, 1024px\" \/><\/figure>\n\n\n\n<hr class=\"wp-block-separator has-alpha-channel-opacity\"\/>\n\n\n\n<p>Der Einsatz im Gleinalmtunnel, bei dem ein Kran in Flammen aufging<\/p>\n\n\n\n<figure class=\"wp-block-image size-full\"><img loading=\"lazy\" decoding=\"async\" width=\"960\" height=\"720\" src=\"https:\/\/ffkaisersberg.at\/wp-content\/uploads\/2022\/07\/kranbrand_gleinalmtunnel_5.jpg\" alt=\"\" class=\"wp-image-352\" srcset=\"https:\/\/ff-kaisersberg.at\/wp-content\/uploads\/2022\/07\/kranbrand_gleinalmtunnel_5.jpg 960w, https:\/\/ff-kaisersberg.at\/wp-content\/uploads\/2022\/07\/kranbrand_gleinalmtunnel_5-300x225.jpg 300w, https:\/\/ff-kaisersberg.at\/wp-content\/uploads\/2022\/07\/kranbrand_gleinalmtunnel_5-768x576.jpg 768w\" sizes=\"auto, (max-width: 960px) 100vw, 960px\" \/><\/figure>\n\n\n\n<figure class=\"wp-block-image size-large\"><img loading=\"lazy\" decoding=\"async\" width=\"1024\" height=\"683\" src=\"https:\/\/ffkaisersberg.at\/wp-content\/uploads\/2022\/07\/kranbrand_gleinalmtunnel_4-1024x683.jpg\" alt=\"\" class=\"wp-image-353\" srcset=\"https:\/\/ff-kaisersberg.at\/wp-content\/uploads\/2022\/07\/kranbrand_gleinalmtunnel_4-1024x683.jpg 1024w, https:\/\/ff-kaisersberg.at\/wp-content\/uploads\/2022\/07\/kranbrand_gleinalmtunnel_4-300x200.jpg 300w, https:\/\/ff-kaisersberg.at\/wp-content\/uploads\/2022\/07\/kranbrand_gleinalmtunnel_4-768x512.jpg 768w, https:\/\/ff-kaisersberg.at\/wp-content\/uploads\/2022\/07\/kranbrand_gleinalmtunnel_4.jpg 1080w\" sizes=\"auto, (max-width: 1024px) 100vw, 1024px\" \/><\/figure>\n\n\n\n<figure class=\"wp-block-image size-large\"><img loading=\"lazy\" decoding=\"async\" width=\"1024\" height=\"768\" src=\"https:\/\/ffkaisersberg.at\/wp-content\/uploads\/2022\/07\/kranbrand_gleinalmtunnel_2-1024x768.jpg\" alt=\"\" class=\"wp-image-354\" srcset=\"https:\/\/ff-kaisersberg.at\/wp-content\/uploads\/2022\/07\/kranbrand_gleinalmtunnel_2-1024x768.jpg 1024w, https:\/\/ff-kaisersberg.at\/wp-content\/uploads\/2022\/07\/kranbrand_gleinalmtunnel_2-300x225.jpg 300w, https:\/\/ff-kaisersberg.at\/wp-content\/uploads\/2022\/07\/kranbrand_gleinalmtunnel_2-768x576.jpg 768w, https:\/\/ff-kaisersberg.at\/wp-content\/uploads\/2022\/07\/kranbrand_gleinalmtunnel_2-1536x1152.jpg 1536w, https:\/\/ff-kaisersberg.at\/wp-content\/uploads\/2022\/07\/kranbrand_gleinalmtunnel_2-1200x900.jpg 1200w, https:\/\/ff-kaisersberg.at\/wp-content\/uploads\/2022\/07\/kranbrand_gleinalmtunnel_2.jpg 1600w\" sizes=\"auto, (max-width: 1024px) 100vw, 1024px\" \/><\/figure>\n\n\n\n<figure class=\"wp-block-image size-large\"><img loading=\"lazy\" decoding=\"async\" width=\"1024\" height=\"768\" src=\"https:\/\/ffkaisersberg.at\/wp-content\/uploads\/2022\/07\/kranbrand_gleinalmtunnel_1-1024x768.jpg\" alt=\"\" class=\"wp-image-355\" srcset=\"https:\/\/ff-kaisersberg.at\/wp-content\/uploads\/2022\/07\/kranbrand_gleinalmtunnel_1-1024x768.jpg 1024w, https:\/\/ff-kaisersberg.at\/wp-content\/uploads\/2022\/07\/kranbrand_gleinalmtunnel_1-300x225.jpg 300w, https:\/\/ff-kaisersberg.at\/wp-content\/uploads\/2022\/07\/kranbrand_gleinalmtunnel_1-768x576.jpg 768w, https:\/\/ff-kaisersberg.at\/wp-content\/uploads\/2022\/07\/kranbrand_gleinalmtunnel_1-1536x1152.jpg 1536w, https:\/\/ff-kaisersberg.at\/wp-content\/uploads\/2022\/07\/kranbrand_gleinalmtunnel_1-1200x900.jpg 1200w, https:\/\/ff-kaisersberg.at\/wp-content\/uploads\/2022\/07\/kranbrand_gleinalmtunnel_1.jpg 1600w\" sizes=\"auto, (max-width: 1024px) 100vw, 1024px\" \/><\/figure>\n\n\n\n<hr class=\"wp-block-separator has-alpha-channel-opacity\"\/>\n\n\n\n<hr class=\"wp-block-separator has-alpha-channel-opacity\"\/>\n\n\n\n<p>Es wurden 24 Plan\u00fcbungen, 11 Ausschusssitzungen und eine Sonder-<\/p>\n\n\n\n<p>Sitzung, anl\u00e4sslich des Todesfalles von unserem Kameraden Alfred<\/p>\n\n\n\n<p>Hochfellner durchgef\u00fchrt.<\/p>\n\n\n\n<hr class=\"wp-block-separator has-alpha-channel-opacity\"\/>\n\n\n\n<p>Da unser OBI Lirsch Andreas, aus privaten Gr\u00fcnden sein Amt als OBI<\/p>\n\n\n\n<p>zur\u00fcck legte, musste ein neuer Kommandant Stellvertreter gew\u00e4hlt<\/p>\n\n\n\n<p>werden. Bei der Wahlversammlung am 02.10.2018 wurde Bm Lechner<\/p>\n\n\n\n<p>Christian einstimmig zum neuen OBI gew\u00e4hlt.<\/p>\n\n\n\n<figure class=\"wp-block-image size-large\"><img loading=\"lazy\" decoding=\"async\" width=\"1024\" height=\"576\" src=\"https:\/\/ffkaisersberg.at\/wp-content\/uploads\/2022\/07\/obi-neuwahl-1024x576.jpg\" alt=\"\" class=\"wp-image-356\" srcset=\"https:\/\/ff-kaisersberg.at\/wp-content\/uploads\/2022\/07\/obi-neuwahl-1024x576.jpg 1024w, https:\/\/ff-kaisersberg.at\/wp-content\/uploads\/2022\/07\/obi-neuwahl-300x169.jpg 300w, https:\/\/ff-kaisersberg.at\/wp-content\/uploads\/2022\/07\/obi-neuwahl-768x432.jpg 768w, https:\/\/ff-kaisersberg.at\/wp-content\/uploads\/2022\/07\/obi-neuwahl-1536x864.jpg 1536w, https:\/\/ff-kaisersberg.at\/wp-content\/uploads\/2022\/07\/obi-neuwahl-1200x675.jpg 1200w, https:\/\/ff-kaisersberg.at\/wp-content\/uploads\/2022\/07\/obi-neuwahl.jpg 1600w\" sizes=\"auto, (max-width: 1024px) 100vw, 1024px\" \/><\/figure>\n\n\n\n<hr class=\"wp-block-separator has-alpha-channel-opacity\"\/>\n\n\n\n<p>Bei der Technischen Hochleistungspr\u00fcfung (THLP) in Kammern ist eine<\/p>\n\n\n\n<p>Gruppe angetreten und hat hervorragend bestanden.<\/p>\n\n\n\n<figure class=\"wp-block-image size-large\"><img loading=\"lazy\" decoding=\"async\" width=\"1024\" height=\"683\" src=\"https:\/\/ffkaisersberg.at\/wp-content\/uploads\/2022\/07\/technische_hilfesleistungspruefung_2018_7-1024x683.jpg\" alt=\"\" class=\"wp-image-357\" srcset=\"https:\/\/ff-kaisersberg.at\/wp-content\/uploads\/2022\/07\/technische_hilfesleistungspruefung_2018_7-1024x683.jpg 1024w, https:\/\/ff-kaisersberg.at\/wp-content\/uploads\/2022\/07\/technische_hilfesleistungspruefung_2018_7-300x200.jpg 300w, https:\/\/ff-kaisersberg.at\/wp-content\/uploads\/2022\/07\/technische_hilfesleistungspruefung_2018_7-768x512.jpg 768w, https:\/\/ff-kaisersberg.at\/wp-content\/uploads\/2022\/07\/technische_hilfesleistungspruefung_2018_7.jpg 1080w\" sizes=\"auto, (max-width: 1024px) 100vw, 1024px\" \/><\/figure>\n\n\n\n<figure class=\"wp-block-image\"><img decoding=\"async\" src=\"http:\/\/www.ff-kaisersberg.at\/images\/Kammern\/technische_hilfesleistungspruefung_2018_3.jpeg\" alt=\"\"\/><\/figure>\n\n\n\n<figure class=\"wp-block-image size-large\"><img loading=\"lazy\" decoding=\"async\" width=\"1024\" height=\"576\" src=\"https:\/\/ffkaisersberg.at\/wp-content\/uploads\/2022\/07\/technische_hilfesleistungspruefung_2018_5-1024x576.jpg\" alt=\"\" class=\"wp-image-358\" srcset=\"https:\/\/ff-kaisersberg.at\/wp-content\/uploads\/2022\/07\/technische_hilfesleistungspruefung_2018_5-1024x576.jpg 1024w, https:\/\/ff-kaisersberg.at\/wp-content\/uploads\/2022\/07\/technische_hilfesleistungspruefung_2018_5-300x169.jpg 300w, https:\/\/ff-kaisersberg.at\/wp-content\/uploads\/2022\/07\/technische_hilfesleistungspruefung_2018_5-768x432.jpg 768w, https:\/\/ff-kaisersberg.at\/wp-content\/uploads\/2022\/07\/technische_hilfesleistungspruefung_2018_5-1536x864.jpg 1536w, https:\/\/ff-kaisersberg.at\/wp-content\/uploads\/2022\/07\/technische_hilfesleistungspruefung_2018_5-1200x675.jpg 1200w, https:\/\/ff-kaisersberg.at\/wp-content\/uploads\/2022\/07\/technische_hilfesleistungspruefung_2018_5.jpg 1600w\" sizes=\"auto, (max-width: 1024px) 100vw, 1024px\" \/><\/figure>\n\n\n\n<figure class=\"wp-block-image size-large\"><img loading=\"lazy\" decoding=\"async\" width=\"1024\" height=\"683\" src=\"https:\/\/ffkaisersberg.at\/wp-content\/uploads\/2022\/07\/technische_hilfesleistungspruefung_2018_3-1024x683.jpg\" alt=\"\" class=\"wp-image-359\" srcset=\"https:\/\/ff-kaisersberg.at\/wp-content\/uploads\/2022\/07\/technische_hilfesleistungspruefung_2018_3-1024x683.jpg 1024w, https:\/\/ff-kaisersberg.at\/wp-content\/uploads\/2022\/07\/technische_hilfesleistungspruefung_2018_3-300x200.jpg 300w, https:\/\/ff-kaisersberg.at\/wp-content\/uploads\/2022\/07\/technische_hilfesleistungspruefung_2018_3-768x512.jpg 768w, https:\/\/ff-kaisersberg.at\/wp-content\/uploads\/2022\/07\/technische_hilfesleistungspruefung_2018_3.jpg 1080w\" sizes=\"auto, (max-width: 1024px) 100vw, 1024px\" \/><\/figure>\n\n\n\n<figure class=\"wp-block-image size-large\"><img loading=\"lazy\" decoding=\"async\" width=\"1024\" height=\"768\" src=\"https:\/\/ffkaisersberg.at\/wp-content\/uploads\/2022\/07\/technische_hilfesleistungspruefung_2018_13-1024x768.jpg\" alt=\"\" class=\"wp-image-360\" srcset=\"https:\/\/ff-kaisersberg.at\/wp-content\/uploads\/2022\/07\/technische_hilfesleistungspruefung_2018_13-1024x768.jpg 1024w, https:\/\/ff-kaisersberg.at\/wp-content\/uploads\/2022\/07\/technische_hilfesleistungspruefung_2018_13-300x225.jpg 300w, https:\/\/ff-kaisersberg.at\/wp-content\/uploads\/2022\/07\/technische_hilfesleistungspruefung_2018_13-768x576.jpg 768w, https:\/\/ff-kaisersberg.at\/wp-content\/uploads\/2022\/07\/technische_hilfesleistungspruefung_2018_13-1536x1153.jpg 1536w, https:\/\/ff-kaisersberg.at\/wp-content\/uploads\/2022\/07\/technische_hilfesleistungspruefung_2018_13-1200x901.jpg 1200w, https:\/\/ff-kaisersberg.at\/wp-content\/uploads\/2022\/07\/technische_hilfesleistungspruefung_2018_13.jpg 1599w\" sizes=\"auto, (max-width: 1024px) 100vw, 1024px\" \/><\/figure>\n\n\n\n<hr class=\"wp-block-separator has-alpha-channel-opacity\"\/>\n\n\n\n<p>Zum ersten mal war eine Gruppe zum Erwerb des Funk Leistungs- Abzeichen in Kraubath angetreten und hat sich bestens geschlagen.<\/p>\n\n\n\n<hr class=\"wp-block-separator has-alpha-channel-opacity\"\/>\n\n\n\n<hr class=\"wp-block-separator has-alpha-channel-opacity\"\/>\n\n\n\n<p>Beim Faschingsumzug haben wir dieses Mal unter dem Motto<\/p>\n\n\n\n<p>\u201eTourismusverband Kaisersberg\u201c teilgenommen.<\/p>\n\n\n\n<figure class=\"wp-block-image size-large\"><img loading=\"lazy\" decoding=\"async\" width=\"768\" height=\"1024\" src=\"https:\/\/ffkaisersberg.at\/wp-content\/uploads\/2022\/07\/fasching_2018_13-768x1024.jpg\" alt=\"\" class=\"wp-image-361\" srcset=\"https:\/\/ff-kaisersberg.at\/wp-content\/uploads\/2022\/07\/fasching_2018_13-768x1024.jpg 768w, https:\/\/ff-kaisersberg.at\/wp-content\/uploads\/2022\/07\/fasching_2018_13-225x300.jpg 225w, https:\/\/ff-kaisersberg.at\/wp-content\/uploads\/2022\/07\/fasching_2018_13-1152x1536.jpg 1152w, https:\/\/ff-kaisersberg.at\/wp-content\/uploads\/2022\/07\/fasching_2018_13.jpg 1200w\" sizes=\"auto, (max-width: 768px) 100vw, 768px\" \/><\/figure>\n\n\n\n<figure class=\"wp-block-image size-large\"><img loading=\"lazy\" decoding=\"async\" width=\"768\" height=\"1024\" src=\"https:\/\/ffkaisersberg.at\/wp-content\/uploads\/2022\/07\/fasching_2018_14-768x1024.jpg\" alt=\"\" class=\"wp-image-362\" srcset=\"https:\/\/ff-kaisersberg.at\/wp-content\/uploads\/2022\/07\/fasching_2018_14-768x1024.jpg 768w, https:\/\/ff-kaisersberg.at\/wp-content\/uploads\/2022\/07\/fasching_2018_14-225x300.jpg 225w, https:\/\/ff-kaisersberg.at\/wp-content\/uploads\/2022\/07\/fasching_2018_14-1152x1536.jpg 1152w, https:\/\/ff-kaisersberg.at\/wp-content\/uploads\/2022\/07\/fasching_2018_14.jpg 1200w\" sizes=\"auto, (max-width: 768px) 100vw, 768px\" \/><\/figure>\n\n\n\n<figure class=\"wp-block-image size-large\"><img loading=\"lazy\" decoding=\"async\" width=\"576\" height=\"1024\" src=\"https:\/\/ffkaisersberg.at\/wp-content\/uploads\/2022\/07\/fasching_2018_16-576x1024.jpg\" alt=\"\" class=\"wp-image-363\" srcset=\"https:\/\/ff-kaisersberg.at\/wp-content\/uploads\/2022\/07\/fasching_2018_16-576x1024.jpg 576w, https:\/\/ff-kaisersberg.at\/wp-content\/uploads\/2022\/07\/fasching_2018_16-169x300.jpg 169w, https:\/\/ff-kaisersberg.at\/wp-content\/uploads\/2022\/07\/fasching_2018_16-768x1366.jpg 768w, https:\/\/ff-kaisersberg.at\/wp-content\/uploads\/2022\/07\/fasching_2018_16-864x1536.jpg 864w, https:\/\/ff-kaisersberg.at\/wp-content\/uploads\/2022\/07\/fasching_2018_16.jpg 899w\" sizes=\"auto, (max-width: 576px) 100vw, 576px\" \/><\/figure>\n\n\n\n<figure class=\"wp-block-image size-large\"><img loading=\"lazy\" decoding=\"async\" width=\"576\" height=\"1024\" src=\"https:\/\/ffkaisersberg.at\/wp-content\/uploads\/2022\/07\/fasching_2018_1-576x1024.jpg\" alt=\"\" class=\"wp-image-364\" srcset=\"https:\/\/ff-kaisersberg.at\/wp-content\/uploads\/2022\/07\/fasching_2018_1-576x1024.jpg 576w, https:\/\/ff-kaisersberg.at\/wp-content\/uploads\/2022\/07\/fasching_2018_1-169x300.jpg 169w, https:\/\/ff-kaisersberg.at\/wp-content\/uploads\/2022\/07\/fasching_2018_1-768x1366.jpg 768w, https:\/\/ff-kaisersberg.at\/wp-content\/uploads\/2022\/07\/fasching_2018_1-864x1536.jpg 864w, https:\/\/ff-kaisersberg.at\/wp-content\/uploads\/2022\/07\/fasching_2018_1.jpg 899w\" sizes=\"auto, (max-width: 576px) 100vw, 576px\" \/><\/figure>\n\n\n\n<hr class=\"wp-block-separator has-alpha-channel-opacity\"\/>\n\n\n\n<hr class=\"wp-block-separator has-alpha-channel-opacity\"\/>\n\n\n\n<p>Der Florianitag wurde beim R\u00fcsthaus gemeinsam mit der FF St. Stefan durchgef\u00fchrt und es konnten zahlreiche Kammeraden bef\u00f6rdert und<\/p>\n\n\n\n<p>Ausgezeichnet werden.<\/p>\n\n\n\n<figure class=\"wp-block-image size-large\"><img loading=\"lazy\" decoding=\"async\" width=\"1024\" height=\"768\" src=\"https:\/\/ffkaisersberg.at\/wp-content\/uploads\/2022\/07\/florianitag-2018_1-1024x768.jpg\" alt=\"\" class=\"wp-image-366\" srcset=\"https:\/\/ff-kaisersberg.at\/wp-content\/uploads\/2022\/07\/florianitag-2018_1-1024x768.jpg 1024w, https:\/\/ff-kaisersberg.at\/wp-content\/uploads\/2022\/07\/florianitag-2018_1-300x225.jpg 300w, https:\/\/ff-kaisersberg.at\/wp-content\/uploads\/2022\/07\/florianitag-2018_1-768x576.jpg 768w, https:\/\/ff-kaisersberg.at\/wp-content\/uploads\/2022\/07\/florianitag-2018_1-1536x1152.jpg 1536w, https:\/\/ff-kaisersberg.at\/wp-content\/uploads\/2022\/07\/florianitag-2018_1-2048x1536.jpg 2048w, https:\/\/ff-kaisersberg.at\/wp-content\/uploads\/2022\/07\/florianitag-2018_1-1200x900.jpg 1200w, https:\/\/ff-kaisersberg.at\/wp-content\/uploads\/2022\/07\/florianitag-2018_1-1980x1485.jpg 1980w\" sizes=\"auto, (max-width: 1024px) 100vw, 1024px\" \/><\/figure>\n\n\n\n<figure class=\"wp-block-image size-large\"><img loading=\"lazy\" decoding=\"async\" width=\"1024\" height=\"768\" src=\"https:\/\/ffkaisersberg.at\/wp-content\/uploads\/2022\/07\/florianitag-2018_71-1024x768.jpg\" alt=\"\" class=\"wp-image-367\" srcset=\"https:\/\/ff-kaisersberg.at\/wp-content\/uploads\/2022\/07\/florianitag-2018_71-1024x768.jpg 1024w, https:\/\/ff-kaisersberg.at\/wp-content\/uploads\/2022\/07\/florianitag-2018_71-300x225.jpg 300w, https:\/\/ff-kaisersberg.at\/wp-content\/uploads\/2022\/07\/florianitag-2018_71-768x576.jpg 768w, https:\/\/ff-kaisersberg.at\/wp-content\/uploads\/2022\/07\/florianitag-2018_71-1536x1152.jpg 1536w, https:\/\/ff-kaisersberg.at\/wp-content\/uploads\/2022\/07\/florianitag-2018_71-2048x1536.jpg 2048w, https:\/\/ff-kaisersberg.at\/wp-content\/uploads\/2022\/07\/florianitag-2018_71-1200x900.jpg 1200w, https:\/\/ff-kaisersberg.at\/wp-content\/uploads\/2022\/07\/florianitag-2018_71-1980x1485.jpg 1980w\" sizes=\"auto, (max-width: 1024px) 100vw, 1024px\" \/><\/figure>\n\n\n\n<figure class=\"wp-block-image size-large\"><img loading=\"lazy\" decoding=\"async\" width=\"1024\" height=\"768\" src=\"https:\/\/ffkaisersberg.at\/wp-content\/uploads\/2022\/07\/florianitag-2018_26-1024x768.jpg\" alt=\"\" class=\"wp-image-368\" srcset=\"https:\/\/ff-kaisersberg.at\/wp-content\/uploads\/2022\/07\/florianitag-2018_26-1024x768.jpg 1024w, https:\/\/ff-kaisersberg.at\/wp-content\/uploads\/2022\/07\/florianitag-2018_26-300x225.jpg 300w, https:\/\/ff-kaisersberg.at\/wp-content\/uploads\/2022\/07\/florianitag-2018_26-768x576.jpg 768w, https:\/\/ff-kaisersberg.at\/wp-content\/uploads\/2022\/07\/florianitag-2018_26-1536x1152.jpg 1536w, https:\/\/ff-kaisersberg.at\/wp-content\/uploads\/2022\/07\/florianitag-2018_26-2048x1536.jpg 2048w, https:\/\/ff-kaisersberg.at\/wp-content\/uploads\/2022\/07\/florianitag-2018_26-1200x900.jpg 1200w, https:\/\/ff-kaisersberg.at\/wp-content\/uploads\/2022\/07\/florianitag-2018_26-1980x1485.jpg 1980w\" sizes=\"auto, (max-width: 1024px) 100vw, 1024px\" \/><\/figure>\n\n\n\n<figure class=\"wp-block-image size-large\"><img loading=\"lazy\" decoding=\"async\" width=\"1024\" height=\"768\" src=\"https:\/\/ffkaisersberg.at\/wp-content\/uploads\/2022\/07\/florianitag-2018_42-1024x768.jpg\" alt=\"\" class=\"wp-image-365\" srcset=\"https:\/\/ff-kaisersberg.at\/wp-content\/uploads\/2022\/07\/florianitag-2018_42-1024x768.jpg 1024w, https:\/\/ff-kaisersberg.at\/wp-content\/uploads\/2022\/07\/florianitag-2018_42-300x225.jpg 300w, https:\/\/ff-kaisersberg.at\/wp-content\/uploads\/2022\/07\/florianitag-2018_42-768x576.jpg 768w, https:\/\/ff-kaisersberg.at\/wp-content\/uploads\/2022\/07\/florianitag-2018_42-1536x1152.jpg 1536w, https:\/\/ff-kaisersberg.at\/wp-content\/uploads\/2022\/07\/florianitag-2018_42-1200x900.jpg 1200w, https:\/\/ff-kaisersberg.at\/wp-content\/uploads\/2022\/07\/florianitag-2018_42.jpg 1600w\" sizes=\"auto, (max-width: 1024px) 100vw, 1024px\" \/><\/figure>\n\n\n\n<hr class=\"wp-block-separator has-alpha-channel-opacity\"\/>\n\n\n\n<hr class=\"wp-block-separator has-alpha-channel-opacity\"\/>\n\n\n\n<p>&nbsp; &nbsp;Alle 3 Jahre planen wir einen Ausflug, gemeinsam mit unseren Frauen<\/p>\n\n\n\n<p>die uns immer flei\u00dfig unterst\u00fctzen. Wir fuhren vom 10. Bis 13. Mai<\/p>\n\n\n\n<p>nach Prag.<\/p>\n\n\n\n<figure class=\"wp-block-image size-large\"><img loading=\"lazy\" decoding=\"async\" width=\"1024\" height=\"768\" src=\"https:\/\/ffkaisersberg.at\/wp-content\/uploads\/2022\/07\/ausflug_prag_2019-1024x768.jpg\" alt=\"\" class=\"wp-image-369\" srcset=\"https:\/\/ff-kaisersberg.at\/wp-content\/uploads\/2022\/07\/ausflug_prag_2019-1024x768.jpg 1024w, https:\/\/ff-kaisersberg.at\/wp-content\/uploads\/2022\/07\/ausflug_prag_2019-300x225.jpg 300w, https:\/\/ff-kaisersberg.at\/wp-content\/uploads\/2022\/07\/ausflug_prag_2019-768x576.jpg 768w, https:\/\/ff-kaisersberg.at\/wp-content\/uploads\/2022\/07\/ausflug_prag_2019-1536x1152.jpg 1536w, https:\/\/ff-kaisersberg.at\/wp-content\/uploads\/2022\/07\/ausflug_prag_2019-1200x900.jpg 1200w, https:\/\/ff-kaisersberg.at\/wp-content\/uploads\/2022\/07\/ausflug_prag_2019.jpg 1600w\" sizes=\"auto, (max-width: 1024px) 100vw, 1024px\" \/><\/figure>\n\n\n\n<hr class=\"wp-block-separator has-alpha-channel-opacity\"\/>\n\n\n\n<p>Die traditionelle Weiglmoaralm Messe war bei &nbsp;sch\u00f6nem Wetter, sehr gut<\/p>\n\n\n\n<p>besucht. Am sp\u00e4ten Nachmittag kam ein kleiner Regenspritzer.<\/p>\n\n\n\n<figure class=\"wp-block-image size-large\"><img loading=\"lazy\" decoding=\"async\" width=\"1024\" height=\"768\" src=\"https:\/\/ffkaisersberg.at\/wp-content\/uploads\/2022\/07\/weiglmoar_2-1024x768.jpg\" alt=\"\" class=\"wp-image-370\" srcset=\"https:\/\/ff-kaisersberg.at\/wp-content\/uploads\/2022\/07\/weiglmoar_2-1024x768.jpg 1024w, https:\/\/ff-kaisersberg.at\/wp-content\/uploads\/2022\/07\/weiglmoar_2-300x225.jpg 300w, https:\/\/ff-kaisersberg.at\/wp-content\/uploads\/2022\/07\/weiglmoar_2-768x576.jpg 768w, https:\/\/ff-kaisersberg.at\/wp-content\/uploads\/2022\/07\/weiglmoar_2-1536x1152.jpg 1536w, https:\/\/ff-kaisersberg.at\/wp-content\/uploads\/2022\/07\/weiglmoar_2-2048x1536.jpg 2048w, https:\/\/ff-kaisersberg.at\/wp-content\/uploads\/2022\/07\/weiglmoar_2-1200x900.jpg 1200w, https:\/\/ff-kaisersberg.at\/wp-content\/uploads\/2022\/07\/weiglmoar_2-1980x1485.jpg 1980w\" sizes=\"auto, (max-width: 1024px) 100vw, 1024px\" \/><\/figure>\n\n\n\n<figure class=\"wp-block-image size-large\"><img loading=\"lazy\" decoding=\"async\" width=\"1024\" height=\"768\" src=\"https:\/\/ffkaisersberg.at\/wp-content\/uploads\/2022\/07\/weiglmoar_1-1024x768.jpg\" alt=\"\" class=\"wp-image-371\" srcset=\"https:\/\/ff-kaisersberg.at\/wp-content\/uploads\/2022\/07\/weiglmoar_1-1024x768.jpg 1024w, https:\/\/ff-kaisersberg.at\/wp-content\/uploads\/2022\/07\/weiglmoar_1-300x225.jpg 300w, https:\/\/ff-kaisersberg.at\/wp-content\/uploads\/2022\/07\/weiglmoar_1-768x576.jpg 768w, https:\/\/ff-kaisersberg.at\/wp-content\/uploads\/2022\/07\/weiglmoar_1-1536x1152.jpg 1536w, https:\/\/ff-kaisersberg.at\/wp-content\/uploads\/2022\/07\/weiglmoar_1-2048x1536.jpg 2048w, https:\/\/ff-kaisersberg.at\/wp-content\/uploads\/2022\/07\/weiglmoar_1-1200x900.jpg 1200w, https:\/\/ff-kaisersberg.at\/wp-content\/uploads\/2022\/07\/weiglmoar_1-1980x1485.jpg 1980w\" sizes=\"auto, (max-width: 1024px) 100vw, 1024px\" \/><figcaption class=\"wp-element-caption\">DCIM\\100GOPRO<\/figcaption><\/figure>\n\n\n\n<hr class=\"wp-block-separator has-alpha-channel-opacity\"\/>\n\n\n\n<hr class=\"wp-block-separator has-alpha-channel-opacity\"\/>\n\n\n\n<hr class=\"wp-block-separator has-alpha-channel-opacity\"\/>\n\n\n\n<p>&nbsp;Unsere allj\u00e4hrliche Wanderung f\u00fchrte uns diesmal nach Osttirol, auf die<\/p>\n\n\n\n<p>Wagenitzersee H\u00fctte (2508 m). Hier konnten sch\u00f6ne Berggipfel be-<\/p>\n\n\n\n<p>steigen, alle \u00fcber 3000 m.<\/p>\n\n\n\n<figure class=\"wp-block-image size-full\"><img loading=\"lazy\" decoding=\"async\" width=\"960\" height=\"720\" src=\"https:\/\/ffkaisersberg.at\/wp-content\/uploads\/2022\/07\/petzeck_3283m.jpg\" alt=\"\" class=\"wp-image-372\" srcset=\"https:\/\/ff-kaisersberg.at\/wp-content\/uploads\/2022\/07\/petzeck_3283m.jpg 960w, https:\/\/ff-kaisersberg.at\/wp-content\/uploads\/2022\/07\/petzeck_3283m-300x225.jpg 300w, https:\/\/ff-kaisersberg.at\/wp-content\/uploads\/2022\/07\/petzeck_3283m-768x576.jpg 768w\" sizes=\"auto, (max-width: 960px) 100vw, 960px\" \/><\/figure>\n\n\n\n<figure class=\"wp-block-image size-full\"><img loading=\"lazy\" decoding=\"async\" width=\"720\" height=\"960\" src=\"https:\/\/ffkaisersberg.at\/wp-content\/uploads\/2022\/07\/perschitzkopf_3125m.jpg\" alt=\"\" class=\"wp-image-373\" srcset=\"https:\/\/ff-kaisersberg.at\/wp-content\/uploads\/2022\/07\/perschitzkopf_3125m.jpg 720w, https:\/\/ff-kaisersberg.at\/wp-content\/uploads\/2022\/07\/perschitzkopf_3125m-225x300.jpg 225w\" sizes=\"auto, (max-width: 720px) 100vw, 720px\" \/><\/figure>\n\n\n\n<hr class=\"wp-block-separator has-alpha-channel-opacity\"\/>\n\n\n\n<hr class=\"wp-block-separator has-alpha-channel-opacity\"\/>\n\n\n\n<p>Im September wanderten einige Kameraden mit Frauen und Partnerinnen vom Pr\u00e4bichl \u00fcber den Hochschwab nach Mariazell.<\/p>\n\n\n\n<figure class=\"wp-block-image size-large\"><img loading=\"lazy\" decoding=\"async\" width=\"1024\" height=\"576\" src=\"https:\/\/ffkaisersberg.at\/wp-content\/uploads\/2022\/07\/mariazell-1024x576.jpg\" alt=\"\" class=\"wp-image-374\" srcset=\"https:\/\/ff-kaisersberg.at\/wp-content\/uploads\/2022\/07\/mariazell-1024x576.jpg 1024w, https:\/\/ff-kaisersberg.at\/wp-content\/uploads\/2022\/07\/mariazell-300x169.jpg 300w, https:\/\/ff-kaisersberg.at\/wp-content\/uploads\/2022\/07\/mariazell-768x432.jpg 768w, https:\/\/ff-kaisersberg.at\/wp-content\/uploads\/2022\/07\/mariazell-1536x864.jpg 1536w, https:\/\/ff-kaisersberg.at\/wp-content\/uploads\/2022\/07\/mariazell-2048x1152.jpg 2048w, https:\/\/ff-kaisersberg.at\/wp-content\/uploads\/2022\/07\/mariazell-1200x675.jpg 1200w, https:\/\/ff-kaisersberg.at\/wp-content\/uploads\/2022\/07\/mariazell-1980x1114.jpg 1980w\" sizes=\"auto, (max-width: 1024px) 100vw, 1024px\" \/><\/figure>\n\n\n\n<hr class=\"wp-block-separator has-alpha-channel-opacity\"\/>\n\n\n\n<hr class=\"wp-block-separator has-alpha-channel-opacity\"\/>\n\n\n\n<p>&nbsp;&nbsp;Am 11.09. erhielten wir die traurige Mitteilung, dass unser langj\u00e4hriges Mitglied und Kamerad Alfred Hochfellner verstorben ist. Wir werden Alfred als stets hilfsbereiten und lustigen Kameraden in Erinnerung behalten.<\/p>\n\n\n\n<p>In diesem Jahr betrug der gesamte Stundenaufwand 5688 Stunden.<\/p>\n\n\n\n<p>Wir m\u00f6chten uns auch f\u00fcr die gro\u00dfz\u00fcgigen Spenden bei der Bev\u00f6lkerung<\/p>\n\n\n\n<p>unserer Gemeinde bedanken. So konnten wir gemeinsam mit Unterst\u00fctzung der Gemeinde, eine W\u00e4rmebildkamera und neue Atemschutz Ger\u00e4te anschaffen.<\/p>\n\n\n\n<hr class=\"wp-block-separator has-alpha-channel-opacity\"\/>\n\n\n\n<p><strong>&nbsp;Chronik, 2019<\/strong>&nbsp;<\/p>\n\n\n\n<p>Der Mitgliederstand betrug mit Anfang des Jahres 34 Mann.&nbsp;Leider ist FM Wimberger Markus im Laufe des Jahres aus der&nbsp;Feuerwehr ausgetreten.<\/p>\n\n\n\n<p>In diesem Jahr wurde unsere Wehr zu 31 Eins\u00e4tzen gerufen, welche&nbsp;sich auf 21 technische Eins\u00e4tze, 7 Brandeins\u00e4tze und 3 Sicherungs-Dienste aufteilten.<\/p>\n\n\n\n<p>Von schweren Unwettern wurden wir verschont, mit Ausnahme des&nbsp;Hochwassers im November.<\/p>\n\n\n\n<p>Schlaflose N\u00e4chte bereitete uns Feuerteufel, der zwischen Mai und Juni&nbsp;im gesamten Abschnitt sein Unwesen trieb und f\u00fcr 4 Brandeins\u00e4tze&nbsp;verantwortlich war. Bei uns war ein mobiler Hochsitz, eine Hecke sowie&nbsp;eine Holzlage davon betroffen.<\/p>\n\n\n\n<p>Im Mai wurden wir zu einem Verkehrsunfall mit einem Kastenwagen&nbsp;gerufen<\/p>\n\n\n\n<figure class=\"wp-block-image size-large\"><img loading=\"lazy\" decoding=\"async\" width=\"1024\" height=\"769\" src=\"https:\/\/ffkaisersberg.at\/wp-content\/uploads\/2022\/07\/kastenwagen_2019-1024x769.jpg\" alt=\"\" class=\"wp-image-375\" srcset=\"https:\/\/ff-kaisersberg.at\/wp-content\/uploads\/2022\/07\/kastenwagen_2019-1024x769.jpg 1024w, https:\/\/ff-kaisersberg.at\/wp-content\/uploads\/2022\/07\/kastenwagen_2019-300x225.jpg 300w, https:\/\/ff-kaisersberg.at\/wp-content\/uploads\/2022\/07\/kastenwagen_2019-768x577.jpg 768w, https:\/\/ff-kaisersberg.at\/wp-content\/uploads\/2022\/07\/kastenwagen_2019-1536x1154.jpg 1536w, https:\/\/ff-kaisersberg.at\/wp-content\/uploads\/2022\/07\/kastenwagen_2019-1200x902.jpg 1200w, https:\/\/ff-kaisersberg.at\/wp-content\/uploads\/2022\/07\/kastenwagen_2019.jpg 1597w\" sizes=\"auto, (max-width: 1024px) 100vw, 1024px\" \/><\/figure>\n\n\n\n<p>Unser hydraulisches Rettungsger\u00e4t wurde am 08.Juni ben\u00f6tigt, um eine&nbsp;eingeklemmte Person aus einem PKW zu bergen, der mit einem Strommast kollidiert war.<\/p>\n\n\n\n<figure class=\"wp-block-image size-large\"><img loading=\"lazy\" decoding=\"async\" width=\"1024\" height=\"768\" src=\"https:\/\/ffkaisersberg.at\/wp-content\/uploads\/2022\/07\/auto_gegen_strommatsen_2019-1024x768.jpg\" alt=\"\" class=\"wp-image-376\" srcset=\"https:\/\/ff-kaisersberg.at\/wp-content\/uploads\/2022\/07\/auto_gegen_strommatsen_2019-1024x768.jpg 1024w, https:\/\/ff-kaisersberg.at\/wp-content\/uploads\/2022\/07\/auto_gegen_strommatsen_2019-300x225.jpg 300w, https:\/\/ff-kaisersberg.at\/wp-content\/uploads\/2022\/07\/auto_gegen_strommatsen_2019-768x576.jpg 768w, https:\/\/ff-kaisersberg.at\/wp-content\/uploads\/2022\/07\/auto_gegen_strommatsen_2019-1536x1152.jpg 1536w, https:\/\/ff-kaisersberg.at\/wp-content\/uploads\/2022\/07\/auto_gegen_strommatsen_2019-1200x900.jpg 1200w, https:\/\/ff-kaisersberg.at\/wp-content\/uploads\/2022\/07\/auto_gegen_strommatsen_2019.jpg 1600w\" sizes=\"auto, (max-width: 1024px) 100vw, 1024px\" \/><\/figure>\n\n\n\n<p>Die Abschnitts\u00fcbung fand in der Lobming statt. Es wurde ein LKW-Unfall mit Austritt von gef\u00e4hrlichen Stoffen angenommen.<\/p>\n\n\n\n<p>Eine schlagkr\u00e4ftige Wettkampfgruppe trat beim BFT in Kammern an.<\/p>\n\n\n\n<p>Somit konnte beim Landesfeuerwehrtag in Trofaiach das FLA-Silber&nbsp;durch eine hervorragende Leistung erworben werden.<\/p>\n\n\n\n<figure class=\"wp-block-image size-large\"><img loading=\"lazy\" decoding=\"async\" width=\"1024\" height=\"768\" src=\"https:\/\/ffkaisersberg.at\/wp-content\/uploads\/2022\/07\/lft_2019-1024x768.jpg\" alt=\"\" class=\"wp-image-377\" srcset=\"https:\/\/ff-kaisersberg.at\/wp-content\/uploads\/2022\/07\/lft_2019-1024x768.jpg 1024w, https:\/\/ff-kaisersberg.at\/wp-content\/uploads\/2022\/07\/lft_2019-300x225.jpg 300w, https:\/\/ff-kaisersberg.at\/wp-content\/uploads\/2022\/07\/lft_2019-768x576.jpg 768w, https:\/\/ff-kaisersberg.at\/wp-content\/uploads\/2022\/07\/lft_2019-1536x1153.jpg 1536w, https:\/\/ff-kaisersberg.at\/wp-content\/uploads\/2022\/07\/lft_2019-1200x901.jpg 1200w, https:\/\/ff-kaisersberg.at\/wp-content\/uploads\/2022\/07\/lft_2019.jpg 1599w\" sizes=\"auto, (max-width: 1024px) 100vw, 1024px\" \/><\/figure>\n\n\n\n<p>&nbsp;&nbsp;Die traditionelle Weiglmoaralm Messe mit anschlie\u00dfender Autosegnung&nbsp;war wieder sehr gut besucht. Wir waren wieder Ausflugsziel f\u00fcr viele&nbsp;Wanderer, Radfahrer und 30 Oldtimer Traktoren.<\/p>\n\n\n\n<figure class=\"wp-block-image size-large\"><img loading=\"lazy\" decoding=\"async\" width=\"1024\" height=\"768\" src=\"https:\/\/ffkaisersberg.at\/wp-content\/uploads\/2022\/07\/weiglmoar_2019_1-1024x768.jpg\" alt=\"\" class=\"wp-image-378\" srcset=\"https:\/\/ff-kaisersberg.at\/wp-content\/uploads\/2022\/07\/weiglmoar_2019_1-1024x768.jpg 1024w, https:\/\/ff-kaisersberg.at\/wp-content\/uploads\/2022\/07\/weiglmoar_2019_1-300x225.jpg 300w, https:\/\/ff-kaisersberg.at\/wp-content\/uploads\/2022\/07\/weiglmoar_2019_1-768x576.jpg 768w, https:\/\/ff-kaisersberg.at\/wp-content\/uploads\/2022\/07\/weiglmoar_2019_1-1536x1152.jpg 1536w, https:\/\/ff-kaisersberg.at\/wp-content\/uploads\/2022\/07\/weiglmoar_2019_1-2048x1536.jpg 2048w, https:\/\/ff-kaisersberg.at\/wp-content\/uploads\/2022\/07\/weiglmoar_2019_1-1200x900.jpg 1200w, https:\/\/ff-kaisersberg.at\/wp-content\/uploads\/2022\/07\/weiglmoar_2019_1-1980x1485.jpg 1980w\" sizes=\"auto, (max-width: 1024px) 100vw, 1024px\" \/><figcaption class=\"wp-element-caption\">DCIM\\100GOPRO<\/figcaption><\/figure>\n\n\n\n<figure class=\"wp-block-image size-large\"><img loading=\"lazy\" decoding=\"async\" width=\"1024\" height=\"768\" src=\"https:\/\/ffkaisersberg.at\/wp-content\/uploads\/2022\/07\/weiglmoar_2019_2-1024x768.jpg\" alt=\"\" class=\"wp-image-379\" srcset=\"https:\/\/ff-kaisersberg.at\/wp-content\/uploads\/2022\/07\/weiglmoar_2019_2-1024x768.jpg 1024w, https:\/\/ff-kaisersberg.at\/wp-content\/uploads\/2022\/07\/weiglmoar_2019_2-300x225.jpg 300w, https:\/\/ff-kaisersberg.at\/wp-content\/uploads\/2022\/07\/weiglmoar_2019_2-768x576.jpg 768w, https:\/\/ff-kaisersberg.at\/wp-content\/uploads\/2022\/07\/weiglmoar_2019_2-1536x1152.jpg 1536w, https:\/\/ff-kaisersberg.at\/wp-content\/uploads\/2022\/07\/weiglmoar_2019_2-2048x1536.jpg 2048w, https:\/\/ff-kaisersberg.at\/wp-content\/uploads\/2022\/07\/weiglmoar_2019_2-1200x900.jpg 1200w, https:\/\/ff-kaisersberg.at\/wp-content\/uploads\/2022\/07\/weiglmoar_2019_2-1980x1485.jpg 1980w\" sizes=\"auto, (max-width: 1024px) 100vw, 1024px\" \/><\/figure>\n\n\n\n<p>&nbsp;Beim Herbstfest feierten wir die Premiere f\u00fcr das 1. Kaisersberger&nbsp;Bierkistenschia\u00dfen. Trotz Schlechtwetter war es ein voller Erfolg.<\/p>\n\n\n\n<figure class=\"wp-block-image\"><img decoding=\"async\" src=\"http:\/\/www.ff-kaisersberg.at\/images\/BilderChr19\/bierkistn-schian.jpg\" alt=\"\"\/><\/figure>\n\n\n\n<figure class=\"wp-block-image size-large\"><img loading=\"lazy\" decoding=\"async\" width=\"1024\" height=\"580\" src=\"https:\/\/ffkaisersberg.at\/wp-content\/uploads\/2022\/07\/herbstfest_2019-1024x580.jpg\" alt=\"\" class=\"wp-image-380\" srcset=\"https:\/\/ff-kaisersberg.at\/wp-content\/uploads\/2022\/07\/herbstfest_2019-1024x580.jpg 1024w, https:\/\/ff-kaisersberg.at\/wp-content\/uploads\/2022\/07\/herbstfest_2019-300x170.jpg 300w, https:\/\/ff-kaisersberg.at\/wp-content\/uploads\/2022\/07\/herbstfest_2019-768x435.jpg 768w, https:\/\/ff-kaisersberg.at\/wp-content\/uploads\/2022\/07\/herbstfest_2019-1536x870.jpg 1536w, https:\/\/ff-kaisersberg.at\/wp-content\/uploads\/2022\/07\/herbstfest_2019-1200x680.jpg 1200w, https:\/\/ff-kaisersberg.at\/wp-content\/uploads\/2022\/07\/herbstfest_2019.jpg 1599w\" sizes=\"auto, (max-width: 1024px) 100vw, 1024px\" \/><\/figure>\n\n\n\n<p>Unser j\u00e4hrlicher Wanderausflug f\u00fchrte uns dieses Jahr auf die&nbsp;K\u00fcrsingerh\u00fctte (2548m). Von hier aus bestiegen wir den&nbsp;Gro\u00dfvenediger(3657m).<\/p>\n\n\n\n<figure class=\"wp-block-image size-full\"><img loading=\"lazy\" decoding=\"async\" width=\"960\" height=\"720\" src=\"https:\/\/ffkaisersberg.at\/wp-content\/uploads\/2022\/07\/wandern_2019_2.jpg\" alt=\"\" class=\"wp-image-382\" srcset=\"https:\/\/ff-kaisersberg.at\/wp-content\/uploads\/2022\/07\/wandern_2019_2.jpg 960w, https:\/\/ff-kaisersberg.at\/wp-content\/uploads\/2022\/07\/wandern_2019_2-300x225.jpg 300w, https:\/\/ff-kaisersberg.at\/wp-content\/uploads\/2022\/07\/wandern_2019_2-768x576.jpg 768w\" sizes=\"auto, (max-width: 960px) 100vw, 960px\" \/><\/figure>\n\n\n\n<figure class=\"wp-block-image size-full\"><img loading=\"lazy\" decoding=\"async\" width=\"960\" height=\"720\" src=\"https:\/\/ffkaisersberg.at\/wp-content\/uploads\/2022\/07\/wandern_2019_1.jpg\" alt=\"\" class=\"wp-image-381\" srcset=\"https:\/\/ff-kaisersberg.at\/wp-content\/uploads\/2022\/07\/wandern_2019_1.jpg 960w, https:\/\/ff-kaisersberg.at\/wp-content\/uploads\/2022\/07\/wandern_2019_1-300x225.jpg 300w, https:\/\/ff-kaisersberg.at\/wp-content\/uploads\/2022\/07\/wandern_2019_1-768x576.jpg 768w\" sizes=\"auto, (max-width: 960px) 100vw, 960px\" \/><\/figure>\n\n\n\n<p>&nbsp;Im Rahmen der Aktion \u201esauber Gemeinde\u201c wurde von den Kameraden&nbsp;jeglicher M\u00fcll in unserem Einsatzgebiet eingesammelt.<\/p>\n\n\n\n<p>Weiters wurden zahlreiche Instandhaltungsarbeiten beim R\u00fcsthaus,&nbsp;die Untersicht wurde gestrichen, der Schriftzug und das Wappen wurden nachgemalt, durch HBI P\u00f6tzl Franz, und beim Wasserbassin durchgef\u00fchrt.<\/p>\n\n\n\n<p>Der gesamte Stundenaufwand betrug f\u00fcr diese Jahr 5.688 Stunden.<\/p>\n\n\n\n<hr class=\"wp-block-separator has-alpha-channel-opacity\"\/>\n\n\n\n<p><strong>Chronik 2020&nbsp;<\/strong><\/p>\n\n\n\n<p>Herzlichen Dank an alle Spender, denn so konnten wir uns mit einem&nbsp;Atemschutzfunk und neuen Helmen ausstatten und sind so f\u00fcr den&nbsp;Ernstfall bestens ger\u00fcstet.<\/p>\n\n\n\n<p>Der Mitgliederstand betrug 40 Mann.<\/p>\n\n\n\n<p>27 Mann Aktivstand, 6 Mann au\u00dfer Dienst und 7 Jugendliche wurden in die Feuerwehr aufgenommen.<\/p>\n\n\n\n<p>Es waren dies: JFM Berger Leon, JFM G\u00f6tzfried Viktoria,<\/p>\n\n\n\n<p>JFM Hochfellner Simon, JFM Krasser Rafael, JFM Peer Niklas,&nbsp;<\/p>\n\n\n\n<p>JFM Petzl Kendra, JFM Scherer Julian.<\/p>\n\n\n\n<figure class=\"wp-block-image size-full\"><img loading=\"lazy\" decoding=\"async\" width=\"548\" height=\"600\" src=\"https:\/\/ffkaisersberg.at\/wp-content\/uploads\/2022\/07\/214859348_3609261549175485_2132216388570527955_n.jpg\" alt=\"\" class=\"wp-image-383\" srcset=\"https:\/\/ff-kaisersberg.at\/wp-content\/uploads\/2022\/07\/214859348_3609261549175485_2132216388570527955_n.jpg 548w, https:\/\/ff-kaisersberg.at\/wp-content\/uploads\/2022\/07\/214859348_3609261549175485_2132216388570527955_n-274x300.jpg 274w\" sizes=\"auto, (max-width: 548px) 100vw, 548px\" \/><\/figure>\n\n\n\n<p>In diesem Jahr wurde unsere Wehr zu 13 Eins\u00e4tzen gerufen, welche sich auf 11 technische Eins\u00e4tze und 2 Brandeins\u00e4tze aufteilten.<\/p>\n\n\n\n<p>Von schweren Unwettern blieben wir verschont, au\u00dfer einem Windwurf<\/p>\n\n\n\n<p>im Ortsgebiet von Kaisersberg.<\/p>\n\n\n\n<figure class=\"wp-block-image size-full\"><img loading=\"lazy\" decoding=\"async\" width=\"960\" height=\"540\" src=\"https:\/\/ffkaisersberg.at\/wp-content\/uploads\/2022\/07\/96666722_2482844511817200_1164237579495669760_n.jpg\" alt=\"\" class=\"wp-image-384\" srcset=\"https:\/\/ff-kaisersberg.at\/wp-content\/uploads\/2022\/07\/96666722_2482844511817200_1164237579495669760_n.jpg 960w, https:\/\/ff-kaisersberg.at\/wp-content\/uploads\/2022\/07\/96666722_2482844511817200_1164237579495669760_n-300x169.jpg 300w, https:\/\/ff-kaisersberg.at\/wp-content\/uploads\/2022\/07\/96666722_2482844511817200_1164237579495669760_n-768x432.jpg 768w\" sizes=\"auto, (max-width: 960px) 100vw, 960px\" \/><\/figure>\n\n\n\n<p>Der anstrengendste Einsatz dieses Jahres, war der Waldbrand in&nbsp;<\/p>\n\n\n\n<p>St. Michael in der N\u00e4he des Ochsenkogels 1400 m hoch. Mit 2 Hub-schrauber konnte, trotz gro\u00dfer Trockenheit, die Ausbreitung des Brandes&nbsp;<\/p>\n\n\n\n<p>verhindert werden.<\/p>\n\n\n\n<figure class=\"wp-block-image size-full\"><img loading=\"lazy\" decoding=\"async\" width=\"720\" height=\"960\" src=\"https:\/\/ffkaisersberg.at\/wp-content\/uploads\/2022\/07\/92287344_2412726608828991_4269102629281333248_n.jpg\" alt=\"\" class=\"wp-image-385\" srcset=\"https:\/\/ff-kaisersberg.at\/wp-content\/uploads\/2022\/07\/92287344_2412726608828991_4269102629281333248_n.jpg 720w, https:\/\/ff-kaisersberg.at\/wp-content\/uploads\/2022\/07\/92287344_2412726608828991_4269102629281333248_n-225x300.jpg 225w\" sizes=\"auto, (max-width: 720px) 100vw, 720px\" \/><\/figure>\n\n\n\n<p>Insgesamt gab es 4 Verkehrsunf\u00e4lle auf der S36, mit leichten Verletzungen.<\/p>\n\n\n\n<figure class=\"wp-block-image size-full\"><img loading=\"lazy\" decoding=\"async\" width=\"600\" height=\"450\" src=\"https:\/\/ffkaisersberg.at\/wp-content\/uploads\/2022\/07\/133702499_3094035794031399_8129751851902420001_n.jpg\" alt=\"\" class=\"wp-image-386\" srcset=\"https:\/\/ff-kaisersberg.at\/wp-content\/uploads\/2022\/07\/133702499_3094035794031399_8129751851902420001_n.jpg 600w, https:\/\/ff-kaisersberg.at\/wp-content\/uploads\/2022\/07\/133702499_3094035794031399_8129751851902420001_n-300x225.jpg 300w\" sizes=\"auto, (max-width: 600px) 100vw, 600px\" \/><\/figure>\n\n\n\n<p>Das letzte Jahr stand nat\u00fcrlich, ganz im Zeichen einer Pandemie,<\/p>\n\n\n\n<p>Korona Covid 19, deshalb war es nicht m\u00f6glich, das Osterfeuer, den Weiglmoar Alm Gottesdienst sowie unser Herbstfest, zu veranstalten.<\/p>\n\n\n\n<p>Wir konnten trotzdem die B\u00e4lle unserer Nachbarwehren besuchen. Beim<\/p>\n\n\n\n<p>Ortsturnier im Eisschie\u00dfen konnte unsere Senior-Mannschaft den<\/p>\n\n\n\n<p>&nbsp;2. Platz erringen.<\/p>\n\n\n\n<p>Im Berichtsjahr wurden trotz erschwerter Bedingungen 12 Plan\u00fcbungen<\/p>\n\n\n\n<p>durchgef\u00fchrt. Im Zuge einer \u00dcbung konnten wir auf der Ruine eine Baggerschaufel bergen, die \u00fcber die Au\u00dfenmauer gefallen war.<\/p>\n\n\n\n<figure class=\"wp-block-image size-full\"><img loading=\"lazy\" decoding=\"async\" width=\"957\" height=\"540\" src=\"https:\/\/ffkaisersberg.at\/wp-content\/uploads\/2022\/07\/Screenshot_8.png\" alt=\"\" class=\"wp-image-389\" srcset=\"https:\/\/ff-kaisersberg.at\/wp-content\/uploads\/2022\/07\/Screenshot_8.png 957w, https:\/\/ff-kaisersberg.at\/wp-content\/uploads\/2022\/07\/Screenshot_8-300x169.png 300w, https:\/\/ff-kaisersberg.at\/wp-content\/uploads\/2022\/07\/Screenshot_8-768x433.png 768w\" sizes=\"auto, (max-width: 957px) 100vw, 957px\" \/><\/figure>\n\n\n\n<figure class=\"wp-block-image size-full\"><img loading=\"lazy\" decoding=\"async\" width=\"724\" height=\"959\" src=\"https:\/\/ffkaisersberg.at\/wp-content\/uploads\/2022\/07\/Screenshot_7-1.png\" alt=\"\" class=\"wp-image-390\" srcset=\"https:\/\/ff-kaisersberg.at\/wp-content\/uploads\/2022\/07\/Screenshot_7-1.png 724w, https:\/\/ff-kaisersberg.at\/wp-content\/uploads\/2022\/07\/Screenshot_7-1-226x300.png 226w\" sizes=\"auto, (max-width: 724px) 100vw, 724px\" \/><\/figure>\n\n\n\n<p>Unser j\u00e4hrlicher&nbsp;Wanderausflug f\u00fchrte uns diesmal nach Tirol, an den<\/p>\n\n\n\n<p>Achensee. Von der Erfurter H\u00fctte aus wurden sch\u00f6ne Wanderungen im Rofangebiet unternommen.<\/p>\n\n\n\n<figure class=\"wp-block-image size-full\"><img loading=\"lazy\" decoding=\"async\" width=\"681\" height=\"678\" src=\"https:\/\/ffkaisersberg.at\/wp-content\/uploads\/2022\/07\/Screenshot_9.png\" alt=\"\" class=\"wp-image-391\" srcset=\"https:\/\/ff-kaisersberg.at\/wp-content\/uploads\/2022\/07\/Screenshot_9.png 681w, https:\/\/ff-kaisersberg.at\/wp-content\/uploads\/2022\/07\/Screenshot_9-300x300.png 300w, https:\/\/ff-kaisersberg.at\/wp-content\/uploads\/2022\/07\/Screenshot_9-150x150.png 150w\" sizes=\"auto, (max-width: 681px) 100vw, 681px\" \/><\/figure>\n\n\n\n<p>Die Abschnitts\u00fcbung wurde von uns durchgef\u00fchrt und zwar auf drei unterschiedlichen Szenarien.<\/p>\n\n\n\n<p>Einmal ein brennender Gastank der Fa. Hittaler, bei dem der LUF 60,<\/p>\n\n\n\n<p>der FF Kraubath eingesetzt war.<\/p>\n\n\n\n<figure class=\"wp-block-image size-large\"><img loading=\"lazy\" decoding=\"async\" width=\"1024\" height=\"580\" src=\"https:\/\/ffkaisersberg.at\/wp-content\/uploads\/2022\/07\/119474996_2809420459159602_746685796719939836_n-1024x580.jpg\" alt=\"\" class=\"wp-image-392\" srcset=\"https:\/\/ff-kaisersberg.at\/wp-content\/uploads\/2022\/07\/119474996_2809420459159602_746685796719939836_n-1024x580.jpg 1024w, https:\/\/ff-kaisersberg.at\/wp-content\/uploads\/2022\/07\/119474996_2809420459159602_746685796719939836_n-300x170.jpg 300w, https:\/\/ff-kaisersberg.at\/wp-content\/uploads\/2022\/07\/119474996_2809420459159602_746685796719939836_n-768x435.jpg 768w, https:\/\/ff-kaisersberg.at\/wp-content\/uploads\/2022\/07\/119474996_2809420459159602_746685796719939836_n-1536x870.jpg 1536w, https:\/\/ff-kaisersberg.at\/wp-content\/uploads\/2022\/07\/119474996_2809420459159602_746685796719939836_n-1200x680.jpg 1200w, https:\/\/ff-kaisersberg.at\/wp-content\/uploads\/2022\/07\/119474996_2809420459159602_746685796719939836_n.jpg 1599w\" sizes=\"auto, (max-width: 1024px) 100vw, 1024px\" \/><\/figure>\n\n\n\n<p>Ein anderes Szenario war ein Verkehrsunfall mit eingeklemmten Personen.<\/p>\n\n\n\n<figure class=\"wp-block-image size-large\"><img loading=\"lazy\" decoding=\"async\" width=\"1024\" height=\"580\" src=\"https:\/\/ffkaisersberg.at\/wp-content\/uploads\/2022\/07\/119241234_2809420429159605_4811851422987988180_n-1024x580.jpg\" alt=\"\" class=\"wp-image-393\" srcset=\"https:\/\/ff-kaisersberg.at\/wp-content\/uploads\/2022\/07\/119241234_2809420429159605_4811851422987988180_n-1024x580.jpg 1024w, https:\/\/ff-kaisersberg.at\/wp-content\/uploads\/2022\/07\/119241234_2809420429159605_4811851422987988180_n-300x170.jpg 300w, https:\/\/ff-kaisersberg.at\/wp-content\/uploads\/2022\/07\/119241234_2809420429159605_4811851422987988180_n-768x435.jpg 768w, https:\/\/ff-kaisersberg.at\/wp-content\/uploads\/2022\/07\/119241234_2809420429159605_4811851422987988180_n-1536x870.jpg 1536w, https:\/\/ff-kaisersberg.at\/wp-content\/uploads\/2022\/07\/119241234_2809420429159605_4811851422987988180_n-1200x680.jpg 1200w, https:\/\/ff-kaisersberg.at\/wp-content\/uploads\/2022\/07\/119241234_2809420429159605_4811851422987988180_n.jpg 1599w\" sizes=\"auto, (max-width: 1024px) 100vw, 1024px\" \/><\/figure>\n\n\n\n<p>Ganz im Zeichen des Grafitbergbaues war das 3. Szenario und zwar ein Stollenbrand, es mussten vermisste Bergleute mit Atemschutz aus dem<\/p>\n\n\n\n<p>verrauchten Stollen geborgen werden.&nbsp;&nbsp;<\/p>\n\n\n\n<figure class=\"wp-block-image size-large\"><img loading=\"lazy\" decoding=\"async\" width=\"1024\" height=\"576\" src=\"https:\/\/ffkaisersberg.at\/wp-content\/uploads\/2022\/07\/119239831_2809420155826299_1197120417517078403_n-1024x576.jpg\" alt=\"\" class=\"wp-image-394\" srcset=\"https:\/\/ff-kaisersberg.at\/wp-content\/uploads\/2022\/07\/119239831_2809420155826299_1197120417517078403_n-1024x576.jpg 1024w, https:\/\/ff-kaisersberg.at\/wp-content\/uploads\/2022\/07\/119239831_2809420155826299_1197120417517078403_n-300x169.jpg 300w, https:\/\/ff-kaisersberg.at\/wp-content\/uploads\/2022\/07\/119239831_2809420155826299_1197120417517078403_n-768x432.jpg 768w, https:\/\/ff-kaisersberg.at\/wp-content\/uploads\/2022\/07\/119239831_2809420155826299_1197120417517078403_n-1536x864.jpg 1536w, https:\/\/ff-kaisersberg.at\/wp-content\/uploads\/2022\/07\/119239831_2809420155826299_1197120417517078403_n-1200x675.jpg 1200w, https:\/\/ff-kaisersberg.at\/wp-content\/uploads\/2022\/07\/119239831_2809420155826299_1197120417517078403_n.jpg 1599w\" sizes=\"auto, (max-width: 1024px) 100vw, 1024px\" \/><\/figure>\n\n\n\n<p>Der Stundenaufwand betrug im abgelaufene Jahr 1.950 Stunden.<\/p>\n\n\n\n<p>Der durchschnittliche Gesamtstunden Aufwand der letzten Jahre lag bei<\/p>\n\n\n\n<p>rund 6.000 Stunden. Der starke R\u00fcckgang ist auf die Corona Situation<\/p>\n\n\n\n<p>zur\u00fcckzuf\u00fchren. \u00dcbungen und Sitzungen durften keine durchgef\u00fchrt.<\/p>\n\n\n\n<p>Mit einem neuen Funkger\u00e4t, einen zus\u00e4tzlichen Sanit\u00e4tskoffer und einer<\/p>\n\n\n\n<p>POLY CAFS-Kleinl\u00f6schanlage konnten wichtige Anschaffungen get\u00e4tigt<\/p>\n\n\n\n<p>werden, die bereits vorausschauend f\u00fcr unser kommendes neues<\/p>\n\n\n\n<p>MTF eingeplant sind. Ein herzlicher Dank gilt nat\u00fcrlich unseren G\u00f6nnern und Spendern, den mit Hilfe Ihrer Spenden konnten wir neue Anschaffungen t\u00e4tigen.&nbsp;<\/p>\n\n\n\n<hr class=\"wp-block-separator has-alpha-channel-opacity\"\/>\n\n\n\n<p><em><strong>Chronik 2021<\/strong><\/em><\/p>\n\n\n\n<p>Der Mitgliederstand betrug 39 Mann.<\/p>\n\n\n\n<p><strong>26 Mann Aktivstand, 6 Mann au\u00dfer Dienst,7 Jugendliche<\/strong><\/p>\n\n\n\n<p>Im vergangenen Berichtsjahr wurden wir zu&nbsp;<strong>24 &nbsp;Eins\u00e4tzen<\/strong>&nbsp;gerufen.<\/p>\n\n\n\n<p><strong>21 technische Eins\u00e4tze<\/strong>&nbsp;und&nbsp;<strong>3 Brandeins\u00e4tze<\/strong>.<\/p>\n\n\n\n<p>Von schweren Unwettern wurden wir in diesem Jahr verschont.<\/p>\n\n\n\n<p>Wir wurden zu einem Wohnhausbrand im Kraubath Graben, zu einer<\/p>\n\n\n\n<p>Menschenrettung auf der Burgruine und zu einem Waldbrand in der<\/p>\n\n\n\n<p>Vorderlainsach gerufen.<\/p>\n\n\n\n<figure class=\"wp-block-image size-full\"><img loading=\"lazy\" decoding=\"async\" width=\"719\" height=\"540\" src=\"https:\/\/ffkaisersberg.at\/wp-content\/uploads\/2022\/07\/201178171_3549027448532229_9218918931795490987_n.jpg\" alt=\"\" class=\"wp-image-396\" srcset=\"https:\/\/ff-kaisersberg.at\/wp-content\/uploads\/2022\/07\/201178171_3549027448532229_9218918931795490987_n.jpg 719w, https:\/\/ff-kaisersberg.at\/wp-content\/uploads\/2022\/07\/201178171_3549027448532229_9218918931795490987_n-300x225.jpg 300w\" sizes=\"auto, (max-width: 719px) 100vw, 719px\" \/><\/figure>\n\n\n\n<p>Auf der&nbsp;<strong>S 36 gab es 3 Verkehrsunf\u00e4lle<\/strong>, bei denen es keine schwer<\/p>\n\n\n\n<p>Verletze gab.<\/p>\n\n\n\n<figure class=\"wp-block-image size-full\"><img loading=\"lazy\" decoding=\"async\" width=\"458\" height=\"206\" src=\"https:\/\/ffkaisersberg.at\/wp-content\/uploads\/2022\/07\/212555389_511355263455974_5772647916854958370_n.jpg\" alt=\"\" class=\"wp-image-395\" srcset=\"https:\/\/ff-kaisersberg.at\/wp-content\/uploads\/2022\/07\/212555389_511355263455974_5772647916854958370_n.jpg 458w, https:\/\/ff-kaisersberg.at\/wp-content\/uploads\/2022\/07\/212555389_511355263455974_5772647916854958370_n-300x135.jpg 300w\" sizes=\"auto, (max-width: 458px) 100vw, 458px\" \/><\/figure>\n\n\n\n<p>Am&nbsp;<strong>04. September<\/strong>&nbsp;gab es um&nbsp;<strong>23.19<\/strong>&nbsp;<strong>Uhr Gro\u00dfalarm<\/strong>.<\/p>\n\n\n\n<p>Der Gasthof \u201eHofwirt\u201c Zechner, gegen\u00fcber der Feuerwehr war in Brand<\/p>\n\n\n\n<p>geraten. Da der Brand rasch auf den Dachstuhl \u00fcbergriff, musste<\/p>\n\n\n\n<p><strong>Einsatzleiter P\u00f6tzl<\/strong>&nbsp;weitere<strong>&nbsp;Tankl\u00f6schfahrzeuge<\/strong>&nbsp;aus dem&nbsp;<strong>Bereich Leoben<\/strong><\/p>\n\n\n\n<p>nachalarmieren. Die L\u00f6scharbeiten gestalteten sich sehr schwierig, da der Brandherd direkt im Dachstuhl war. Wegen Einsturzgefahr musste<\/p>\n\n\n\n<p>das Dach teilweise von au\u00dfen abgetragen werden, um den Brand unter Kontrolle zu bringen. Um ca.&nbsp;<strong>18.00 Uhr<\/strong>&nbsp;konnte&nbsp;<strong>Brand aus gemeldet werden<\/strong>, es wurde aber eine Feuerwache gehalten und so konnte am<\/p>\n\n\n\n<p>fr\u00fchen Morgen ein wieder&nbsp;<strong>aufkeimender Brand<\/strong>&nbsp;verhindert werden. Am<\/p>\n\n\n\n<p>Vormittag&nbsp;<strong>konnte der Einsatz nach 36 Stunden beendet<\/strong>&nbsp;werden, Es<\/p>\n\n\n\n<p>waren&nbsp;<strong>26 Fahrzeuge<\/strong>&nbsp; von&nbsp;<strong>13 Feuerwehren<\/strong>&nbsp;mit&nbsp;<strong>142 Mann<\/strong>&nbsp;eingesetzt.<\/p>\n\n\n\n<figure class=\"wp-block-image size-full\"><img loading=\"lazy\" decoding=\"async\" width=\"960\" height=\"540\" src=\"https:\/\/ffkaisersberg.at\/wp-content\/uploads\/2022\/07\/241415213_3771476436287328_3367585295430757043_n.jpg\" alt=\"\" class=\"wp-image-397\" srcset=\"https:\/\/ff-kaisersberg.at\/wp-content\/uploads\/2022\/07\/241415213_3771476436287328_3367585295430757043_n.jpg 960w, https:\/\/ff-kaisersberg.at\/wp-content\/uploads\/2022\/07\/241415213_3771476436287328_3367585295430757043_n-300x169.jpg 300w, https:\/\/ff-kaisersberg.at\/wp-content\/uploads\/2022\/07\/241415213_3771476436287328_3367585295430757043_n-768x432.jpg 768w\" sizes=\"auto, (max-width: 960px) 100vw, 960px\" \/><\/figure>\n\n\n\n<figure class=\"wp-block-image size-full\"><img loading=\"lazy\" decoding=\"async\" width=\"960\" height=\"720\" src=\"https:\/\/ffkaisersberg.at\/wp-content\/uploads\/2022\/07\/241489969_3771476746287297_284669565835744791_n.jpg\" alt=\"\" class=\"wp-image-398\" srcset=\"https:\/\/ff-kaisersberg.at\/wp-content\/uploads\/2022\/07\/241489969_3771476746287297_284669565835744791_n.jpg 960w, https:\/\/ff-kaisersberg.at\/wp-content\/uploads\/2022\/07\/241489969_3771476746287297_284669565835744791_n-300x225.jpg 300w, https:\/\/ff-kaisersberg.at\/wp-content\/uploads\/2022\/07\/241489969_3771476746287297_284669565835744791_n-768x576.jpg 768w\" sizes=\"auto, (max-width: 960px) 100vw, 960px\" \/><\/figure>\n\n\n\n<figure class=\"wp-block-image size-full\"><img loading=\"lazy\" decoding=\"async\" width=\"960\" height=\"540\" src=\"https:\/\/ffkaisersberg.at\/wp-content\/uploads\/2022\/07\/241553777_3771477086287263_9012884107894855116_n.jpg\" alt=\"\" class=\"wp-image-399\" srcset=\"https:\/\/ff-kaisersberg.at\/wp-content\/uploads\/2022\/07\/241553777_3771477086287263_9012884107894855116_n.jpg 960w, https:\/\/ff-kaisersberg.at\/wp-content\/uploads\/2022\/07\/241553777_3771477086287263_9012884107894855116_n-300x169.jpg 300w, https:\/\/ff-kaisersberg.at\/wp-content\/uploads\/2022\/07\/241553777_3771477086287263_9012884107894855116_n-768x432.jpg 768w\" sizes=\"auto, (max-width: 960px) 100vw, 960px\" \/><\/figure>\n\n\n\n<p>Im Berichtsjahr wurden&nbsp;<strong>12 Plan\u00fcbungen<\/strong>, eine Abschnitts\u00fcbung in<\/p>\n\n\n\n<p>St. Michael und eine&nbsp;<strong>Abschluss\u00fcbung der FF St. Stefan<\/strong>&nbsp;durchgef\u00fchrt.<\/p>\n\n\n\n<p>Nach coronabedingter Pause konnten wir im Sommer endlich wieder unseren allseits beliebten Almgottesdienst auf der Weiglmoaralm bei<\/p>\n\n\n\n<p>sch\u00f6nem Wetter, veranstalten. Es waren viele&nbsp;<strong>Wanderer, Autofahrer, Radfahrer und Traktorfahrer<\/strong>&nbsp;gekommen und wir hatten einen tollen&nbsp;Erfolg.<\/p>\n\n\n\n<figure class=\"wp-block-image size-full\"><img loading=\"lazy\" decoding=\"async\" width=\"600\" height=\"337\" src=\"https:\/\/ffkaisersberg.at\/wp-content\/uploads\/2022\/07\/218366378_3633402700094703_3244707547323085838_n-1.jpg\" alt=\"\" class=\"wp-image-401\" srcset=\"https:\/\/ff-kaisersberg.at\/wp-content\/uploads\/2022\/07\/218366378_3633402700094703_3244707547323085838_n-1.jpg 600w, https:\/\/ff-kaisersberg.at\/wp-content\/uploads\/2022\/07\/218366378_3633402700094703_3244707547323085838_n-1-300x169.jpg 300w\" sizes=\"auto, (max-width: 600px) 100vw, 600px\" \/><\/figure>\n\n\n\n<p>Unser j\u00e4hrlicher Wanderausflug ging nach&nbsp;<strong>Tirol, ins Zillertal<\/strong>. Von der<\/p>\n\n\n\n<p>Greizer H\u00fctte aus, wurden Wanderungen auf den&nbsp;<strong>Gigalitz 3002 m<\/strong>&nbsp;und<\/p>\n\n\n\n<p>den gro\u00dfen<strong>&nbsp;L\u00f6ffler 3376 m<\/strong>&nbsp;unternommen.<\/p>\n\n\n\n<p>Neben den Instandhaltungsarbeiten, wurde neben dem R\u00fcsthaus der<\/p>\n\n\n\n<p>Boden ausgehoben und das Fundament f\u00fcr das zuk\u00fcnftige Carport<\/p>\n\n\n\n<p>betoniert.<\/p>\n\n\n\n<figure class=\"wp-block-image size-large\"><img loading=\"lazy\" decoding=\"async\" width=\"1024\" height=\"768\" src=\"https:\/\/ffkaisersberg.at\/wp-content\/uploads\/2022\/07\/e02bc8fd-f2c6-442a-8619-a14166dab04e-1024x768.jpg\" alt=\"\" class=\"wp-image-402\" srcset=\"https:\/\/ff-kaisersberg.at\/wp-content\/uploads\/2022\/07\/e02bc8fd-f2c6-442a-8619-a14166dab04e-1024x768.jpg 1024w, https:\/\/ff-kaisersberg.at\/wp-content\/uploads\/2022\/07\/e02bc8fd-f2c6-442a-8619-a14166dab04e-300x225.jpg 300w, https:\/\/ff-kaisersberg.at\/wp-content\/uploads\/2022\/07\/e02bc8fd-f2c6-442a-8619-a14166dab04e-768x576.jpg 768w, https:\/\/ff-kaisersberg.at\/wp-content\/uploads\/2022\/07\/e02bc8fd-f2c6-442a-8619-a14166dab04e-1536x1152.jpg 1536w, https:\/\/ff-kaisersberg.at\/wp-content\/uploads\/2022\/07\/e02bc8fd-f2c6-442a-8619-a14166dab04e-1200x900.jpg 1200w, https:\/\/ff-kaisersberg.at\/wp-content\/uploads\/2022\/07\/e02bc8fd-f2c6-442a-8619-a14166dab04e.jpg 1600w\" sizes=\"auto, (max-width: 1024px) 100vw, 1024px\" \/><\/figure>\n\n\n\n<p>Auch unsere Feuerwehrjugend war, trotz der Coronavorgaben, sehr aktiv. Im Fr\u00fchjahr wurden 4 Online \u00dcbungen durchgef\u00fchrt. Nach viel Flei\u00df und Ehrgeiz konnten beim Jugend-Leistungsbewerb und dem<\/p>\n\n\n\n<p>Wissenstest tolle Erfolge erzielt werden, was auch mit dem Abzeichen<\/p>\n\n\n\n<p>belohnt wurde. Bei der Abschluss \u00dcbung beim R\u00fcsthaus, bei der auch Eltern und Geschwister eingeladen waren, wurde die Funktionsweise<\/p>\n\n\n\n<p>der verschiedenen Feuerl\u00f6cher erkl\u00e4rt. Anschlie\u00dfend konnte das Gelernte, praktisch bei einem Brand angewandt werden. Der Gesamt-<\/p>\n\n\n\n<p>stundenaufwand hat&nbsp;<strong>452 Stunden<\/strong>&nbsp;betragen. Unseren&nbsp;<strong>Jugendbetreuern G\u00f6tschl Florian und Scherer Fritz<\/strong>, ein herzliches Dankesch\u00f6n f\u00fcr ihre T\u00e4tigkeit.<\/p>\n\n\n\n<figure class=\"wp-block-image size-full\"><img loading=\"lazy\" decoding=\"async\" width=\"548\" height=\"600\" src=\"https:\/\/ffkaisersberg.at\/wp-content\/uploads\/2022\/07\/214859348_3609261549175485_2132216388570527955_n-1.jpg\" alt=\"\" class=\"wp-image-403\" srcset=\"https:\/\/ff-kaisersberg.at\/wp-content\/uploads\/2022\/07\/214859348_3609261549175485_2132216388570527955_n-1.jpg 548w, https:\/\/ff-kaisersberg.at\/wp-content\/uploads\/2022\/07\/214859348_3609261549175485_2132216388570527955_n-1-274x300.jpg 274w\" sizes=\"auto, (max-width: 548px) 100vw, 548px\" \/><\/figure>\n\n\n\n<p>Der gesamte Stundenaufwand der Feuerwehrkameraden, betrug im abgelaufenen&nbsp;<strong>Jahr 3800 Stunden<\/strong>.<\/p>\n\n\n\n<hr class=\"wp-block-separator has-alpha-channel-opacity\"\/>\n\n\n\n<h2 class=\"wp-block-heading has-text-align-center\">Chronik 2022<\/h2>\n\n\n\n<p>Der Mitgliederstand betrug 44 Mann.<\/p>\n\n\n\n<p>27 Mann Aktivstand, 9 Mann au\u00dfer Dienst,8 Jugendliche<\/p>\n\n\n\n<p>Es gab 5 Neuaufnahmen:<\/p>\n\n\n\n<p>JFM Berger Fabian, PFM Kofler Wolfgang, PFM Magritzer Patricia,<\/p>\n\n\n\n<p>PFM Rupp Ingo, FM Maier Thomas Und OFM Vockenberger Michael<\/p>\n\n\n\n<p>Im vergangenen Berichtsjahr wurden wir zu 37 Eins\u00e4tzen gerufen.<\/p>\n\n\n\n<p>34 technische Eins\u00e4tze und 3 Brandeins\u00e4tze.<\/p>\n\n\n\n<p>In diesem Jahr wurden wir vermehrt zu technischen Hilfeleistungen und<\/p>\n\n\n\n<p>Verkehrsunf\u00e4llen auf die Murtal Schnellstra\u00dfe S 36 gerufen.<\/p>\n\n\n\nngg_shortcode_0_placeholder\n\n\n\n<p>Im August zog ein schweres Unwetter \u00fcber die gesamte Steiermark.<\/p>\n\n\n\n<p>Auch wir hatten viele Eins\u00e4tze im Gemeindegebiet. Besonders gro\u00df<\/p>\n\n\n\n<p>waren die Sch\u00e4den im gesamten Pre\u00dfnitzgraben, wo wir mit schwerem Ger\u00e4t die Stra\u00dfe freimachen mussten. Die Aufarbeitung der gro\u00df- fl\u00e4chigen Windbr\u00fcche in den W\u00e4ldern dauerte das ganze Jahr lang an.<\/p>\n\n\n\n<p>Dadurch kam es immer wieder zu Stra\u00dfensperren. &nbsp;&nbsp;&nbsp;&nbsp;&nbsp;&nbsp;&nbsp;&nbsp;&nbsp;&nbsp;&nbsp;&nbsp;&nbsp;&nbsp;&nbsp;&nbsp;&nbsp;&nbsp;&nbsp;&nbsp;&nbsp;&nbsp;&nbsp;&nbsp;&nbsp;&nbsp;&nbsp;&nbsp;&nbsp;&nbsp;&nbsp;&nbsp;&nbsp;&nbsp;&nbsp;&nbsp;&nbsp;&nbsp;&nbsp;&nbsp;&nbsp;<\/p>\n\n\n\nngg_shortcode_1_placeholder\n\n\n\n<p>Im Berichtsjahr wurden 12 Plan\u00fcbungen, eine Abschnitts\u00fcbung in<\/p>\n\n\n\n<p>Kraubath und eine Abschluss\u00fcbung mit der FF St. Stefan beim Gel\u00e4nde der Fa. Pool Partner durchgef\u00fchrt.<\/p>\n\n\n\nngg_shortcode_2_placeholder\n\n\n\n<p>Beim Florianitag, welchen wir in unserem R\u00fcsthaus veranstalteten,<\/p>\n\n\n\n<p>wurden gemeinsam mit der FF St. Stefan, Kameraden geehrt und bef\u00f6rdert. Als besonderer H\u00f6hepunkt, wurde unser neues Einsatz-<\/p>\n\n\n\n<p>Fahrzeug, ein MTF-A eingeweiht und in den Dienst gestellt werden.<\/p>\n\n\n\nngg_shortcode_3_placeholder\n\n\n\n<p>Der zur Tradition gewordene Weiglmoaralm Gottesdienst, war wieder<\/p>\n\n\n\n<p>voller Erfolg. Bei klarem Himmel und Sonnenschein ging unser Fest<\/p>\n\n\n\n<p>\u00fcber die B\u00fchne. Es waren viele Wanderer, Autofahrer, Radfahrer und Traktorfahrer gekommen, die wir nat\u00fcrlich bestens mit Speisen und k\u00fchlen Getr\u00e4nken versorgten.<\/p>\n\n\n\nngg_shortcode_4_placeholder\n\n\n\n<p>Unser j\u00e4hrlicher Wanderausflug f\u00fchrte uns nach K\u00e4rnten, ins B\u00e4rental.<\/p>\n\n\n\n<p>Von der Klagenfurter H\u00fctte aus, wurden sch\u00f6ne Wanderungen und Klettertouren unternommen. Bielschitza 1958 m, Hochstuhl 2236 m,<\/p>\n\n\n\n<p>Kosiak 2024 m, Vertatscha 2180 m und Edelwei\u00dfspitze 1995 m.<\/p>\n\n\n\nngg_shortcode_5_placeholder\n\n\n\n<p>Nach den Coronabedingten Absagen, konnten wir einen Tagesausflug<\/p>\n\n\n\n<p>in die S\u00fcdoststeiermark zur Vulcano Schinkenmanufaktur und das Lava<\/p>\n\n\n\n<p>Br\u00e4u machen. Bei Pechmanns Alter \u00d6lm\u00fchle wurde im Anschluss noch<\/p>\n\n\n\n<p>gem\u00fctliche Stunden verbracht.<\/p>\n\n\n\n<p><\/p>\n\n\n\n<p>Zu den Instandhaltungsarbeiten, wurde neben dem R\u00fcsthaus eine<\/p>\n\n\n\n<p>neue Garage f\u00fcr das Notstromaggregat in Eigenregie aufgebaut. Auch<\/p>\n\n\n\n<p>der Vorplatz des R\u00fcsthauses erstrahlt nun mit neuem Charme.<\/p>\n\n\n\nngg_shortcode_6_placeholder\n\n\n\n<p>Auch unsere Feuerwehrjugend war sehr aktiv.<\/p>\n\n\n\n<p>Das Jahr begann mit einer Rodelpartie in der Hinterlobming, sowie mit<\/p>\n\n\n\n<p>einem Eisschie\u00dfen bei Fraidl Walter. Beim Landesschitag der Feuer- wehrjugend am Kreischberg waren wir auch dabei. Die Vorbereitungen f\u00fcr das Bewerbspiel sowie den Wissenstest und das Wissenstestspiel<\/p>\n\n\n\n<p>wurden mit dem Erhalt der Abzeichen belohnt. Weiters waren wir noch<\/p>\n\n\n\n<p>baden beim Zechner-Teich und Bootsfahren am Schotterteich in<\/p>\n\n\n\n<p>St. Michael. Au\u00dferdem erm\u00f6glichte uns der Christopherus St\u00fctzpunkt<\/p>\n\n\n\n<p>In St. Michael eine Besichtigung. Als Belohnung f\u00fcr dieses erfolgreiche<\/p>\n\n\n\n<p>Jahr, gab es einen Jugendausflug, der uns in die Zotter Schokoladen<\/p>\n\n\n\n<p>Manufaktur f\u00fchrte. Danach ging es weiter in den Tierpark Herberstein.<\/p>\n\n\n\n<p>Ebenfalls waren wir beim Bereichs Jugendkegeln sehr erfolgreich.<\/p>\n\n\n\n<p>Abgeschlossen wurde das Jahr mit der Friedenslichtaktion.<\/p>\n\n\n\n<p>Der Gesamtstundenaufwand hat 746 Stunden betragen. Unseren Jugendbetreuern G\u00f6tschl Florian, Scherer Fritz und Tatschl Sebastian ein herzliches Dankesch\u00f6n f\u00fcr ihre T\u00e4tigkeit.<\/p>\n\n\n\nngg_shortcode_7_placeholder\n\n\n\n<p>Der gesamte Stundenaufwand der Feuerwehrkameraden, betrug im abgelaufenen Jahr 4570 Stunden.<\/p>\n\n\n\n<p>Ein herzlicher Dank ergeht an die vielen Spender und G\u00f6nner unserer<\/p>\n\n\n\n<p>Wehr. So konnte mit dem MTF-A, dem Stromaggregat und Bekleidung wieder wichtige Anschaffungen get\u00e4tigt werden.<\/p>\n\n\n\n<hr class=\"wp-block-separator has-alpha-channel-opacity\"\/>\n\n\n\n<p><strong>Chronik 2023&nbsp;&nbsp;<\/strong><\/p>\n\n\n\n<p>Der Mitgliederstand betrug 44 Mann.&nbsp;<\/p>\n\n\n\n<p>28 Mann Aktivstand, 7 Mann au\u00dfer Dienst,9 Jugendliche&nbsp;<\/p>\n\n\n\n<p>Es gab 2 Neuaufnahmen:&nbsp;<\/p>\n\n\n\n<p><strong>PFM Tatschl Adolf, JFM Scherer Simon<\/strong>,&nbsp;<\/p>\n\n\n\n<p>Austritte: <strong>OFM Vockenberger Michael&nbsp;<\/strong><\/p>\n\n\n\n<p>Gestorben: <strong>HFM-Peer Gerald<\/strong>&nbsp;&nbsp;<\/p>\n\n\n\n<p>Im vergangenen Berichtsjahr wurden wir zu <strong>32 Eins\u00e4tzen<\/strong> gerufen.&nbsp;<\/p>\n\n\n\n<p><strong>29 technische<\/strong> Eins\u00e4tze und <strong>3 Brandeins\u00e4tze<\/strong>.&nbsp;<\/p>\n\n\n\n<p>Auch in diesem Jahr wurden wir vermehrt zu technischen Hilfeleistungen und Verkehrsunf\u00e4llen auf die Murtal Schnellstra\u00dfe S 36 gerufen.&nbsp;<\/p>\n\n\n\nngg_shortcode_8_placeholder\n\n\n\n<p>F\u00fcr die Ausbildung und Weiterbildung, wurde die Feuerwehrschule in&nbsp;&nbsp;<\/p>\n\n\n\n<p>Lebring, von <strong>17 Kameraden<\/strong> besucht. Es waren dies Lehrg\u00e4nge f\u00fcr:&nbsp;<\/p>\n\n\n\n<p><strong>F\u00fchrung1<\/strong>, <strong>Technischer Lehrgang1<\/strong>, <strong>Schriftf\u00fchrerlehrgang<\/strong>, <strong>Feuerwehr<\/strong>&nbsp;<\/p>\n\n\n\n<div class=\"wp-block-group\"><div class=\"wp-block-group__inner-container is-layout-constrained wp-block-group-is-layout-constrained\">\n<p><strong>Jugendbetreuer<\/strong>, <strong>Einsatzleiter Lehrgang<\/strong>,<strong> Lehrgang f\u00fcr Ger\u00e4te<\/strong>&#8211; <strong>und<\/strong>&nbsp;&nbsp;<\/p>\n\n\n\n<p><strong>Maschinenmeister<\/strong>, <strong>Funkgrundlehrgang<\/strong>.&nbsp;<\/p>\n<\/div><\/div>\n\n\n\n<p>Weiters war im R\u00fcsthaus ein Erste Hilfe Lehrgang mit <strong>22 Teilnehmer<\/strong>.&nbsp;<\/p>\n\n\n\n<p>Im Berichtsjahr wurden <strong>50 \u00dcbungen<\/strong>, eine <strong>Abschnitts\u00fcbung<\/strong> durchgef\u00fchrt.&nbsp;<\/p>\n\n\n\n<p>Davon waren <strong>4 L\u00f6sch\u00fcbungen<\/strong>, <strong>2 Atemschutz\u00fcbungen<\/strong>, <strong>1 Funk\u00fcbung<\/strong>,&nbsp;<\/p>\n\n\n\n<p><strong>4 technische \u00dcbungen<\/strong>, <strong>32 FLA-\u00dcbungen<\/strong>, <strong>4 \u00dcbungen <\/strong>f\u00fcr die <strong>Sanit\u00e4ts<\/strong>&#8211;&nbsp;<\/p>\n\n\n\n<p><strong>Leistungspr\u00fcfung<\/strong> und <strong>3 Gesamt\u00fcbungen<\/strong>.&nbsp;<\/p>\n\n\n\n<p>Weiters wurden <strong>12 Monatssitzunge<\/strong>n und <strong>4 Ausschusssitzungen<\/strong>&nbsp;&nbsp;<\/p>\n\n\n\n<p>abgehalten.&nbsp;<\/p>\n\n\n\n<p>Am 17. Februar wurden wir nachts um 03.00 Uhr zu einem Brand einer&nbsp;<\/p>\n\n\n\n<p>ortsans\u00e4ssigen Kfz-Werkst\u00e4tte gerufen. In der Halle brannten bereits Autos. <strong>HBI P\u00f6tzl<\/strong> l\u00f6ste gleich den Abschnittsalarm aus. Es musste ein&nbsp;&nbsp;<\/p>\n\n\n\n<p>Innen- und Au\u00dfenangriff mit schwerem Atemschutz durchgef\u00fchrt werden. Es waren <strong>70 Eisatzkr\u00e4fte<\/strong> mit <strong>14 Fahrzeugen<\/strong> im Einsatz.&nbsp;<\/p>\n\n\n\nngg_shortcode_9_placeholder\n\n\n\n<p>Am 19. Juli st\u00fcrzte im Kraubath Graben, in einem steilen unzug\u00e4nglichen&nbsp;<\/p>\n\n\n\n<p>Gel\u00e4nde ein Bundesheer Pinzgauer, <strong>70 Meter<\/strong> tief ab. Zwei Soldaten waren eingeklemmt und wurden mit unserem mobilen <strong>Hydraulischen<\/strong>&nbsp;<\/p>\n\n\n\n<p><strong>Rettungsger\u00e4t<\/strong> befreit und erstversorgt. Die Fahrzeugbergung erfolgte&nbsp;&nbsp;<\/p>\n\n\n\n<p>durch einen Bundesheer Hubschrauber.&nbsp;<\/p>\n\n\n\n<p>&nbsp;&nbsp;&nbsp;&nbsp;&nbsp;&nbsp;&nbsp;&nbsp;&nbsp;&nbsp;&nbsp;&nbsp;&nbsp;&nbsp;&nbsp;&nbsp;&nbsp;&nbsp;&nbsp;&nbsp;&nbsp;&nbsp;&nbsp;&nbsp;&nbsp;&nbsp;&nbsp;&nbsp;&nbsp;&nbsp;&nbsp;&nbsp;&nbsp;&nbsp;&nbsp;&nbsp;&nbsp;&nbsp;&nbsp;&nbsp;&nbsp;&nbsp;&nbsp;&nbsp; Bilder&nbsp;&nbsp;<\/p>\n\n\n\nngg_shortcode_10_placeholder\n\n\n\n<p>Neben mehreren Verkehrsunf\u00e4llen auf der S 36 Murtal Schnellstra\u00dfe, wurden auch \u00d6lspuren im Gemeindegebiet gebunden. Es wurden mehrere umgest\u00fcrzte B\u00e4ume, nach Sturm und starkem Schneefall von&nbsp;<\/p>\n\n\n\n<p>den Stra\u00dfen entfernt werden. Auch von der Oberleitung der \u00d6BB wurde ein Baum entfernt.&nbsp;<\/p>\n\n\n\n<p>Von 11. bis 14. Mai f\u00fchrte uns der Ausflug nach Bologna. Am ersten Tag konnten wir Venedig besichtigen und fuhren dann weiter nach Bologna.&nbsp;<\/p>\n\n\n\n<p>Am 2. Tag besichtigten wir mit einer F\u00fchrung die Altstadt.&nbsp;<\/p>\n\n\n\n<p>Der 3. Tag f\u00fchrte uns nach Modena und anschlie\u00dfend nach Maranello zum Ferrari Museum. Am 4. Tag der Heimreise fuhren wir \u00fcber die Prosecco Weinstra\u00dfe \u00fcber Santo Stefano nach Valdobbiadene, der&nbsp;<\/p>\n\n\n\n<p>Hochburg de Proseccos.&nbsp;<\/p>\n\n\n\n\n\n<p>Der zur Tradition gewordene Weiglmoaralm Gottesdienst, war wieder ein&nbsp;<\/p>\n\n\n\n<p>voller Erfolg. Die Ortsmusik Hinterlobming umrahmte diese sch\u00f6ne Feier. Bei klarem Himmel, Sonnenschein und bester Unterhaltung ging unser Fest \u00fcber die B\u00fchne. Es waren viele Wanderer, Autofahrer, Radfahrer sowie 30 OldtaimerTraktoren gekommen, die wir nat\u00fcrlich bestens mit Speisen und k\u00fchlen Getr\u00e4nken versorgten.&nbsp;&nbsp;<\/p>\n\n\n\n<p>&nbsp;&nbsp;&nbsp;&nbsp;&nbsp;&nbsp;&nbsp;&nbsp;&nbsp;&nbsp;&nbsp;&nbsp;&nbsp;&nbsp;&nbsp;&nbsp;&nbsp;&nbsp;&nbsp;&nbsp;&nbsp;&nbsp;&nbsp;&nbsp;&nbsp;&nbsp;&nbsp;&nbsp;&nbsp;&nbsp;&nbsp;&nbsp;&nbsp;&nbsp;&nbsp;&nbsp;&nbsp;&nbsp;&nbsp;&nbsp;&nbsp;&nbsp;&nbsp;&nbsp;&nbsp; Bilder&nbsp;&nbsp;<\/p>\n\n\n\n\n\n<p>Unser j\u00e4hrlicher Wanderausflug f\u00fchrte uns diese Jahr nach S\u00fcdtirol, zu&nbsp;&nbsp;<\/p>\n\n\n\n<p>den \u201eDrei Zinnen\u201c. Von der Lavaredo-H\u00fctte aus, konnten unter anderem \u00fcber den Luca-Innerkofler-Klettersteig, welcher durch Stollen und ehemaligen Stellungen des ersten Weltkrieges f\u00fchrt, der Paternkofel (2744m) sowie der Toblinger Knoten (2617m) \u00fcber den Klettersteig&nbsp;&nbsp;<\/p>\n\n\n\n<p>bezwungen werden.&nbsp;<\/p>\n\n\n\nngg_shortcode_11_placeholder\n\n\n\n<p>Teilnahme bei der Sanit\u00e4ts- Leistungspr\u00fcfung in Vordernberg nahmen vier Trupps mit je 3 Mann teil. 9 Leistungsabzeichen in Bronze und 2 in&nbsp;<\/p>\n\n\n\n<p>Silber waren ein toller Erfolg.&nbsp;<\/p>\n\n\n\nngg_shortcode_12_placeholder\n\n\n\n<p>Weiters konnte von 5 Kamerad\/innen das Funkleistungsabzeichen in Bronze, beim Bereichsfunkleistungsbewerb in St. Peter Freienstein&nbsp;<\/p>\n\n\n\n<p>erwerben.&nbsp;<\/p>\n\n\n\n<p>&nbsp;&nbsp;&nbsp;&nbsp;&nbsp;&nbsp;&nbsp;&nbsp;&nbsp;&nbsp;&nbsp;&nbsp;&nbsp;&nbsp;&nbsp;&nbsp;&nbsp;&nbsp;&nbsp;&nbsp;&nbsp;&nbsp;&nbsp;&nbsp;&nbsp;&nbsp;&nbsp;&nbsp;&nbsp;&nbsp;&nbsp;&nbsp;&nbsp;&nbsp;&nbsp;&nbsp;&nbsp;&nbsp;&nbsp;&nbsp;&nbsp;&nbsp; Bild&nbsp;<\/p>\n\n\n\nngg_shortcode_13_placeholder\n\n\n\n<p>Gemeinsam mit der FF Kraubath, konnte eine FLA-Gruppe gestellt werden. Es traten 5 Kameraden jeder Wehr an und konnten beim&nbsp;&nbsp;<\/p>\n\n\n\n<p>Landesbewerb in K\u00f6flach das silberne Leistungsabzeichen erreichen.&nbsp;<\/p>\n\n\n\n<p>&nbsp;&nbsp;&nbsp;&nbsp;&nbsp;&nbsp;&nbsp;&nbsp;&nbsp;&nbsp;&nbsp;&nbsp;&nbsp;&nbsp;&nbsp;&nbsp;&nbsp;&nbsp;&nbsp;&nbsp;&nbsp;&nbsp;&nbsp;&nbsp;&nbsp;&nbsp;&nbsp;&nbsp;&nbsp;&nbsp;&nbsp;&nbsp;&nbsp;&nbsp;&nbsp;&nbsp;&nbsp;&nbsp;&nbsp;&nbsp;&nbsp; Bild&nbsp;<\/p>\n\n\n\nngg_shortcode_14_placeholder\n\n\n\n<p>Im September luden wir zum sechsten Mal zu unserem Herbstfest ein.&nbsp;&nbsp;<\/p>\n\n\n\n<p>Neben Maroni und Sturm, sorgten die Gulsenbuam, sowie die Breitenegger f\u00fcr gute Stimmung. Ebenfalls fand das 2. Kaisersberger&nbsp;&nbsp;<\/p>\n\n\n\n<p>Bierkistenschie\u00dfen statt. Bei dem sich 17 Mannschaften beteiligt hatten.&nbsp;<\/p>\n\n\n\n<p>Auch unsere Feuerwehrjugend war wieder sehr aktiv, und zwar 7 Buben und 2 M\u00e4dchen. Begonnen hat das Jahr mit dem Wintersporttag der&nbsp;&nbsp;<\/p>\n\n\n\n<p>FF-Jugend am Kreischberg. Zu Ostern wurde der Osterfeuerhaufen vor&nbsp;<\/p>\n\n\n\n<p>dem R\u00fcsthaus bewacht und am Karsamstag entz\u00fcndet. Weiters wurde beim Bezirksjugendkegeln teilgenommen. Im Oktober wurde eine Abschnitts\u00fcbung der FF-Jugend durchgef\u00fchrt. Am 10. Dezember bekamen wir Freikarten f\u00fcr den Besuch des SK-Sturm Graz durch den&nbsp;<\/p>\n\n\n\n<p>Landesfeuerwehr Verband, in der Mercur-Arena. Beim Wissenstest in Niklasdorf erhielten f\u00fcnf Jugendliche das Abzeichen in Bronze und zwei&nbsp;<\/p>\n\n\n\n<p>in Silber. Beim Bereichs-Leistungsbewerb erhielte 5 Jugendliche das&nbsp;&nbsp;<\/p>\n\n\n\n<p>Feuerwehrjugendleistungsabzeichen in Bronze und einer in Silber.&nbsp;<\/p>\n\n\n\n<p>Abgeschlossen wurde das Jahr wieder mit unserer traditionellen und&nbsp;<\/p>\n\n\n\n<p>erfolgreichen Friedenslichtaktion. Der Gesamtstundenaufwand unserer&nbsp;<\/p>\n\n\n\n<p>Jugend betrugen 900 Stunden. Dazu kommen noch 200 Stunden welche f\u00fcr die Betreuung und Ausbildung durch die Jugendbeauftragten aufge-&nbsp;<\/p>\n\n\n\n<p>Bracht wurden.&nbsp;<\/p>\n\n\n\nngg_shortcode_15_placeholder\n\n\n\n<p>Der gesamte Stundenaufwand der Feuerwehrkameraden, betrug im abgelaufenen <strong>Jahr 7.720 Stunden<\/strong>.&nbsp;<\/p>\n\n\n\n<p>Ein herzlicher Dank ergeht an die vielen Spender und G\u00f6nner unserer&nbsp;&nbsp;<\/p>\n\n\n\n<p>Wehr. So konnte wir wieder Bekleidung, Ger\u00e4te und andere wichtige Anschaffungen get\u00e4tigt werden.&nbsp;&nbsp;<\/p>\n\n\n\n<hr class=\"wp-block-separator has-alpha-channel-opacity\"\/>\n\n\n\n<h2 class=\"wp-block-heading has-text-align-center has-text-color has-link-color wp-elements-dd791283b5925e4abf322d9e6b5c650b\" style=\"color:#ff0000\"><strong>Chronik 2024<\/strong><\/h2>\n\n\n\n<p>Der Mitgliederstand betrug 44 Mann.<\/p>\n\n\n\n<p>30 Mann Aktivstand, 7 Mann au\u00dfer Dienst,7 Jugendliche<\/p>\n\n\n\n<p>Es gab 2 Neuaufnahmen:<\/p>\n\n\n\n<p>PFM Harreither Andreas, PFF Scherer Kerstin<\/p>\n\n\n\n<p>Gestorben am: 2. August, HFM-Peter Pechan,<\/p>\n\n\n\n<p>13. Oktober, EHBI Johann Achamer<\/p>\n\n\n\n<p>Im vergangenen Berichtsjahr wurden wir zu 36 Eins\u00e4tzen gerufen.<\/p>\n\n\n\n<p>33 technische Eins\u00e4tze und 3 Brandeins\u00e4tze.<\/p>\n\n\n\n<p>Auch in diesem Jahr wurden wir vermehrt zu technischen Hilfeleistungen und Verkehrsunf\u00e4llen auf die Murtal Schnellstra\u00dfe S 36 gerufen.<\/p>\n\n\n\n<p>F\u00fcr die Ausbildung und Weiterbildung, wurde die Feuerwehrschule in<\/p>\n\n\n\n<p>Lebring, von 18 Kameraden besucht. Es waren dies Lehrg\u00e4nge f\u00fcr:<\/p>\n\n\n\n<p>F\u00fchrung1, Technischer Lehrgang1, Atemschutz Modul f. F\u00fchren 1,<\/p>\n\n\n\n<p>Funk Lehrgang in Lebring, Lehrgang Waldbrandbek\u00e4mpfung 2,<\/p>\n\n\n\n<p>Maschinisten Lehrgang, Grundausbildung 1 und 2, Maschinisten-<\/p>\n\n\n\n<p>Lehrgang, Kommandanten Lehrgang und Pr\u00fcfung, Technischer Lehrgang 1, Technischer Lehrgang 2, Atemschutzger\u00e4tetr\u00e4ger Lehrgang<\/p>\n\n\n\n<p>Im Berichtsjahr wurden 22 \u00dcbungen durchgef\u00fchrt.<\/p>\n\n\n\n<p>Davon waren 2 L\u00f6sch\u00fcbungen, 2 Atemschutz\u00fcbungen, 1 Funk\u00fcbung,<\/p>\n\n\n\n<p>4 technische \u00dcbungen, 8 FLA-\u00dcbungen, 1 Schadstoff\u00fcbung,<\/p>\n\n\n\n<p>und 5 restliche Gesamt\u00fcbungen.<\/p>\n\n\n\n<p>Weiters wurden 12 Monatssitzungen und 4 Ausschusssitzungen<\/p>\n\n\n\n<p>abgehalten.<\/p>\n\n\n\n<p>Am 24.04. wurden wir zu einem Gartenh\u00fcttenbrand nach Kraubath gerufen. Die H\u00fctte war bereits im Vollbrand und konnte gemeinsam mit der FF Kraubath gel\u00f6scht werden<\/p>\n\n\n\nngg_shortcode_16_placeholder\n\n\n\n<p>In der Nacht des 17.07. zog ein schweres Unwetter \u00fcber Mautern, sodass auch wir zu Hilfe gerufen wurden. Unsere Aufgabe bestand<\/p>\n\n\n\n<p>darin, mehrere Keller auszupumpen.<\/p>\n\n\n\nngg_shortcode_17_placeholder\n\n\n\n<p>Im Dezember wurde eine gro\u00dfe Suchaktion nach einer abg\u00e4ngigen<\/p>\n\n\n\n<p>Person im Pre\u00dfnitzgraben von uns geleitet. Das sehr weitl\u00e4ufige Gebiet<\/p>\n\n\n\n<p>sowie starker Schneefall erschwerten die Suche. Auch die Zusammen-<\/p>\n\n\n\n<p>arbeit mit Polizei, Bergrettung, Hundestaffel und Rettungshundebrigade<\/p>\n\n\n\n<p>funktionierte einwandfrei. Auch ein Polizeihubschrauber war im Einsatz. Die vermisste Person konnte leider erst 1 Monat sp\u00e4ter tot gefunden werden.<\/p>\n\n\n\nngg_shortcode_18_placeholder\n\n\n\n<p>Neben mehreren Verkehrsunf\u00e4llen auf der S 36 Murtal Schnellstra\u00dfe, wurden auch \u00d6lspuren im Gemeindegebiet gebunden. Es wurden mehrere umgest\u00fcrzte B\u00e4ume, nach Sturm von den Stra\u00dfen entfernt werden.<\/p>\n\n\n\nngg_shortcode_19_placeholder\n\n\n\n<p>Am 25.05. trat auch eine FLA-Gruppe beim Bereichsbewerb in St Stefan, im Rahmen der 150-Jahr-Feier der FF St. Stefan an.<\/p>\n\n\n\n<p>Weiters waren sie beim 1. Mareiner Juxbewerb der FF. St. Marein bei Knittelfeld mit dabei und konnten einen 4. Platz erreichen.<\/p>\n\n\n\n<p>Florianitag und 90 Jahre FF Kaisersberg.<\/p>\n\n\n\n<p>Im Mai wurde der Florianitag wieder von uns im und vor dem R\u00fcsthaus<\/p>\n\n\n\n<p>gefeiert. Im Zuge dessen konnte auch das 90-j\u00e4hrige Bestehen unserer Wehr gefeiert werden. Neben Ansprachen der Ehreng\u00e4ste, Bef\u00f6rderungen und Auszeichnungen verdienter Kameraden stand nat\u00fcrlich auch ein gem\u00fctliches Beisammensein mit der Bev\u00f6lkerung und die Kameradschaftspflege am Programm.<\/p>\n\n\n\nngg_shortcode_20_placeholder\n\n\n\n<p>Der zur Tradition gewordene Weiglmoaralm Gottesdienst, war wieder ein<\/p>\n\n\n\n<p>voller Erfolg. Die Ortsmusik Hinterlobming umrahmte diese sch\u00f6ne Feier. Bei klarem Himmel, Sonnenschein und bester Unterhaltung ging unser Fest \u00fcber die B\u00fchne. Es waren viele Wanderer, Autofahrer, Radfahrer sowie 25 Oldtaimer Traktoren gekommen, die wir nat\u00fcrlich bestens mit Speisen und k\u00fchlen Getr\u00e4nken versorgten.<\/p>\n\n\n\n<p>Auch unsere Feuerwehrjugend war wieder sehr aktiv, und zwar 5 Buben und 2 M\u00e4dchen. Begonnen hat das Jahr mit dem Wintersporttag der<\/p>\n\n\n\n<p>FF-Jugend am Kreischberg. Zu Ostern wurde der Osterfeuerhaufen vor<\/p>\n\n\n\n<p>dem R\u00fcsthaus bewacht und am Karsamstag entz\u00fcndet. Weiters wurde beim Bezirksjugendkegeln teilgenommen und im Juli konnten sich die<\/p>\n\n\n\n<p>Jugendlichen des Abschnittes beim Bootfahren am Schotterteich in St. Michael abk\u00fchlen. Im Oktober wurde eine Abschnitts\u00fcbung der FF-Jugend durchgef\u00fchrt. Beim Wissenstest in Niklasdorf erhielten sechs Jugendliche das Abzeichen in Silber und einer in Bronze. Beim Bereichs-Leistungsbewerb in Teufenbach erhielte 4 Jugendliche das Feuerwehrjugend-Leistungsabzeichen in Silber und einer in Bronze.<\/p>\n\n\n\n<p>Abgeschlossen wurde das Jahr wieder mit unserer traditionellen und<\/p>\n\n\n\n<p>erfolgreichen Friedenslichtaktion. Der Gesamtstundenaufwand unserer<\/p>\n\n\n\n<p>Jugend betrugen 750 Stunden. Dazu kommen noch 180 Stunden welche f\u00fcr die Betreuung und Ausbildung durch die Jugendbeauftragten aufge-<\/p>\n\n\n\n<p>bracht wurden.<\/p>\n\n\n\nngg_shortcode_21_placeholder\n\n\n\n<p class=\"has-primary-color has-text-color has-link-color wp-elements-5c4b8f451d7bd6d0aa32c02352d24551\">Der gesamte Stundenaufwand der Feuerwehrkameraden, betrug im abgelaufenen Jahr <strong><strong>6.820 Stunden.<\/strong><\/strong><\/p>\n\n\n\n<p>Ein herzlicher Dank ergeht an die vielen Spender und G\u00f6nner unserer<\/p>\n\n\n\n<p>Wehr. So konnte wir wieder Bekleidung, Ger\u00e4te und andere wichtige Anschaffungen get\u00e4tigt werden.<\/p>\n\n\n\n<hr class=\"wp-block-separator has-alpha-channel-opacity\"\/>\n\n\n\n<p><\/p>\n","protected":false},"excerpt":{"rendered":"<p>1934 wurde die Freiw. Feuerwehr Kaisersberg gegr\u00fcndet. Bis dahin waren wir ein L\u00f6schzug mit der Freiw. Feuerwehr St. Stefan. Trotz schlechten wirtschaftlichen Verh\u00e4ltnissen und der hohen Arbeitslosigkeit haben sich B\u00fcrger von Kaisersberg entschlossen, diese Wehr zu gr\u00fcnden. Anl\u00e4sslich der am 16. Juni 1934 abends um 19.00 Uhr im Gasthaus Kolland in Kaisersberg stattgefundenen Dekorierung eines [&hellip;]<\/p>\n","protected":false},"author":1,"featured_media":0,"parent":26,"menu_order":3,"comment_status":"closed","ping_status":"closed","template":"","meta":{"ngg_post_thumbnail":0,"footnotes":""},"class_list":["post-245","page","type-page","status-publish","hentry"],"_links":{"self":[{"href":"https:\/\/ff-kaisersberg.at\/index.php?rest_route=\/wp\/v2\/pages\/245","targetHints":{"allow":["GET"]}}],"collection":[{"href":"https:\/\/ff-kaisersberg.at\/index.php?rest_route=\/wp\/v2\/pages"}],"about":[{"href":"https:\/\/ff-kaisersberg.at\/index.php?rest_route=\/wp\/v2\/types\/page"}],"author":[{"embeddable":true,"href":"https:\/\/ff-kaisersberg.at\/index.php?rest_route=\/wp\/v2\/users\/1"}],"replies":[{"embeddable":true,"href":"https:\/\/ff-kaisersberg.at\/index.php?rest_route=%2Fwp%2Fv2%2Fcomments&post=245"}],"version-history":[{"count":5,"href":"https:\/\/ff-kaisersberg.at\/index.php?rest_route=\/wp\/v2\/pages\/245\/revisions"}],"predecessor-version":[{"id":1920,"href":"https:\/\/ff-kaisersberg.at\/index.php?rest_route=\/wp\/v2\/pages\/245\/revisions\/1920"}],"up":[{"embeddable":true,"href":"https:\/\/ff-kaisersberg.at\/index.php?rest_route=\/wp\/v2\/pages\/26"}],"wp:attachment":[{"href":"https:\/\/ff-kaisersberg.at\/index.php?rest_route=%2Fwp%2Fv2%2Fmedia&parent=245"}],"curies":[{"name":"wp","href":"https:\/\/api.w.org\/{rel}","templated":true}]}}