{"id":30,"date":"2022-07-29T22:50:25","date_gmt":"2022-07-29T20:50:25","guid":{"rendered":"https:\/\/ffkaisersberg.at\/?page_id=30"},"modified":"2025-07-05T12:26:22","modified_gmt":"2025-07-05T10:26:22","slug":"bildergallerie","status":"publish","type":"page","link":"https:\/\/ff-kaisersberg.at\/?page_id=30","title":{"rendered":"Bildergallerie"},"content":{"rendered":"\n<p><\/p>\n\n\n\n<p><\/p>\n\n\n\n<h4 class=\"wp-block-heading has-text-align-center has-text-color has-link-color has-larger-font-size wp-elements-c151e8616848c0e9dbb799e56e4ce609\" style=\"color:#ff0000\"><strong><em>2025<\/em><\/strong><\/h4>\n\n\n\n<div class=\"wp-block-columns is-layout-flex wp-container-core-columns-is-layout-9d6595d7 wp-block-columns-is-layout-flex\">\n<div class=\"wp-block-column is-layout-flow wp-block-column-is-layout-flow\">\n<h6 class=\"wp-block-heading has-text-align-center has-text-color has-link-color has-small-font-size wp-elements-2124a91970aada267c6f41d358cbedf6\" style=\"color:#ff0000\">07-06-2025<\/h6>\n\n\n\n<p>Bereichsjugendleistungsbewerb in St.Peter\/Freienstein<\/p>\n\n\n\nngg_shortcode_0_placeholder\n<\/div>\n\n\n\n<div class=\"wp-block-column is-layout-flow wp-block-column-is-layout-flow\"><\/div>\n<\/div>\n\n\n\n<div class=\"wp-block-columns is-layout-flex wp-container-core-columns-is-layout-9d6595d7 wp-block-columns-is-layout-flex\">\n<div class=\"wp-block-column is-layout-flow wp-block-column-is-layout-flow\"><\/div>\n\n\n\n<div class=\"wp-block-column is-layout-flow wp-block-column-is-layout-flow\"><\/div>\n<\/div>\n\n\n\n<div class=\"wp-block-columns is-layout-flex wp-container-core-columns-is-layout-9d6595d7 wp-block-columns-is-layout-flex\">\n<div class=\"wp-block-column is-layout-flow wp-block-column-is-layout-flow\"><\/div>\n\n\n\n<div class=\"wp-block-column is-layout-flow wp-block-column-is-layout-flow\"><\/div>\n<\/div>\n\n\n\n<div class=\"wp-block-columns is-layout-flex wp-container-core-columns-is-layout-9d6595d7 wp-block-columns-is-layout-flex\">\n<div class=\"wp-block-column is-layout-flow wp-block-column-is-layout-flow\"><\/div>\n\n\n\n<div class=\"wp-block-column is-layout-flow wp-block-column-is-layout-flow\"><\/div>\n<\/div>\n\n\n\n<div class=\"wp-block-columns is-layout-flex wp-container-core-columns-is-layout-9d6595d7 wp-block-columns-is-layout-flex\">\n<div class=\"wp-block-column is-layout-flow wp-block-column-is-layout-flow\"><\/div>\n\n\n\n<div class=\"wp-block-column is-layout-flow wp-block-column-is-layout-flow\"><\/div>\n<\/div>\n\n\n\n<div class=\"wp-block-columns is-layout-flex wp-container-core-columns-is-layout-9d6595d7 wp-block-columns-is-layout-flex\">\n<div class=\"wp-block-column is-layout-flow wp-block-column-is-layout-flow\"><\/div>\n\n\n\n<div class=\"wp-block-column is-layout-flow wp-block-column-is-layout-flow\"><\/div>\n<\/div>\n\n\n\n<hr class=\"wp-block-separator has-alpha-channel-opacity\"\/>\n\n\n\n<h4 class=\"wp-block-heading has-text-align-center has-text-color has-link-color has-larger-font-size wp-elements-57e411b61b9059c7c66a494a2a9371a8\" style=\"color:#ff0000\"><strong><em>2024 <\/em><\/strong><\/h4>\n\n\n\n<hr class=\"wp-block-separator has-alpha-channel-opacity\"\/>\n\n\n\n<h5 class=\"wp-block-heading has-text-align-center has-text-color has-larger-font-size\" style=\"color:#ff0000\"><strong><em>2023<\/em><\/strong><\/h5>\n\n\n\n<div class=\"wp-block-columns is-layout-flex wp-container-core-columns-is-layout-9d6595d7 wp-block-columns-is-layout-flex\">\n<div class=\"wp-block-column is-layout-flow wp-block-column-is-layout-flow\"><\/div>\n\n\n\n<div class=\"wp-block-column is-layout-flow wp-block-column-is-layout-flow\"><\/div>\n<\/div>\n\n\n\n<div class=\"wp-block-columns is-layout-flex wp-container-core-columns-is-layout-9d6595d7 wp-block-columns-is-layout-flex\">\n<div class=\"wp-block-column is-layout-flow wp-block-column-is-layout-flow\"><\/div>\n\n\n\n<div class=\"wp-block-column is-layout-flow wp-block-column-is-layout-flow\"><\/div>\n<\/div>\n\n\n\n<div class=\"wp-block-columns is-layout-flex wp-container-core-columns-is-layout-9d6595d7 wp-block-columns-is-layout-flex\">\n<div class=\"wp-block-column is-layout-flow wp-block-column-is-layout-flow\"><\/div>\n\n\n\n<div class=\"wp-block-column is-layout-flow wp-block-column-is-layout-flow\"><\/div>\n<\/div>\n\n\n\n<div class=\"wp-block-columns is-layout-flex wp-container-core-columns-is-layout-9d6595d7 wp-block-columns-is-layout-flex\">\n<div class=\"wp-block-column is-layout-flow wp-block-column-is-layout-flow\"><\/div>\n\n\n\n<div class=\"wp-block-column is-layout-flow wp-block-column-is-layout-flow\"><\/div>\n<\/div>\n\n\n\n<div class=\"wp-block-columns is-layout-flex wp-container-core-columns-is-layout-9d6595d7 wp-block-columns-is-layout-flex\">\n<div class=\"wp-block-column is-layout-flow wp-block-column-is-layout-flow\"><\/div>\n\n\n\n<div class=\"wp-block-column is-layout-flow wp-block-column-is-layout-flow\"><\/div>\n<\/div>\n\n\n\n<div class=\"wp-block-columns is-layout-flex wp-container-core-columns-is-layout-9d6595d7 wp-block-columns-is-layout-flex\">\n<div class=\"wp-block-column is-layout-flow wp-block-column-is-layout-flow\">\n<p class=\"has-text-align-center has-text-color has-normal-font-size\" style=\"color:#ff0000\"><strong>03-02-2023<\/strong><\/p>\n\n\n\n<p>Vergleichskampf mit der FW Lobming<\/p>\n\n\n\nngg_shortcode_1_placeholder\n<\/div>\n\n\n\n<div class=\"wp-block-column is-layout-flow wp-block-column-is-layout-flow\">\n<p class=\"has-text-align-center has-text-color has-normal-font-size\" style=\"color:#ff0000\"><strong>28-01-2023<\/strong><\/p>\n\n\n\n<p class=\"has-text-align-center\">Wintersporttag der Feuerwehrjugend<\/p>\n\n\n\nngg_shortcode_2_placeholder\n<\/div>\n<\/div>\n\n\n\n<hr class=\"wp-block-separator has-alpha-channel-opacity\"\/>\n\n\n\n<div class=\"wp-block-columns is-layout-flex wp-container-core-columns-is-layout-9d6595d7 wp-block-columns-is-layout-flex\">\n<div class=\"wp-block-column is-layout-flow wp-block-column-is-layout-flow\" style=\"flex-basis:100%\">\n<h5 class=\"wp-block-heading has-text-align-center has-text-color has-larger-font-size\" style=\"color:#ff0000;text-transform:uppercase\"><strong><em>2022<\/em><\/strong><\/h5>\n<\/div>\n<\/div>\n\n\n\n<div class=\"wp-block-columns is-layout-flex wp-container-core-columns-is-layout-9d6595d7 wp-block-columns-is-layout-flex\">\n<div class=\"wp-block-column is-layout-flow wp-block-column-is-layout-flow\">\n<p class=\"has-text-align-center has-text-color has-normal-font-size\" style=\"color:#ff0000\"><strong>21-11-2022<\/strong><\/p>\n\n\n\n<p class=\"has-text-align-center\"><strong>Bereichsjugendkegeln 2022<\/strong><\/p>\n\n\n\n<p class=\"has-background-color has-text-color\" style=\"font-size:5px\">w<\/p>\n\n\n\nngg_shortcode_3_placeholder\n<\/div>\n\n\n\n<div class=\"wp-block-column is-layout-flow wp-block-column-is-layout-flow\">\n<p class=\"has-text-align-center has-text-color has-normal-font-size\" style=\"color:#ff0000\"><strong>28-10-2022<\/strong><\/p>\n\n\n\n<p><strong>Abschluss\u00fcbung der Gemeinde St. Stefan o.L.<\/strong><\/p>\n\n\n\nngg_shortcode_4_placeholder\n<\/div>\n<\/div>\n\n\n\n<div class=\"wp-block-columns is-layout-flex wp-container-core-columns-is-layout-9d6595d7 wp-block-columns-is-layout-flex\">\n<div class=\"wp-block-column is-layout-flow wp-block-column-is-layout-flow\">\n<p class=\"has-text-align-center has-text-color has-normal-font-size\" style=\"color:#ff0000\"><strong>16-08-2022<\/strong><\/p>\n\n\n\n<p class=\"has-text-align-center\"><strong>Jugendausflug<\/strong><\/p>\n\n\n\nngg_shortcode_5_placeholder\n<\/div>\n\n\n\n<div class=\"wp-block-column is-layout-flow wp-block-column-is-layout-flow\">\n<p class=\"has-text-align-center has-text-color has-normal-font-size\" style=\"color:#ff0000\"><strong>13-08-2022<\/strong><\/p>\n\n\n\n<p class=\"has-text-align-center\"><strong>Bootfahren mit der Feuerwehrjugend<\/strong><\/p>\n\n\n\nngg_shortcode_6_placeholder\n<\/div>\n<\/div>\n\n\n\n<div class=\"wp-block-columns is-layout-flex wp-container-core-columns-is-layout-9d6595d7 wp-block-columns-is-layout-flex\">\n<div class=\"wp-block-column is-layout-flow wp-block-column-is-layout-flow\">\n<p class=\"has-text-align-center has-text-color has-normal-font-size\" style=\"color:#ff0000\"><strong>12 u. 15-08-2022<\/strong><\/p>\n\n\n\n<p class=\"has-text-align-center\"><strong>Wanderausflug<\/strong><\/p>\n\n\n\nngg_shortcode_7_placeholder\n<\/div>\n\n\n\n<div class=\"wp-block-column is-layout-flow wp-block-column-is-layout-flow\">\n<p class=\"has-text-align-center has-text-color has-normal-font-size\" style=\"color:#ff0000\"><strong>05-08-2022 <\/strong><\/p>\n\n\n\n<p><strong>Plan\u00fcbung &#8211; L\u00f6schen von Kleinbr\u00e4nden<\/strong><\/p>\n\n\n\nngg_shortcode_8_placeholder\n<\/div>\n<\/div>\n\n\n\n<div class=\"wp-block-columns is-layout-flex wp-container-core-columns-is-layout-9d6595d7 wp-block-columns-is-layout-flex\">\n<div class=\"wp-block-column is-layout-flow wp-block-column-is-layout-flow\">\n<p class=\"has-text-align-center has-text-color has-normal-font-size\" style=\"color:#ff0000\"><strong>17.07.2022 <\/strong> <\/p>\n\n\n\n<p class=\"has-text-align-center\"><strong>Weiglmoaralm-Gottesdienst<\/strong><\/p>\n\n\n\nngg_shortcode_9_placeholder\n<\/div>\n\n\n\n<div class=\"wp-block-column is-layout-flow wp-block-column-is-layout-flow\">\n<p class=\"has-text-align-center has-text-color has-normal-font-size\" style=\"color:#ff0000\"><strong>10.07.2022<\/strong><\/p>\n\n\n\n<p class=\"has-text-align-center\"><strong>Landesfeuerwehrjugend-leistungsbewerb<\/strong> <strong>in Gnas<\/strong><\/p>\n\n\n\nngg_shortcode_10_placeholder\n<\/div>\n<\/div>\n\n\n\n<div class=\"wp-block-columns is-layout-flex wp-container-core-columns-is-layout-9d6595d7 wp-block-columns-is-layout-flex\">\n<div class=\"wp-block-column is-layout-flow wp-block-column-is-layout-flow\">\n<p class=\"has-text-align-center has-text-color has-normal-font-size\" style=\"color:#ff0000\"><strong>07.07.2022<\/strong><\/p>\n\n\n\n<p class=\"has-text-align-center\"><strong>Jugend beim<\/strong> <strong>Christophorus 17<\/strong><\/p>\n\n\n\nngg_shortcode_11_placeholder\n<\/div>\n\n\n\n<div class=\"wp-block-column is-layout-flow wp-block-column-is-layout-flow\">\n<p class=\"has-text-align-center has-text-color has-normal-font-size\" style=\"color:#ff0000\"><strong>28.06.2022<\/strong><\/p>\n\n\n\n<p class=\"has-text-align-center\"><strong>Zu Besuch im Kindergarten<\/strong><\/p>\n\n\n\nngg_shortcode_12_placeholder\n<\/div>\n<\/div>\n\n\n\n<div class=\"wp-block-columns is-layout-flex wp-container-core-columns-is-layout-9d6595d7 wp-block-columns-is-layout-flex\">\n<div class=\"wp-block-column is-layout-flow wp-block-column-is-layout-flow\">\n<p class=\"has-text-align-center has-text-color has-normal-font-size\" style=\"color:#ff0000\"><strong>25.06.2022<\/strong><\/p>\n\n\n\n<p class=\"has-text-align-center\"><strong>\u00dcbung im Bergbau<\/strong><\/p>\n\n\n\nngg_shortcode_13_placeholder\n<\/div>\n\n\n\n<div class=\"wp-block-column is-layout-flow wp-block-column-is-layout-flow\">\n<p class=\"has-text-align-center has-text-color has-normal-font-size\" style=\"color:#ff0000\"><strong>19.06.2022<\/strong><\/p>\n\n\n\n<p class=\"has-text-align-center\"><strong>Bereichsjugendbewerb in St.Lorenzen<\/strong><\/p>\n\n\n\nngg_shortcode_14_placeholder\n<\/div>\n<\/div>\n\n\n\n<div class=\"wp-block-columns is-layout-flex wp-container-core-columns-is-layout-9d6595d7 wp-block-columns-is-layout-flex\">\n<div class=\"wp-block-column is-layout-flow wp-block-column-is-layout-flow\">\n<p class=\"has-text-align-center has-text-color has-normal-font-size\" style=\"color:#ff0000\"><strong>07.05.2022<\/strong><\/p>\n\n\n\n<p class=\"has-text-align-center\"><strong>Florianitag 2022<\/strong><\/p>\n\n\n\nngg_shortcode_15_placeholder\n<\/div>\n\n\n\n<div class=\"wp-block-column is-layout-flow wp-block-column-is-layout-flow\">\n<p class=\"has-text-align-center has-text-color has-normal-font-size\" style=\"color:#ff0000\"><strong>13.04.2022<\/strong><\/p>\n\n\n\n<p class=\"has-text-align-center\"><strong>Wissenstest und Wissenstestspiel in St.Stefan<\/strong><\/p>\n\n\n\nngg_shortcode_16_placeholder\n<\/div>\n<\/div>\n\n\n\n<div class=\"wp-block-columns is-layout-flex wp-container-core-columns-is-layout-9d6595d7 wp-block-columns-is-layout-flex\">\n<div class=\"wp-block-column is-layout-flow wp-block-column-is-layout-flow\">\n<p class=\"has-text-align-center has-text-color has-normal-font-size\" style=\"color:#ff0000\"><strong>13.03.2022<\/strong><\/p>\n\n\n\n<p class=\"has-text-align-center\"><strong>Wintersporttag der Feuerwehrjugend<\/strong><\/p>\n\n\n\nngg_shortcode_17_placeholder\n<\/div>\n\n\n\n<div class=\"wp-block-column is-layout-flow wp-block-column-is-layout-flow\">\n<p class=\"has-text-align-center has-text-color has-normal-font-size\" style=\"color:#ff0000\"><strong>05.03.2022<\/strong><\/p>\n\n\n\n<p class=\"has-text-align-center\"><strong>Wehr- und Wahlversammlung<\/strong><\/p>\n\n\n\nngg_shortcode_18_placeholder\n<\/div>\n<\/div>\n\n\n\n<div class=\"wp-block-columns is-layout-flex wp-container-core-columns-is-layout-9d6595d7 wp-block-columns-is-layout-flex\">\n<div class=\"wp-block-column is-layout-flow wp-block-column-is-layout-flow\">\n<p class=\"has-text-align-center has-text-color has-normal-font-size\" style=\"color:#ff0000\"><strong>06.03.2022<\/strong><\/p>\n\n\n\n<p class=\"has-text-align-center\"><strong>Vom Winde verweht<\/strong><\/p>\n\n\n\nngg_shortcode_19_placeholder\n<\/div>\n\n\n\n<div class=\"wp-block-column is-layout-flow wp-block-column-is-layout-flow\">\n<p class=\"has-text-align-center has-text-color has-normal-font-size\" style=\"color:#ff0000\"><strong>27.02.2022<\/strong><\/p>\n\n\n\n<p class=\"has-text-align-center\"><strong>FF-Kids auf der Eisbahn<\/strong><\/p>\n\n\n\nngg_shortcode_20_placeholder\n<\/div>\n<\/div>\n\n\n\n<div class=\"wp-block-columns is-layout-flex wp-container-core-columns-is-layout-9d6595d7 wp-block-columns-is-layout-flex\">\n<div class=\"wp-block-column is-layout-flow wp-block-column-is-layout-flow\">\n<p class=\"has-text-align-center has-text-color has-normal-font-size\" style=\"color:#ff0000\"><strong>23.01.2022<\/strong><\/p>\n\n\n\n<p class=\"has-text-align-center\"><strong>Jugendausflug in die Hinterlobming<\/strong><\/p>\n\n\n\nngg_shortcode_21_placeholder\n<\/div>\n\n\n\n<div class=\"wp-block-column is-layout-flow wp-block-column-is-layout-flow\"><\/div>\n<\/div>\n\n\n\n<hr class=\"wp-block-separator has-alpha-channel-opacity\"\/>\n\n\n\n<h2 class=\"wp-block-heading has-text-align-center has-text-color\" style=\"color:#ff0000\">2021<\/h2>\n\n\n\n<div class=\"wp-block-columns is-layout-flex wp-container-core-columns-is-layout-9d6595d7 wp-block-columns-is-layout-flex\">\n<div class=\"wp-block-column is-layout-flow wp-block-column-is-layout-flow\">\n<p class=\"has-text-align-center has-text-color has-normal-font-size\" style=\"color:#ff0000\"><strong>12.11.2021<\/strong><\/p>\n\n\n\n<p class=\"has-text-align-center\"><strong>Nacht\u00fcbung<\/strong><\/p>\n\n\n\nngg_shortcode_22_placeholder\n<\/div>\n\n\n\n<div class=\"wp-block-column is-layout-flow wp-block-column-is-layout-flow\">\n<p class=\"has-text-align-center has-text-color has-normal-font-size\" style=\"color:#ff0000\"><strong>30.10.2021<\/strong><\/p>\n\n\n\n<p class=\"has-text-align-center has-primary-color has-text-color\"><strong>Abschluss\u00fcbung gemeinsam mit der Feuerwehr St. Stefan ob Leoben<\/strong><\/p>\n\n\n\nngg_shortcode_23_placeholder\n<\/div>\n<\/div>\n\n\n\n<hr class=\"wp-block-separator has-alpha-channel-opacity\"\/>\n\n\n\n<div class=\"wp-block-columns is-layout-flex wp-container-core-columns-is-layout-9d6595d7 wp-block-columns-is-layout-flex\">\n<div class=\"wp-block-column is-layout-flow wp-block-column-is-layout-flow\">\n<p class=\"has-text-align-center has-text-color has-normal-font-size\" style=\"color:#ff0000\"><strong>30.10.2021<\/strong><\/p>\n\n\n\n<p class=\"has-text-align-center\"><strong>Abschluss\u00fcbung Jugend<\/strong><\/p>\n\n\n\nngg_shortcode_24_placeholder\n<\/div>\n\n\n\n<div class=\"wp-block-column is-layout-flow wp-block-column-is-layout-flow\">\n<p class=\"has-text-align-center has-text-color has-normal-font-size\" style=\"color:#ff0000\"><strong>18.09.2021<\/strong><\/p>\n\n\n\n<p class=\"has-text-align-center\"><strong>Wissenstest und Wissenstestspiel in St.Stefan<\/strong><\/p>\n\n\n\nngg_shortcode_25_placeholder\n<\/div>\n<\/div>\n\n\n\n<hr class=\"wp-block-separator has-alpha-channel-opacity\"\/>\n\n\n\n<div class=\"wp-block-columns is-layout-flex wp-container-core-columns-is-layout-9d6595d7 wp-block-columns-is-layout-flex\">\n<div class=\"wp-block-column is-layout-flow wp-block-column-is-layout-flow\">\n<p class=\"has-text-align-center has-text-color has-normal-font-size\" style=\"color:#ff0000\"><strong>19.07.2021<\/strong><\/p>\n\n\n\n<p class=\"has-text-align-center\"><strong>Weiglmoaralm-Gottesdienst 2021<\/strong><\/p>\n\n\n\nngg_shortcode_26_placeholder\n<\/div>\n\n\n\n<div class=\"wp-block-column is-layout-flow wp-block-column-is-layout-flow\">\n<p class=\"has-text-align-center has-text-color has-normal-font-size\" style=\"color:#ff0000\"><strong>10.07.2020<\/strong><\/p>\n\n\n\n<p class=\"has-text-align-center\"><strong>Jugendfeuerwehrleistungsbewerb in Kammern<\/strong><\/p>\n\n\n\nngg_shortcode_27_placeholder\n<\/div>\n<\/div>\n\n\n\n<hr class=\"wp-block-separator has-alpha-channel-opacity\"\/>\n\n\n\n<div class=\"wp-block-columns is-layout-flex wp-container-core-columns-is-layout-9d6595d7 wp-block-columns-is-layout-flex\">\n<div class=\"wp-block-column is-layout-flow wp-block-column-is-layout-flow\">\n<p class=\"has-text-align-center has-text-color has-normal-font-size\" style=\"color:#ff0000\"><strong>05.07.2021<\/strong><\/p>\n\n\n\n<p class=\"has-text-align-center\"><strong>\u00dcbung in der Volkschule<\/strong><\/p>\n\n\n\nngg_shortcode_28_placeholder\n<\/div>\n\n\n\n<div class=\"wp-block-column is-layout-flow wp-block-column-is-layout-flow\">\n<p class=\"has-text-align-center has-text-color has-normal-font-size\" style=\"color:#ff0000\"><strong>21.01.2021<\/strong><\/p>\n\n\n\n<p class=\"has-text-align-center\"><strong>Feuerwehrjugend COVID-Impfung<\/strong><\/p>\n\n\n\nngg_shortcode_29_placeholder\n<\/div>\n<\/div>\n\n\n\n<hr class=\"wp-block-separator has-alpha-channel-opacity\"\/>\n\n\n\n<div class=\"wp-block-columns is-layout-flex wp-container-core-columns-is-layout-9d6595d7 wp-block-columns-is-layout-flex\">\n<div class=\"wp-block-column is-layout-flow wp-block-column-is-layout-flow\">\n<h2 class=\"wp-block-heading has-text-align-center has-text-color\" style=\"color:#ff0000\">2020<\/h2>\n<\/div>\n<\/div>\n\n\n\n<div class=\"wp-block-columns is-layout-flex wp-container-core-columns-is-layout-9d6595d7 wp-block-columns-is-layout-flex\">\n<div class=\"wp-block-column is-layout-flow wp-block-column-is-layout-flow\">\n<p class=\"has-text-align-center has-text-color has-normal-font-size\" style=\"color:#ff0000\"><strong>24.12.2020<\/strong><\/p>\n\n\n\n<p class=\"has-text-align-center\"><strong>Feuerwehrjugend Friedenslichtaktion<\/strong><\/p>\n\n\n\nngg_shortcode_30_placeholder\n<\/div>\n\n\n\n<div class=\"wp-block-column is-layout-flow wp-block-column-is-layout-flow\">\n<p class=\"has-text-align-center has-text-color has-normal-font-size\" style=\"color:#ff0000\"><strong>14.12.2020<\/strong><\/p>\n\n\n\n<p class=\"has-text-align-center\"><strong>Massentestungen in Kraubath<\/strong><\/p>\n\n\n\nngg_shortcode_31_placeholder\n<\/div>\n<\/div>\n\n\n\n<hr class=\"wp-block-separator has-alpha-channel-opacity\"\/>\n\n\n\n<div class=\"wp-block-columns is-layout-flex wp-container-core-columns-is-layout-9d6595d7 wp-block-columns-is-layout-flex\">\n<div class=\"wp-block-column is-layout-flow wp-block-column-is-layout-flow\">\n<p class=\"has-text-align-center has-text-color has-normal-font-size\" style=\"color:#ff0000\"><strong>13.12.2020<\/strong><\/p>\n\n\n\n<p class=\"has-text-align-center\"><strong>Jugendf\u00f6rderung durch FELIX Austria &amp; \u00d6BFV<\/strong><\/p>\n\n\n\nngg_shortcode_32_placeholder\n<\/div>\n\n\n\n<div class=\"wp-block-column is-layout-flow wp-block-column-is-layout-flow\">\n<p class=\"has-text-align-center has-text-color has-normal-font-size\" style=\"color:#ff0000\"><strong>27.11.2020<\/strong><\/p>\n\n\n\n<p class=\"has-text-align-center\"><strong>Online-Jugend\u00fcbung der FF-Kaisersberg<\/strong><\/p>\n\n\n\nngg_shortcode_33_placeholder\n<\/div>\n<\/div>\n\n\n\n<hr class=\"wp-block-separator has-alpha-channel-opacity\"\/>\n\n\n\n<div class=\"wp-block-columns is-layout-flex wp-container-core-columns-is-layout-9d6595d7 wp-block-columns-is-layout-flex\">\n<div class=\"wp-block-column is-layout-flow wp-block-column-is-layout-flow\">\n<p class=\"has-text-align-center has-text-color has-normal-font-size\" style=\"color:#ff0000\"><strong>31.10.2020<\/strong><\/p>\n\n\n\n<p class=\"has-text-align-center\"><strong>Spende der Firma LIQUI MOLY<\/strong><\/p>\n\n\n\nngg_shortcode_34_placeholder\n<\/div>\n\n\n\n<div class=\"wp-block-column is-layout-flow wp-block-column-is-layout-flow\">\n<p class=\"has-text-align-center has-text-color has-normal-font-size\" style=\"color:#ff0000\"><strong>12.09.2020<\/strong><\/p>\n\n\n\n<p class=\"has-text-align-center\"><strong>Abschnitts\u00fcbung 2020<\/strong><\/p>\n\n\n\nngg_shortcode_35_placeholder\n<\/div>\n<\/div>\n\n\n\n<hr class=\"wp-block-separator has-alpha-channel-opacity\"\/>\n\n\n\n<div class=\"wp-block-columns is-layout-flex wp-container-core-columns-is-layout-9d6595d7 wp-block-columns-is-layout-flex\">\n<div class=\"wp-block-column is-layout-flow wp-block-column-is-layout-flow\">\n<p class=\"has-text-align-center has-text-color has-normal-font-size\" style=\"color:#ff0000\"><strong>16.09.2020<\/strong><\/p>\n\n\n\n<p class=\"has-text-align-center\"><strong>Wanderausflug nach Tirol an den Achensee<\/strong><\/p>\n\n\n\nngg_shortcode_36_placeholder\n<\/div>\n\n\n\n<div class=\"wp-block-column is-layout-flow wp-block-column-is-layout-flow\">\n<p class=\"has-text-align-center has-text-color has-normal-font-size\" style=\"color:#ff0000\"><strong>22.09.2020<\/strong><\/p>\n\n\n\n<p class=\"has-text-align-center\"><strong>\u00dcbung mit der  FF Kraubath<\/strong><\/p>\n\n\n\nngg_shortcode_37_placeholder\n<\/div>\n<\/div>\n\n\n\n<hr class=\"wp-block-separator has-alpha-channel-opacity\"\/>\n\n\n\n<div class=\"wp-block-columns is-layout-flex wp-container-core-columns-is-layout-9d6595d7 wp-block-columns-is-layout-flex\">\n<div class=\"wp-block-column is-layout-flow wp-block-column-is-layout-flow\">\n<p class=\"has-text-align-center has-text-color has-normal-font-size\" style=\"color:#ff0000\"><strong>07.08.2020<\/strong><\/p>\n\n\n\n<p class=\"has-text-align-center\"><strong>Plan\u00fcbung<\/strong><\/p>\n\n\n\nngg_shortcode_38_placeholder\n<\/div>\n\n\n\n<div class=\"wp-block-column is-layout-flow wp-block-column-is-layout-flow\">\n<p class=\"has-text-align-center has-text-color has-normal-font-size\" style=\"color:#ff0000\"><strong>07.08.2020<\/strong><\/p>\n\n\n\n<p class=\"has-text-align-center\"><strong>Jugend\u00fcbung<\/strong><\/p>\n\n\n\nngg_shortcode_39_placeholder\n<\/div>\n<\/div>\n\n\n\n<hr class=\"wp-block-separator has-alpha-channel-opacity\"\/>\n\n\n\n<div class=\"wp-block-columns is-layout-flex wp-container-core-columns-is-layout-9d6595d7 wp-block-columns-is-layout-flex\">\n<div class=\"wp-block-column is-layout-flow wp-block-column-is-layout-flow\">\n<p class=\"has-text-align-center has-text-color has-normal-font-size\" style=\"color:#ff0000\"><strong>24.07.2020<\/strong><\/p>\n\n\n\n<p class=\"has-text-align-center\"><strong>86. Wehrversammlung<\/strong><\/p>\n\n\n\nngg_shortcode_40_placeholder\n<\/div>\n\n\n\n<div class=\"wp-block-column is-layout-flow wp-block-column-is-layout-flow\"><\/div>\n<\/div>\n","protected":false},"excerpt":{"rendered":"<p>2025 07-06-2025 Bereichsjugendleistungsbewerb in St.Peter\/Freienstein 2024 2023 03-02-2023 Vergleichskampf mit der FW Lobming 28-01-2023 Wintersporttag der Feuerwehrjugend 2022 21-11-2022 Bereichsjugendkegeln 2022 w 28-10-2022 Abschluss\u00fcbung der Gemeinde St. Stefan o.L. 16-08-2022 Jugendausflug 13-08-2022 Bootfahren mit der Feuerwehrjugend 12 u. 15-08-2022 Wanderausflug 05-08-2022 Plan\u00fcbung &#8211; L\u00f6schen von Kleinbr\u00e4nden 17.07.2022 Weiglmoaralm-Gottesdienst 10.07.2022 Landesfeuerwehrjugend-leistungsbewerb in Gnas 07.07.2022 Jugend beim [&hellip;]<\/p>\n","protected":false},"author":1,"featured_media":0,"parent":0,"menu_order":0,"comment_status":"closed","ping_status":"closed","template":"","meta":{"ngg_post_thumbnail":0,"footnotes":""},"class_list":["post-30","page","type-page","status-publish","hentry"],"_links":{"self":[{"href":"https:\/\/ff-kaisersberg.at\/index.php?rest_route=\/wp\/v2\/pages\/30","targetHints":{"allow":["GET"]}}],"collection":[{"href":"https:\/\/ff-kaisersberg.at\/index.php?rest_route=\/wp\/v2\/pages"}],"about":[{"href":"https:\/\/ff-kaisersberg.at\/index.php?rest_route=\/wp\/v2\/types\/page"}],"author":[{"embeddable":true,"href":"https:\/\/ff-kaisersberg.at\/index.php?rest_route=\/wp\/v2\/users\/1"}],"replies":[{"embeddable":true,"href":"https:\/\/ff-kaisersberg.at\/index.php?rest_route=%2Fwp%2Fv2%2Fcomments&post=30"}],"version-history":[{"count":23,"href":"https:\/\/ff-kaisersberg.at\/index.php?rest_route=\/wp\/v2\/pages\/30\/revisions"}],"predecessor-version":[{"id":1890,"href":"https:\/\/ff-kaisersberg.at\/index.php?rest_route=\/wp\/v2\/pages\/30\/revisions\/1890"}],"wp:attachment":[{"href":"https:\/\/ff-kaisersberg.at\/index.php?rest_route=%2Fwp%2Fv2%2Fmedia&parent=30"}],"curies":[{"name":"wp","href":"https:\/\/api.w.org\/{rel}","templated":true}]}}